{"id":61,"date":"2024-05-31T16:15:24","date_gmt":"2024-05-31T14:15:24","guid":{"rendered":"https:\/\/www.les-canoes-du-marais.com\/?page_id=61"},"modified":"2024-09-05T11:38:22","modified_gmt":"2024-09-05T09:38:22","slug":"politique-de-confidentialite","status":"publish","type":"page","link":"https:\/\/www.les-canoes-du-marais.com\/fr\/politique-de-confidentialite\/","title":{"rendered":"POLITIQUE DE CONFIDENTIALIT\u00c9"},"content":{"rendered":"<p>[et_pb_section fb_built=\u00a0\u00bb1&Prime; _builder_version=\u00a0\u00bb4.25.1&Prime; _module_preset=\u00a0\u00bbdefault\u00a0\u00bb global_colors_info=\u00a0\u00bb{}\u00a0\u00bb][et_pb_row _builder_version=\u00a0\u00bb4.25.1&Prime; _module_preset=\u00a0\u00bbdefault\u00a0\u00bb global_colors_info=\u00a0\u00bb{}\u00a0\u00bb][et_pb_column type=\u00a0\u00bb4_4&Prime; _builder_version=\u00a0\u00bb4.25.1&Prime; _module_preset=\u00a0\u00bbdefault\u00a0\u00bb global_colors_info=\u00a0\u00bb{}\u00a0\u00bb][et_pb_text _builder_version=\u00a0\u00bb4.27.0&Prime; _module_preset=\u00a0\u00bbdefault\u00a0\u00bb header_font_size=\u00a0\u00bb35px\u00a0\u00bb header_2_font_size=\u00a0\u00bb24px\u00a0\u00bb header_3_font_size=\u00a0\u00bb20px\u00a0\u00bb hover_enabled=\u00a0\u00bb0&Prime; global_colors_info=\u00a0\u00bb{}\u00a0\u00bb sticky_enabled=\u00a0\u00bb0&Prime;]<\/p>\n<h1><strong>POLITIQUE DE CONFIDENTIALIT\u00c9<\/strong><\/h1>\n<p>&nbsp;<\/p>\n<h2>PROTECTION ET GESTION DES DONN\u00c9ES PERSONNELLES :<o:p><\/o:p><\/h2>\n<p>&nbsp;<\/p>\n<h3>G\u00c9N\u00c9RALIT\u00c9S :<o:p><\/o:p><\/h3>\n<p>La soci\u00e9t\u00e9 LES CANOES DU MARAIS est soucieuse de la protection des donn\u00e9es personnelles. Elle s\u2019engage \u00e0 assurer le meilleur niveau de protection \u00e0 vos donn\u00e9es personnelles en conformit\u00e9 avec la loi Informatique et Libert\u00e9s.<br \/>\nLa pr\u00e9sente Charte de protection des donn\u00e9es d\u00e9crit de quelle mani\u00e8re LES CANOES DU MARAIS, ainsi que l\u2019ensemble des entit\u00e9s appartenant au m\u00eame groupe, traitent vos donn\u00e9es personnelles lorsque vous utilisez notre site internet et nos applications mobiles mis \u00e0 votre disposition.<br \/>\nNotre charte couvre \u00e9galement les autres canaux de collecte de vos donn\u00e9es personnelles, notamment au t\u00e9l\u00e9phone lorsque vous contactez notre service-client ou directement \u00e0 notre agence.<br \/>\nChaque solution ou service traitant vos donn\u00e9es personnelles peut, dans ses propres conditions g\u00e9n\u00e9rales d\u2019utilisation, avoir des r\u00e8gles de confidentialit\u00e9 compl\u00e9mentaires \u00e0 la pr\u00e9sente charte.<br \/>\nPour toute information sur la protection des donn\u00e9es personnelles, vous pouvez \u00e9galement consulter le site de la Commission Informatique et Libert\u00e9 www.cnil.fr.<br \/>\nUtilisateur : Internaute se connectant, utilisant le site surnomm\u00e9\u00a0<a href=\"https:\/\/www.les-canoes-du-marais.com\/\">https:\/\/www.les-canoes-du-marais.com\/<\/a><o:p><\/o:p><\/p>\n<h3><\/h3>\n<h3><\/h3>\n<h3><\/h3>\n<h3>LES DONN\u00c9ES QUE NOUS COLLECTONS :<o:p><\/o:p><\/h3>\n<p>En France, les donn\u00e9es personnelles sont notamment prot\u00e9g\u00e9es par la loi n\u00b0 78-87 du 6 janvier 1978, la loi n\u00b0 2004-801 du 6 ao\u00fbt 2004, l\u2019article L. 226-13 du Code p\u00e9nal et la Directive Europ\u00e9enne du 24 octobre 1995.<br \/>\nSur le site <a href=\"https:\/\/www.les-canoes-du-marais.com\/\">https:\/\/www.les-canoes-du-marais.com\/<\/a>, le propri\u00e9taire du site ne collecte des informations personnelles relatives \u00e0 l\u2019utilisateur que pour le besoin de certains services propos\u00e9s par le site\u00a0<a href=\"https:\/\/www.les-canoes-du-marais.com\/\/\">https:\/\/www.les-canoes-du-marais.com\/<\/a>. L\u2019utilisateur fournit ces informations en toute connaissance de cause, notamment lorsqu\u2019il proc\u00e8de par lui-m\u00eame \u00e0 leur saisie. Il est alors pr\u00e9cis\u00e9 \u00e0 l\u2019utilisateur du site\u00a0<a href=\"https:\/\/www.les-canoes-du-marais.com\/\/\">https:\/\/www.les-canoes-du-marais.com\/<\/a> l\u2019obligation ou non de fournir ces informations.<o:p><\/o:p><\/p>\n<p>Le site <a href=\"https:\/\/www.les-canoes-du-marais.com\/\">https:\/\/www.les-canoes-du-marais.com\/\u00a0<\/a> collecte vos donn\u00e9es personnelles lorsque :<o:p><\/o:p><\/p>\n<p>\u2022 Lors de la navigation sur le site,<br \/>\n\u2022 Lors de la cr\u00e9ation d\u2019un compte,<br \/>\n\u2022 Lors de l\u2019envoi d\u2019un formulaire de contact. Les donn\u00e9es collect\u00e9es peuvent \u00eatre le nom, pr\u00e9nom, adresse, email, t\u00e9l\u00e9phone.<br \/>\n\u2022 Lors de l\u2019inscription \u00e0 la newsletter,<br \/>\n\u2022 Lors de commande en ligne,<br \/>\n\u2022 Lors de paiement en ligne.<o:p><\/o:p><\/p>\n<p><o:p><\/o:p><\/p>\n<h3>CAS PARTICULIER DE LA NEWSLETTER :<o:p><\/o:p><\/h3>\n<p>Les adresses de messagerie recueillies dans le cadre de la liste de diffusion ne sont utilis\u00e9es que pour l\u2019envoi de nos lettres d\u2019information. Vous pourrez \u00e0 tout moment vous d\u00e9sabonner en cliquant simplement sur le lien de d\u00e9sabonnement de chaque courrier envoy\u00e9.<o:p><\/o:p><\/p>\n<p><o:p><\/o:p><\/p>\n<h3>UTILISATION ET TRANSMISSION DE VOS DONN\u00c9ES PERSONNELLES :<o:p><\/o:p><\/h3>\n<p>Aucune information personnelle de l\u2019utilisateur du site <a href=\"https:\/\/www.les-canoes-du-marais.com\/\">https:\/\/www.les-canoes-du-marais.com\/\u00a0<\/a> n\u2019est publi\u00e9e \u00e0 l\u2019insu de l\u2019utilisateur, \u00e9chang\u00e9e, transf\u00e9r\u00e9e, c\u00e9d\u00e9e ou vendue sur un support quelconque \u00e0 des tiers. Seule l\u2019hypoth\u00e8se du rachat du site\u00a0<a href=\"https:\/\/www.les-canoes-du-marais.com\/\">https:\/\/www.les-canoes-du-marais.com\/\u00a0<\/a> permettrait la transmission des dites informations \u00e0 l\u2019\u00e9ventuel acqu\u00e9reur qui serait \u00e0 son tour tenu de la m\u00eame obligation de conservation et de modification des donn\u00e9es vis-\u00e0-vis de l\u2019utilisateur du site <a href=\"https:\/\/www.les-canoes-du-marais.com\/\">https:\/\/www.les-canoes-du-marais.com\/<\/a>.<o:p><\/o:p><\/p>\n<p>Ces donn\u00e9es seront trait\u00e9es de mani\u00e8re automatis\u00e9e ou non par LES CANOES DU MARAIS, responsable de traitement, et sont destin\u00e9es \u00e0 LES CANOES DU MARAIS et ses prestataires (fournisseurs, livreurs, partenaires).<o:p><\/o:p><\/p>\n<p>Le traitement automatis\u00e9 de vos donn\u00e9es personnelles a pour finalit\u00e9 le traitement de votre commande, de vos abonnements \u00e0 nos Newsletters, la cr\u00e9ation et la gestion de votre compte, et plus g\u00e9n\u00e9ralement la gestion de la relation client\u00e8le et commerciale.<o:p><\/o:p><\/p>\n<p>Le renseignement des donn\u00e9es personnelles collect\u00e9es aux fins de vente \u00e0 distance est obligatoire pour la confirmation, et la validation de la commande du client ainsi que son suivi et son exp\u00e9dition. Ces donn\u00e9es peuvent \u00eatre transmises aupr\u00e8s des prestataires de LES CANOES DU MARAIS pour les raisons suivantes :<o:p><\/o:p><\/p>\n<p>\u2022 Dans la seule finalit\u00e9 de la bonne ex\u00e9cution de la commande et notamment de sa livraison, selon les options s\u00e9lectionn\u00e9es par le client lors de la commande (ex : mode et lieu de retrait) ; le cas \u00e9ch\u00e9ant, elles pourront \u00eatre contr\u00f4l\u00e9es lors du retrait ou de la livraison.<br \/>\n\u2022 L\u2019\u00e9tablissement de statistiques<o:p><\/o:p><\/p>\n<p>En utilisant le site <a href=\"https:\/\/www.les-canoes-du-marais.com\/\">https:\/\/www.les-canoes-du-marais.com\/<\/a> et en transmettant vos donn\u00e9es, vous acceptez ces transferts.<o:p><\/o:p><\/p>\n<p><o:p><\/o:p><\/p>\n<h3>LA DUR\u00c9E DE CONSERVATION DE VOS DONN\u00c9ES :<o:p><\/o:p><\/h3>\n<p>Vos donn\u00e9es personnelles sont conserv\u00e9es le temps n\u00e9cessaire \u00e0 l\u2019accomplissement de l\u2019objectif qui \u00e9tait poursuivi lors de leur collecte. Par exemple, lorsque vous achetez un produit en ligne ou en magasin, nous conservons les donn\u00e9es li\u00e9es \u00e0 votre achat, nous permettant ainsi d\u2019ex\u00e9cuter le contrat sp\u00e9cifique que vous avez accept\u00e9 et nous conservons ensuite les donn\u00e9es personnelles pendant une p\u00e9riode nous permettant de traiter ou de r\u00e9pondre \u00e0 des r\u00e9clamations, des demandes d\u2019informations concernant l\u2019achat.<o:p><\/o:p><\/p>\n<p>Vos donn\u00e9es peuvent aussi \u00eatre conserv\u00e9es afin que nous puissions continuer d\u2019am\u00e9liorer votre exp\u00e9rience Client \u00e0 nos c\u00f4t\u00e9s.<o:p><\/o:p><\/p>\n<p>Les donn\u00e9es collect\u00e9es vous concernant seront conserv\u00e9es pour la dur\u00e9e n\u00e9cessaire \u00e0 l\u2019accomplissement des finalit\u00e9s d\u00e9crites pr\u00e9c\u00e9demment, \u00e0 savoir 3 ans \u00e0 compter de la date de fin des relations commerciales, c\u2019est-\u00e0-dire, la date de dernier contact \u00e9manant du Client.<br \/>\nLes donn\u00e9es personnelles qui vous concernent peuvent \u00e9galement \u00eatre conserv\u00e9es plus longtemps au titre d\u2019obligations l\u00e9gales sp\u00e9cifiques ou au regard des d\u00e9lais de prescription l\u00e9gale applicables, \u00e0 titre d\u2019exemples :<o:p><\/o:p><\/p>\n<p>\u2022 13 mois pour les cookies \u00e0 compter de leur d\u00e9p\u00f4t sur votre ordinateur ou terminal,<br \/>\n\u2022 3 ans pour les donn\u00e9es d\u2019identification des clients (nom, pr\u00e9nom, adresse \u00e9lectronique, num\u00e9ro de t\u00e9l\u00e9phone\u2026) apr\u00e8s la fin des relations commerciales.<br \/>\n\u2022 6 ans pour les documents fiscaux,<br \/>\n\u2022 10 ans pour les pi\u00e8ces comptables,<br \/>\n\u2022 Le cas \u00e9ch\u00e9ant, toute la dur\u00e9e des contentieux et jusqu\u2019\u00e0 \u00e9puisement des voies de recours.<o:p><\/o:p><\/p>\n<p>&nbsp;<\/p>\n<h3>EXERCICE DE VOS DROITS :<o:p><\/o:p><\/h3>\n<p>Conform\u00e9ment \u00e0 la loi \u00ab Informatique et Libert\u00e9 \u00bb du 6 janvier 1978 vous disposez des droits permanents indiqu\u00e9 ci-dessous :<o:p><\/o:p><\/p>\n<p>\u2022 Vous avez le droit de demander l\u2019acc\u00e8s et la rectification de vos Donn\u00e9es.<br \/>\n\u2022 Vous avez le droit de demander la limitation du traitement de vos Donn\u00e9es.<br \/>\n\u2022 Vous avez le droit de demander la suppression de vos Donn\u00e9es.<br \/>\n\u2022 Vous avez le droit \u00e0 la portabilit\u00e9 de vos Donn\u00e9es (possibilit\u00e9 de r\u00e9cup\u00e9rer une partie de vos donn\u00e9es dans un format ouvert et lisible par machine).<o:p><\/o:p><\/p>\n<p>De mani\u00e8re g\u00e9n\u00e9rale, pour exercer vos droits, veuillez adresser votre demande (en indiquant votre adresse \u00e9lectronique, nom, pr\u00e9nom, adresse postale et une copie de votre pi\u00e8ce d\u2019identit\u00e9 par email envoy\u00e9 \u00e0 lescanoesdumarais@gmail.com et\/ou par courrier postal \u00e0 l\u2019adresse suivante :<o:p><\/o:p><\/p>\n<p>LES CANOES DU MARAIS<br \/>\n1250 route des Sables 85800 Givrand<\/p>\n<p><o:p><\/o:p><\/p>\n<p>Toute demande devra \u00eatre accompagn\u00e9e d\u2019un justificatif d\u2019identit\u00e9. Notez que vous pouvez directement consulter, modifier voire supprimer vos donn\u00e9es personnelles sur notre site en acc\u00e9dant \u00e0 votre espace personnel, le cas \u00e9ch\u00e9ant.<o:p><\/o:p><\/p>\n<p>Pour toute information compl\u00e9mentaire sur vos droits, vous pouvez consulter le site de la CNIL.<br \/>\nNous vous adresserons une r\u00e9ponse dans un d\u00e9lai de 2 mois maximum suivant la date de r\u00e9ception de votre demande.<o:p><\/o:p><\/p>\n<p>&nbsp;<\/p>\n<h3>PROC\u00c9DURE EN CAS DE PERTES DE DONN\u00c9ES PERSONNELLES :<o:p><\/o:p><\/h3>\n<p>En cas de fuite de donn\u00e9es personnelle L\u2019entreprise LES CANOES DU MARAIS s\u2019engage \u00e0 notifier la violation aupr\u00e8s de la CNIL ainsi que de tout utilisateur dont les donn\u00e9es personnelles auraient \u00e9t\u00e9 corrompues dans les meilleurs d\u00e9lais possibles, et ensuite pouvoir essayer de rem\u00e9dier \u00e0 la violation et en att\u00e9nuer les \u00e9ventuelles cons\u00e9quences.<o:p><\/o:p><\/p>\n<p>**********************<o:p><\/o:p><\/p>\n<p>Sauf opposition de votre part, vous pourrez recevoir, par voie postale, des informations commerciales de la part de LES CANOES DU MARAIS ou de soci\u00e9t\u00e9 tierces partenaires. Par ailleurs, si vous avez coch\u00e9 la case pr\u00e9vue \u00e0 cet effet, vous pourrez \u00e9galement recevoir des informations, par voie \u00e9lectronique, de la part de ces partenaires.<o:p><\/o:p><\/p>\n<p>LES CANOES DU MARAIS pourra \u00e9galement vous envoyer des offres ou des courriers par voie \u00e9lectronique en lien avec vos achats ant\u00e9rieurs, sauf si vous vous y opposez.<o:p><\/o:p><\/p>\n<p>Les donn\u00e9es collect\u00e9es par LES CANOES DU MARAIS aupr\u00e8s de ses clients dans le cadre d\u2019une commande sont susceptibles d\u2019\u00eatre communiqu\u00e9es \u00e0 un partenaire \u00e0 des fins d\u2019analyse purement statistique. Ceci est sans incidence sur la r\u00e9alisation de la transaction. Les donn\u00e9es sont communiqu\u00e9es dans le strict respect des dispositions de la loi du 6 janvier 1978 modifi\u00e9e en ao\u00fbt 2004.[\/et_pb_text][\/et_pb_column][\/et_pb_row][\/et_pb_section]<\/p>\n","protected":false},"excerpt":{"rendered":"<p>POLITIQUE DE CONFIDENTIALIT\u00c9 &nbsp; PROTECTION ET GESTION DES DONN\u00c9ES PERSONNELLES : &nbsp; G\u00c9N\u00c9RALIT\u00c9S : La soci\u00e9t\u00e9 LES CANOES DU MARAIS est soucieuse de la protection des donn\u00e9es personnelles. Elle s\u2019engage \u00e0 assurer le meilleur niveau de protection \u00e0 vos donn\u00e9es personnelles en conformit\u00e9 avec la loi Informatique et Libert\u00e9s. La pr\u00e9sente Charte de protection des [&hellip;]<\/p>\n","protected":false},"author":1,"featured_media":0,"parent":0,"menu_order":0,"comment_status":"closed","ping_status":"closed","template":"","meta":{"_et_pb_use_builder":"on","_et_pb_old_content":"<!-- wp:divi\/placeholder \/-->","_et_gb_content_width":"","_analytify_skip_tracking":false,"footnotes":""},"class_list":["post-61","page","type-page","status-publish","hentry"],"yoast_head":"<!-- This site is optimized with the Yoast SEO plugin v27.2 - https:\/\/yoast.com\/product\/yoast-seo-wordpress\/ -->\n<title>POLITIQUE DE CONFIDENTIALIT\u00c9 - LES CANOES DU MARAIS<\/title>\n<meta name=\"robots\" content=\"index, follow, max-snippet:-1, max-image-preview:large, max-video-preview:-1\" \/>\n<link rel=\"canonical\" href=\"https:\/\/www.les-canoes-du-marais.com\/fr\/politique-de-confidentialite\/\" \/>\n<meta property=\"og:locale\" content=\"fr_FR\" \/>\n<meta property=\"og:type\" content=\"article\" \/>\n<meta property=\"og:title\" content=\"POLITIQUE DE CONFIDENTIALIT\u00c9 - LES CANOES DU MARAIS\" \/>\n<meta property=\"og:description\" content=\"POLITIQUE DE CONFIDENTIALIT\u00c9 &nbsp; PROTECTION ET GESTION DES DONN\u00c9ES PERSONNELLES : &nbsp; G\u00c9N\u00c9RALIT\u00c9S : La soci\u00e9t\u00e9 LES CANOES DU MARAIS est soucieuse de la protection des donn\u00e9es personnelles. Elle s\u2019engage \u00e0 assurer le meilleur niveau de protection \u00e0 vos donn\u00e9es personnelles en conformit\u00e9 avec la loi Informatique et Libert\u00e9s. La pr\u00e9sente Charte de protection des [&hellip;]\" \/>\n<meta property=\"og:url\" content=\"https:\/\/www.les-canoes-du-marais.com\/fr\/politique-de-confidentialite\/\" \/>\n<meta property=\"og:site_name\" content=\"LES CANOES DU MARAIS\" \/>\n<meta property=\"article:publisher\" content=\"https:\/\/www.facebook.com\/CanoesduMarais\/\" \/>\n<meta property=\"article:modified_time\" content=\"2024-09-05T09:38:22+00:00\" \/>\n<meta property=\"og:image\" content=\"https:\/\/www.les-canoes-du-marais.com\/wp-content\/uploads\/2026\/02\/LOGO-LES-CANOE-DU-MARAIS.png\" \/>\n\t<meta property=\"og:image:width\" content=\"974\" \/>\n\t<meta property=\"og:image:height\" content=\"505\" \/>\n\t<meta property=\"og:image:type\" content=\"image\/png\" \/>\n<meta name=\"twitter:card\" content=\"summary_large_image\" \/>\n<script type=\"application\/ld+json\" class=\"yoast-schema-graph\">{\"@context\":\"https:\/\/schema.org\",\"@graph\":[{\"@type\":\"WebPage\",\"@id\":\"https:\/\/www.les-canoes-du-marais.com\/fr\/politique-de-confidentialite\/\",\"url\":\"https:\/\/www.les-canoes-du-marais.com\/fr\/politique-de-confidentialite\/\",\"name\":\"POLITIQUE DE CONFIDENTIALIT\u00c9 - LES CANOES DU MARAIS\",\"isPartOf\":{\"@id\":\"https:\/\/www.les-canoes-du-marais.com\/fr\/#website\"},\"datePublished\":\"2024-05-31T14:15:24+00:00\",\"dateModified\":\"2024-09-05T09:38:22+00:00\",\"breadcrumb\":{\"@id\":\"https:\/\/www.les-canoes-du-marais.com\/fr\/politique-de-confidentialite\/#breadcrumb\"},\"inLanguage\":\"fr-FR\",\"potentialAction\":[{\"@type\":\"ReadAction\",\"target\":[\"https:\/\/www.les-canoes-du-marais.com\/fr\/politique-de-confidentialite\/\"]}]},{\"@type\":\"BreadcrumbList\",\"@id\":\"https:\/\/www.les-canoes-du-marais.com\/fr\/politique-de-confidentialite\/#breadcrumb\",\"itemListElement\":[{\"@type\":\"ListItem\",\"position\":1,\"name\":\"Accueil\",\"item\":\"https:\/\/www.les-canoes-du-marais.com\/fr\/\"},{\"@type\":\"ListItem\",\"position\":2,\"name\":\"POLITIQUE DE CONFIDENTIALIT\u00c9\"}]},{\"@type\":\"WebSite\",\"@id\":\"https:\/\/www.les-canoes-du-marais.com\/fr\/#website\",\"url\":\"https:\/\/www.les-canoes-du-marais.com\/fr\/\",\"name\":\"LES CANOES DU MARAIS\",\"description\":\"PLONGEZ AU COEUR DE LA NATURE ENTRE TERRE ET MER\",\"publisher\":{\"@id\":\"https:\/\/www.les-canoes-du-marais.com\/fr\/#organization\"},\"potentialAction\":[{\"@type\":\"SearchAction\",\"target\":{\"@type\":\"EntryPoint\",\"urlTemplate\":\"https:\/\/www.les-canoes-du-marais.com\/fr\/?s={search_term_string}\"},\"query-input\":{\"@type\":\"PropertyValueSpecification\",\"valueRequired\":true,\"valueName\":\"search_term_string\"}}],\"inLanguage\":\"fr-FR\"},{\"@type\":\"Organization\",\"@id\":\"https:\/\/www.les-canoes-du-marais.com\/fr\/#organization\",\"name\":\"LES CANOES DU MARAIS\",\"url\":\"https:\/\/www.les-canoes-du-marais.com\/fr\/\",\"logo\":{\"@type\":\"ImageObject\",\"inLanguage\":\"fr-FR\",\"@id\":\"https:\/\/www.les-canoes-du-marais.com\/fr\/#\/schema\/logo\/image\/\",\"url\":\"\",\"contentUrl\":\"\",\"caption\":\"LES CANOES DU MARAIS\"},\"image\":{\"@id\":\"https:\/\/www.les-canoes-du-marais.com\/fr\/#\/schema\/logo\/image\/\"},\"sameAs\":[\"https:\/\/www.facebook.com\/CanoesduMarais\/\",\"https:\/\/www.instagram.com\/lescanoesdumarais\/?hl=fr\"]}]}<\/script>\n<!-- \/ Yoast SEO plugin. -->","yoast_head_json":{"title":"POLITIQUE DE CONFIDENTIALIT\u00c9 - LES CANOES DU MARAIS","robots":{"index":"index","follow":"follow","max-snippet":"max-snippet:-1","max-image-preview":"max-image-preview:large","max-video-preview":"max-video-preview:-1"},"canonical":"https:\/\/www.les-canoes-du-marais.com\/fr\/politique-de-confidentialite\/","og_locale":"fr_FR","og_type":"article","og_title":"POLITIQUE DE CONFIDENTIALIT\u00c9 - LES CANOES DU MARAIS","og_description":"POLITIQUE DE CONFIDENTIALIT\u00c9 &nbsp; PROTECTION ET GESTION DES DONN\u00c9ES PERSONNELLES : &nbsp; G\u00c9N\u00c9RALIT\u00c9S : La soci\u00e9t\u00e9 LES CANOES DU MARAIS est soucieuse de la protection des donn\u00e9es personnelles. Elle s\u2019engage \u00e0 assurer le meilleur niveau de protection \u00e0 vos donn\u00e9es personnelles en conformit\u00e9 avec la loi Informatique et Libert\u00e9s. La pr\u00e9sente Charte de protection des [&hellip;]","og_url":"https:\/\/www.les-canoes-du-marais.com\/fr\/politique-de-confidentialite\/","og_site_name":"LES CANOES DU MARAIS","article_publisher":"https:\/\/www.facebook.com\/CanoesduMarais\/","article_modified_time":"2024-09-05T09:38:22+00:00","og_image":[{"width":974,"height":505,"url":"https:\/\/www.les-canoes-du-marais.com\/wp-content\/uploads\/2026\/02\/LOGO-LES-CANOE-DU-MARAIS.png","type":"image\/png"}],"twitter_card":"summary_large_image","schema":{"@context":"https:\/\/schema.org","@graph":[{"@type":"WebPage","@id":"https:\/\/www.les-canoes-du-marais.com\/fr\/politique-de-confidentialite\/","url":"https:\/\/www.les-canoes-du-marais.com\/fr\/politique-de-confidentialite\/","name":"POLITIQUE DE CONFIDENTIALIT\u00c9 - LES CANOES DU MARAIS","isPartOf":{"@id":"https:\/\/www.les-canoes-du-marais.com\/fr\/#website"},"datePublished":"2024-05-31T14:15:24+00:00","dateModified":"2024-09-05T09:38:22+00:00","breadcrumb":{"@id":"https:\/\/www.les-canoes-du-marais.com\/fr\/politique-de-confidentialite\/#breadcrumb"},"inLanguage":"fr-FR","potentialAction":[{"@type":"ReadAction","target":["https:\/\/www.les-canoes-du-marais.com\/fr\/politique-de-confidentialite\/"]}]},{"@type":"BreadcrumbList","@id":"https:\/\/www.les-canoes-du-marais.com\/fr\/politique-de-confidentialite\/#breadcrumb","itemListElement":[{"@type":"ListItem","position":1,"name":"Accueil","item":"https:\/\/www.les-canoes-du-marais.com\/fr\/"},{"@type":"ListItem","position":2,"name":"POLITIQUE DE CONFIDENTIALIT\u00c9"}]},{"@type":"WebSite","@id":"https:\/\/www.les-canoes-du-marais.com\/fr\/#website","url":"https:\/\/www.les-canoes-du-marais.com\/fr\/","name":"LES CANOES DU MARAIS","description":"PLONGEZ AU COEUR DE LA NATURE ENTRE TERRE ET MER","publisher":{"@id":"https:\/\/www.les-canoes-du-marais.com\/fr\/#organization"},"potentialAction":[{"@type":"SearchAction","target":{"@type":"EntryPoint","urlTemplate":"https:\/\/www.les-canoes-du-marais.com\/fr\/?s={search_term_string}"},"query-input":{"@type":"PropertyValueSpecification","valueRequired":true,"valueName":"search_term_string"}}],"inLanguage":"fr-FR"},{"@type":"Organization","@id":"https:\/\/www.les-canoes-du-marais.com\/fr\/#organization","name":"LES CANOES DU MARAIS","url":"https:\/\/www.les-canoes-du-marais.com\/fr\/","logo":{"@type":"ImageObject","inLanguage":"fr-FR","@id":"https:\/\/www.les-canoes-du-marais.com\/fr\/#\/schema\/logo\/image\/","url":"","contentUrl":"","caption":"LES CANOES DU MARAIS"},"image":{"@id":"https:\/\/www.les-canoes-du-marais.com\/fr\/#\/schema\/logo\/image\/"},"sameAs":["https:\/\/www.facebook.com\/CanoesduMarais\/","https:\/\/www.instagram.com\/lescanoesdumarais\/?hl=fr"]}]}},"_links":{"self":[{"href":"https:\/\/www.les-canoes-du-marais.com\/fr\/wp-json\/wp\/v2\/pages\/61","targetHints":{"allow":["GET"]}}],"collection":[{"href":"https:\/\/www.les-canoes-du-marais.com\/fr\/wp-json\/wp\/v2\/pages"}],"about":[{"href":"https:\/\/www.les-canoes-du-marais.com\/fr\/wp-json\/wp\/v2\/types\/page"}],"author":[{"embeddable":true,"href":"https:\/\/www.les-canoes-du-marais.com\/fr\/wp-json\/wp\/v2\/users\/1"}],"replies":[{"embeddable":true,"href":"https:\/\/www.les-canoes-du-marais.com\/fr\/wp-json\/wp\/v2\/comments?post=61"}],"version-history":[{"count":8,"href":"https:\/\/www.les-canoes-du-marais.com\/fr\/wp-json\/wp\/v2\/pages\/61\/revisions"}],"predecessor-version":[{"id":1051,"href":"https:\/\/www.les-canoes-du-marais.com\/fr\/wp-json\/wp\/v2\/pages\/61\/revisions\/1051"}],"wp:attachment":[{"href":"https:\/\/www.les-canoes-du-marais.com\/fr\/wp-json\/wp\/v2\/media?parent=61"}],"curies":[{"name":"wp","href":"https:\/\/api.w.org\/{rel}","templated":true}]}}