{"id":51,"date":"2024-05-31T15:57:23","date_gmt":"2024-05-31T13:57:23","guid":{"rendered":"https:\/\/www.les-canoes-du-marais.com\/?page_id=51"},"modified":"2025-02-27T14:59:20","modified_gmt":"2025-02-27T13:59:20","slug":"galerie-photos","status":"publish","type":"page","link":"https:\/\/www.les-canoes-du-marais.com\/fr\/galerie-photos\/","title":{"rendered":"GALERIE PHOTOS"},"content":{"rendered":"<p>[et_pb_section fb_built=\u00a0\u00bb1&Prime; _builder_version=\u00a0\u00bb4.25.1&Prime; _module_preset=\u00a0\u00bbdefault\u00a0\u00bb background_image=\u00a0\u00bbhttps:\/\/www.les-canoes-du-marais.com\/wp-content\/uploads\/2024\/06\/canoe-marais-givrand-vendee.jpg\u00a0\u00bb background_enable_video_mp4=\u00a0\u00bboff\u00a0\u00bb custom_padding=\u00a0\u00bb0px||0px||true|false\u00a0\u00bb global_colors_info=\u00a0\u00bb{}\u00a0\u00bb][et_pb_row custom_padding_last_edited=\u00a0\u00bbon|phone\u00a0\u00bb _builder_version=\u00a0\u00bb4.25.1&Prime; _module_preset=\u00a0\u00bbdefault\u00a0\u00bb use_background_color_gradient=\u00a0\u00bbon\u00a0\u00bb background_color_gradient_stops=\u00a0\u00bbrgba(0,43,43,0.5) 0%|rgba(255,255,255,0) 100%\u00a0\u00bb width=\u00a0\u00bb100%\u00a0\u00bb max_width=\u00a0\u00bb100%\u00a0\u00bb custom_padding=\u00a0\u00bb14vw||6vw||false|false\u00a0\u00bb custom_padding_tablet=\u00a0\u00bb16vw||6vw||false|false\u00a0\u00bb custom_padding_phone=\u00a0\u00bb24vw||||false|false\u00a0\u00bb global_colors_info=\u00a0\u00bb{}\u00a0\u00bb][et_pb_column type=\u00a0\u00bb4_4&Prime; _builder_version=\u00a0\u00bb4.25.1&Prime; _module_preset=\u00a0\u00bbdefault\u00a0\u00bb global_colors_info=\u00a0\u00bb{}\u00a0\u00bb][et_pb_text _builder_version=\u00a0\u00bb4.25.1&Prime; _module_preset=\u00a0\u00bbdefault\u00a0\u00bb header_font=\u00a0\u00bbpluto-cond|700|||||||\u00a0\u00bb header_text_align=\u00a0\u00bbcenter\u00a0\u00bb header_text_color=\u00a0\u00bb#FFFFFF\u00a0\u00bb header_font_size=\u00a0\u00bb36px\u00a0\u00bb background_color=\u00a0\u00bbRGBA(35,185,211,0.5)\u00a0\u00bb custom_margin=\u00a0\u00bb||40px||false|false\u00a0\u00bb custom_margin_tablet=\u00a0\u00bb||40px||false|false\u00a0\u00bb custom_margin_phone=\u00a0\u00bb||20px||false|false\u00a0\u00bb custom_margin_last_edited=\u00a0\u00bbon|phone\u00a0\u00bb custom_padding=\u00a0\u00bb14px||6px||false|false\u00a0\u00bb custom_padding_tablet=\u00a0\u00bb14px||6px||false|false\u00a0\u00bb custom_padding_phone=\u00a0\u00bb10px||0px||false|false\u00a0\u00bb custom_padding_last_edited=\u00a0\u00bbon|phone\u00a0\u00bb header_font_size_tablet=\u00a0\u00bb30px\u00a0\u00bb header_font_size_phone=\u00a0\u00bb15px\u00a0\u00bb header_font_size_last_edited=\u00a0\u00bbon|phone\u00a0\u00bb global_colors_info=\u00a0\u00bb{}\u00a0\u00bb]<\/p>\n<h1>La galerie photos des Cano\u00ebs du Marais<\/h1>\n<p>[\/et_pb_text][et_pb_button button_text=\u00a0\u00bbJe souhaite plus d&rsquo;infos\u00a0\u00bb button_alignment=\u00a0\u00bbcenter\u00a0\u00bb button_text_tablet=\u00a0\u00bbJe souhaite plus d&rsquo;infos\u00a0\u00bb button_text_phone=\u00a0\u00bb+ d&rsquo;infos\u00a0\u00bb button_text_last_edited=\u00a0\u00bbon|phone\u00a0\u00bb disabled_on=\u00a0\u00bbon|on|on\u00a0\u00bb _builder_version=\u00a0\u00bb4.25.1&Prime; _module_preset=\u00a0\u00bbdefault\u00a0\u00bb custom_button=\u00a0\u00bbon\u00a0\u00bb button_icon=\u00a0\u00bb&#x45;||divi||400&Prime; button_icon_color=\u00a0\u00bb#FFFFFF\u00a0\u00bb custom_margin=\u00a0\u00bb||||false|false\u00a0\u00bb custom_padding=\u00a0\u00bb10px|40px|10px|40px|true|true\u00a0\u00bb custom_padding_tablet=\u00a0\u00bb10px|40px|10px|40px|true|true\u00a0\u00bb custom_padding_phone=\u00a0\u00bb8px|28px|8px|28px|true|true\u00a0\u00bb custom_padding_last_edited=\u00a0\u00bbon|desktop\u00a0\u00bb animation_style=\u00a0\u00bbbounce\u00a0\u00bb animation_duration=\u00a0\u00bb1400ms\u00a0\u00bb animation_delay=\u00a0\u00bb1000ms\u00a0\u00bb button_text_size_tablet=\u00a0\u00bb16px\u00a0\u00bb button_text_size_phone=\u00a0\u00bb14px\u00a0\u00bb button_text_size_last_edited=\u00a0\u00bbon|phone\u00a0\u00bb box_shadow_style=\u00a0\u00bbpreset2&Prime; box_shadow_color=\u00a0\u00bbrgba(0,43,43,0.5)\u00a0\u00bb disabled=\u00a0\u00bbon\u00a0\u00bb global_colors_info=\u00a0\u00bb{}\u00a0\u00bb custom_padding__hover_enabled=\u00a0\u00bbon|hover\u00a0\u00bb custom_padding__hover=\u00a0\u00bb|60px|||true|false\u00a0\u00bb][\/et_pb_button][\/et_pb_column][\/et_pb_row][\/et_pb_section][et_pb_section fb_built=\u00a0\u00bb1&Prime; _builder_version=\u00a0\u00bb4.25.1&Prime; _module_preset=\u00a0\u00bbdefault\u00a0\u00bb background_color=\u00a0\u00bb#FFFFFF\u00a0\u00bb custom_padding=\u00a0\u00bb||0px||false|false\u00a0\u00bb global_colors_info=\u00a0\u00bb{}\u00a0\u00bb][et_pb_row custom_padding_last_edited=\u00a0\u00bbon|phone\u00a0\u00bb _builder_version=\u00a0\u00bb4.25.1&Prime; _module_preset=\u00a0\u00bbdefault\u00a0\u00bb custom_padding=\u00a0\u00bb||||false|false\u00a0\u00bb custom_padding_tablet=\u00a0\u00bb||||false|false\u00a0\u00bb custom_padding_phone=\u00a0\u00bb0px||0px||false|false\u00a0\u00bb global_colors_info=\u00a0\u00bb{}\u00a0\u00bb][et_pb_column type=\u00a0\u00bb4_4&Prime; _builder_version=\u00a0\u00bb4.25.1&Prime; _module_preset=\u00a0\u00bbdefault\u00a0\u00bb global_colors_info=\u00a0\u00bb{}\u00a0\u00bb][et_pb_text _builder_version=\u00a0\u00bb4.27.0&Prime; _module_preset=\u00a0\u00bbdefault\u00a0\u00bb text_font=\u00a0\u00bb&#8211;et_global_body_font||||||||\u00a0\u00bb text_text_color=\u00a0\u00bb#002B2B\u00a0\u00bb header_2_text_align=\u00a0\u00bbcenter\u00a0\u00bb header_2_text_color=\u00a0\u00bb#FB0384&Prime; header_2_font_size=\u00a0\u00bb36px\u00a0\u00bb text_orientation=\u00a0\u00bbcenter\u00a0\u00bb custom_margin=\u00a0\u00bb||||false|false\u00a0\u00bb hover_enabled=\u00a0\u00bb0&Prime; text_font_size_tablet=\u00a0\u00bb12px\u00a0\u00bb text_font_size_phone=\u00a0\u00bb10px\u00a0\u00bb text_font_size_last_edited=\u00a0\u00bbon|phone\u00a0\u00bb text_line_height_tablet=\u00a0\u00bb1.6em\u00a0\u00bb text_line_height_phone=\u00a0\u00bb1.4em\u00a0\u00bb text_line_height_last_edited=\u00a0\u00bbon|phone\u00a0\u00bb header_font_size_tablet=\u00a0\u00bb\u00a0\u00bb header_font_size_phone=\u00a0\u00bb22px\u00a0\u00bb header_font_size_last_edited=\u00a0\u00bbon|phone\u00a0\u00bb header_2_font_tablet=\u00a0\u00bb\u00a0\u00bb header_2_font_phone=\u00a0\u00bb\u00a0\u00bb header_2_font_last_edited=\u00a0\u00bbon|phone\u00a0\u00bb header_2_font_size_tablet=\u00a0\u00bb33px\u00a0\u00bb header_2_font_size_phone=\u00a0\u00bb22px\u00a0\u00bb header_2_font_size_last_edited=\u00a0\u00bbon|tablet\u00a0\u00bb global_colors_info=\u00a0\u00bb{}\u00a0\u00bb sticky_enabled=\u00a0\u00bb0&Prime;]<\/p>\n<h2>Profitez d&rsquo;une activit\u00e9 calme en famille ou entre amis<\/h2>\n<p style=\"font-weight: 400;\">D\u00e9couvrez ci-dessous notre galerie photo. Depuis notre base nautique ou sur la rivi\u00e8re du Jaunay \u00e0 bord de nos cano\u00ebs, kayaks, p\u00e9dalos ou paddles. Nous proposons \u00e9galement quelques soir\u00e9es musicales au bord de l&rsquo;eau, n&rsquo;h\u00e9sitez pas \u00e0 suivre notre actualit\u00e9 !<\/p>\n<p>[\/et_pb_text][et_pb_code _builder_version=\u00a0\u00bb4.25.1&Prime; _module_preset=\u00a0\u00bbdefault\u00a0\u00bb global_colors_info=\u00a0\u00bb{}\u00a0\u00bb]\t<!-- CSS Part Start From Here-->\r\n\t<style>\r\n\t\t\r\n\t\t.portfolio-wraper {\r\n\t\t\t\t\t\tmargin-bottom:20px;\r\n\t\t}\r\n\t\t.pfg-bootstrap .img-fluid {\r\n\t\t  max-width: 100%;\r\n\t\t  height: auto;\r\n\t\t}\r\n\r\n\t\t.pfg-bootstrap .img-thumbnail {\r\n\t\t  padding: 0.25rem;\r\n\t\t  background-color: #fff;\r\n\r\n\t\t  \t\t  max-width: 100%;\r\n\t\t  height: auto;\r\n\t\t}\r\n\t\t.pfg-bootstrap .img-circle {\r\n\t\t  border-radius: 50%;\r\n\t\t}\r\n\t\t.pfg-bootstrap img {\r\n\t\t -moz-transition: all .2s ease-in-out;\r\n\t\t  -webkit-transition: all .2s ease-in-out;\r\n\t\t  -ms-transition: all .2s ease-in-out;\r\n\t\t  -o-transition: all .2s ease-in-out;\r\n\t\t  transition: all .2s ease-in-out;\r\n\t\t}\r\n\t\t.pfg-bootstrap .thumbnail {\r\n\t\t  display: block;\r\n\t\t  padding: 4px;\r\n\t\t  \/*margin-bottom: 20px;*\/\r\n\t\t  line-height: 1.42857143;\r\n\t\t  background-color: #fff;\r\n\t\t  border: 1px solid #ddd;\r\n\t\t  border-radius: 4px;\r\n\t\t  -webkit-transition: border .2s ease-in-out;\r\n\t\t\t   -o-transition: border .2s ease-in-out;\r\n\t\t\t\t  transition: border .2s ease-in-out;\r\n\t\t}\r\n\t\t.pfg-bootstrap .thumbnail > img,\r\n\t\t.pfg-bootstrap .thumbnail a > img {\r\n\t\t  margin-right: auto;\r\n\t\t  margin-left: auto;\r\n\t\t}\r\n\t\t.pfg-bootstrap a.thumbnail:hover,\r\n\t\t.pfg-bootstrap a.thumbnail:focus,\r\n\t\t.pfg-bootstrap a.thumbnail.active {\r\n\t\t  border-color: #337ab7;\r\n\t\t}\r\n\t\t.pfg-bootstrap .thumbnail .caption {\r\n\t\t  padding: 9px;\r\n\t\t  color: #333;\r\n\t\t}\r\n\r\n\t\tfigure {\r\n\t\t  margin: 0;\r\n\t\t}\r\n\t\timg {\r\n\t\t  vertical-align: middle;\r\n\t\t}\r\n\t\t.pfg-bootstrap .img-responsive,\r\n\t\t.pfg-bootstrap .thumbnail > img,\r\n\t\t.pfg-bootstrap .thumbnail a > img,\r\n\t\t.pfg-bootstrap .carousel-inner > .item > img,\r\n\t\t.pfg-bootstrap .carousel-inner > .item > a > img {\r\n\t\t  display: block;\r\n\t\t  max-width: 100%;\r\n\t\t  height: auto;\r\n\t\t}\r\n\t\t.pfg-bootstrap .img-rounded {\r\n\t\t  border-radius: 6px;\r\n\t\t}\r\n\t\t\r\n\t\t\t\t\tspan.item_desc_382{\r\n\t\t\t\tdisplay:none !important;\r\n\t\t\t}\r\n\t\t\t\tli#all {\r\n\t\t\tmargin: 0;\r\n\t\t}\r\n\t\t\r\n\t\t.simplefilter li {\r\n\t\t\tmargin-top: 5px;\r\n\t\t}\r\n\t\t\r\n\t\t.filtr-search {\r\n\t\t\tmargin-top:10px !important;\r\n\t\t\twidth:200px !important;\r\n\t\t\tmargin-bottom: 20px;\r\n\t\t}\r\n\t\t#all-simplefilter {\r\n\t\t\tdisplay:inline;\r\n\t\t\tpadding-left: 0px !important;\r\n\t\t}\r\n\t\t#f-simplefilter-382 {\r\n\t\t\tdisplay:inline;\r\n\t\t\tpadding-left: 0px !important;\r\n\t\t}\r\n\t\tbutton:hover {\r\n\t\t\tbackground-color: unset !important;\r\n\t\t}\r\n\t\t\r\n\t\t\t\t\r\n\t\t@keyframes .YouTubePopUp-Content  {\r\n\t\t\tfrom {\r\n\t\t\t\ttransform: translate3d(0, 100%, 0);\r\n\t\t\t\tvisibility: visible;\r\n\t\t\t}\r\n\r\n\t\t\tto {\r\n\t\t\t\ttransform: translate3d(0, 0, 0);\r\n\t\t\t}\r\n\t\t}\r\n\r\n\t\t.YouTubePopUp-Content  {\r\n\t\t\tanimation-name: .YouTubePopUp-Content ;\r\n\t\t}\r\n\r\n\t\t.YouTubePopUp-Close { \r\n\t\t\tbackground:url(https:\/\/www.les-canoes-du-marais.com\/wp-content\/plugins\/portfolio-filter-gallery\/\/img\/close-icon-white.png) no-repeat;\r\n\t\t\tbackground-size:50px 50px;\r\n\t\t\t-webkit-background-size:70px 50px;\r\n\t\t\t-moz-background-size:70px 50px;\r\n\t\t\t-o-background-size:70px 50px;\r\n\t\t}\r\n\t\tul.simplefilter {\r\n\t\t\tmargin-left: 0 !important;\r\n\t\t}\r\n\t\t.pfg_img_382 {\r\n\t\t\twidth: 100% !important;\r\n\t\t\theight: 100% !important;\r\n\t\t}\r\n\t\t.filter_gallery_382 > a {\r\n\t\t\tposition: initial !important;\r\n\t\t}\r\n\t\t.thumbnail_382 {\r\n\t\t\twidth:100% !important;\r\n\t\t\theight:auto;\r\n\t\t\tmargin-bottom: 0px !important;\r\n\t\t\t\r\n\t\t}\r\n\t\t.filtr-item {\r\n\t\t\tpadding-right:7px !important;\r\n\t\t\tpadding-left:7px !important;\r\n\t\t\tpadding-top:7px !important;\r\n\t\t\tpadding-bottom:7px !important;\r\n\t\t}\r\n\t\t.filtr-item img {\r\n\t\t\ttransition: all .2s !important\r\n\t\t}\r\n\t\t\t\t\t\t.simplefilter_382 li {\r\n\t\t\tbackground-color: #ccc;\r\n\t\t\tcolor: #ffffff;\r\n\t\t}\r\n\t\t\r\n\t\t.simplefilter_382 li:hover {\r\n\t\t\tbackground-color: #6ebe03 !important;\r\n\t\t}\r\n\t\t\r\n\t\t.simplefilter_382 li.active {\r\n\t\t\tbackground-color: #6ebe03 !important;\r\n\t\t}\r\n\t\t\r\n\t\t\t<\/style>\r\n\t\t<div class=\"portfolio-wraper pfg-bootstrap\" version=\"1.7.5\">\r\n\t\t\t\t\t<div class=\"col-lg-12 col-md-12 col-xs-12 text-center\">\r\n\t\t\t\t<ul id=\"all-simplefilter\" class=\"filtr-control-382 simplefilter simplefilter_382\">\r\n\t\t\t\t\t<li id=\"all\" class=\"active filtr-controls-382\" data-filter=\"all\">Voir tout<\/li>\r\n\t\t\t\t<\/ul>\r\n\t\t\t\t<ul id=\"f-simplefilter-382\" class=\"filtr-control-382 simplefilter simplefilter_382\">\r\n\t\t\t\t\t\t\t\t\t\t\t\t\t<li data-filter=\"5\"\r\n\t\t\t\t\t\t\t\t\tclass=\"filtr-controls-382\">Soir\u00e9es<\/li>\r\n\t\t\t\t\t\t\t\t\t\t\t\t\t\t\t\t<li data-filter=\"1\"\r\n\t\t\t\t\t\t\t\t\tclass=\"filtr-controls-382\">Cano\u00ebs<\/li>\r\n\t\t\t\t\t\t\t\t\t\t\t\t\t\t\t\t<li data-filter=\"6\"\r\n\t\t\t\t\t\t\t\t\tclass=\"filtr-controls-382\">Le site<\/li>\r\n\t\t\t\t\t\t\t\t\t\t\t\t\t\t\t\t<li data-filter=\"2\"\r\n\t\t\t\t\t\t\t\t\tclass=\"filtr-controls-382\">Kayaks<\/li>\r\n\t\t\t\t\t\t\t\t\t\t\t\t\t\t\t\t<li data-filter=\"3\"\r\n\t\t\t\t\t\t\t\t\tclass=\"filtr-controls-382\">P\u00e9dalos<\/li>\r\n\t\t\t\t\t\t\t\t\t\t\t\t\t\t\t\t<li data-filter=\"4\"\r\n\t\t\t\t\t\t\t\t\tclass=\"filtr-controls-382\">Paddles<\/li>\r\n\t\t\t\t\t\t\t\t\t\t\t\t<\/ul>\r\n\r\n\t\t\t<\/div>\r\n\t\t\t\t<!-- Shuffle & Sort Controls -->\r\n\t\t\t\t\r\n\t\t<div class=\"row loading-wrapper text-center\">\r\n\t\t\t<img decoding=\"async\" src=\"https:\/\/www.les-canoes-du-marais.com\/wp-content\/plugins\/portfolio-filter-gallery\/\/img\/loading-icon.gif\" width=\"60\">\r\n\t\t<\/div>\r\n\t\t<div class=\"filter_gallery_382 row filtr-container filters-div\" style=\"opacity:0; display:none;\">\r\n\t\t\t\t\t\t\t\t<a href=\"https:\/\/www.les-canoes-du-marais.com\/wp-content\/uploads\/2024\/06\/galerie_photos_les_canoes_du_marais_location_canoe_kayak_paddle_pedalo_jaunay_vendee-6.jpg\" class=\"pfg-lightbox-all pfg-lightbox-5\" data-toggle=\"lightbox\" data-gallery=\"mixedgallery\" data-title=\"galerie_photos_les_canoes_du_marais_location_canoe_kayak_paddle_pedalo_jaunay_vendee (6)\" data-alt=\"galerie_photos_les_canoes_du_marais_location_canoe_kayak_paddle_pedalo_jaunay_vendee (6)\" title=\"galerie_photos_les_canoes_du_marais_location_canoe_kayak_paddle_pedalo_jaunay_vendee (6)\">\r\n\t\t\t\t\t\t<div data-category=\"5\" data-sort=\"galerie_photos_les_canoes_du_marais_location_canoe_kayak_paddle_pedalo_jaunay_vendee (6)\" class=\"animateonload filtr-item filtr_item_382 single_one col-lg-3 col-md-6 col-sm-6 col-12\">\r\n\t\t\t\t\t\t\t\t\t\t\t\t\t\t\t<img decoding=\"async\" class=\" thumbnail_382 pfg-img pfg_img_382 img-responsive hvr-float-shadow\" src=\"https:\/\/www.les-canoes-du-marais.com\/wp-content\/uploads\/2024\/06\/galerie_photos_les_canoes_du_marais_location_canoe_kayak_paddle_pedalo_jaunay_vendee-6.jpg\" alt=\"galerie_photos_les_canoes_du_marais_location_canoe_kayak_paddle_pedalo_jaunay_vendee (5)\">\r\n\t\t\t\t\t\t\t\t\t\t\t\t\t\t\t\t\t<span class=\"item-desc item_desc_382\">galerie_photos_les_canoes_du_marais_location_canoe_kayak_paddle_pedalo_jaunay_vendee (6)<\/span>\r\n\t\t\t\t\t\t\t\t\t\t\t\t\t\t<\/div>\r\n\t\t\t\t\t<\/a>\r\n\t\t\t\t\t\t\t\t\t\t<a href=\"https:\/\/www.les-canoes-du-marais.com\/wp-content\/uploads\/2024\/06\/galerie_photos_les_canoes_du_marais_location_canoe_kayak_paddle_pedalo_jaunay_vendee-1.jpg\" class=\"pfg-lightbox-all pfg-lightbox-1 pfg-lightbox-6\" data-toggle=\"lightbox\" data-gallery=\"mixedgallery\" data-title=\"galerie_photos_les_canoes_du_marais_location_canoe_kayak_paddle_pedalo_jaunay_vendee (1)\" data-alt=\"galerie_photos_les_canoes_du_marais_location_canoe_kayak_paddle_pedalo_jaunay_vendee (1)\" title=\"galerie_photos_les_canoes_du_marais_location_canoe_kayak_paddle_pedalo_jaunay_vendee (1)\">\r\n\t\t\t\t\t\t<div data-category=\"1, 6\" data-sort=\"galerie_photos_les_canoes_du_marais_location_canoe_kayak_paddle_pedalo_jaunay_vendee (1)\" class=\"animateonload filtr-item filtr_item_382 single_one col-lg-3 col-md-6 col-sm-6 col-12\">\r\n\t\t\t\t\t\t\t\t\t\t\t\t\t\t\t<img decoding=\"async\" class=\" thumbnail_382 pfg-img pfg_img_382 img-responsive hvr-float-shadow\" src=\"https:\/\/www.les-canoes-du-marais.com\/wp-content\/uploads\/2024\/06\/galerie_photos_les_canoes_du_marais_location_canoe_kayak_paddle_pedalo_jaunay_vendee-1.jpg\" alt=\"galerie_photos_les_canoes_du_marais_location_canoe_kayak_paddle_pedalo_jaunay_vendee (5)\">\r\n\t\t\t\t\t\t\t\t\t\t\t\t\t\t\t\t\t<span class=\"item-desc item_desc_382\">galerie_photos_les_canoes_du_marais_location_canoe_kayak_paddle_pedalo_jaunay_vendee (1)<\/span>\r\n\t\t\t\t\t\t\t\t\t\t\t\t\t\t<\/div>\r\n\t\t\t\t\t<\/a>\r\n\t\t\t\t\t\t\t\t\t\t<a href=\"https:\/\/www.les-canoes-du-marais.com\/wp-content\/uploads\/2024\/06\/galerie_photos_les_canoes_du_marais_location_canoe_kayak_paddle_pedalo_jaunay_vendee-.jpg\" class=\"pfg-lightbox-all pfg-lightbox-1\" data-toggle=\"lightbox\" data-gallery=\"mixedgallery\" data-title=\"galerie_photos_les_canoes_du_marais_location_canoe_kayak_paddle_pedalo_jaunay_vendee\" data-alt=\"galerie_photos_les_canoes_du_marais_location_canoe_kayak_paddle_pedalo_jaunay_vendee\" title=\"galerie_photos_les_canoes_du_marais_location_canoe_kayak_paddle_pedalo_jaunay_vendee\">\r\n\t\t\t\t\t\t<div data-category=\"1\" data-sort=\"galerie_photos_les_canoes_du_marais_location_canoe_kayak_paddle_pedalo_jaunay_vendee\" class=\"animateonload filtr-item filtr_item_382 single_one col-lg-3 col-md-6 col-sm-6 col-12\">\r\n\t\t\t\t\t\t\t\t\t\t\t\t\t\t\t<img decoding=\"async\" class=\" thumbnail_382 pfg-img pfg_img_382 img-responsive hvr-float-shadow\" src=\"https:\/\/www.les-canoes-du-marais.com\/wp-content\/uploads\/2024\/06\/galerie_photos_les_canoes_du_marais_location_canoe_kayak_paddle_pedalo_jaunay_vendee-.jpg\" alt=\"galerie_photos_les_canoes_du_marais_location_canoe_kayak_paddle_pedalo_jaunay_vendee (5)\">\r\n\t\t\t\t\t\t\t\t\t\t\t\t\t\t\t\t\t<span class=\"item-desc item_desc_382\">galerie_photos_les_canoes_du_marais_location_canoe_kayak_paddle_pedalo_jaunay_vendee<\/span>\r\n\t\t\t\t\t\t\t\t\t\t\t\t\t\t<\/div>\r\n\t\t\t\t\t<\/a>\r\n\t\t\t\t\t\t\t\t\t\t<a href=\"https:\/\/www.les-canoes-du-marais.com\/wp-content\/uploads\/2024\/06\/galerie_photos_les_canoes_du_marais_location_canoe_kayak_paddle_pedalo_jaunay_vendee-78.jpg\" class=\"pfg-lightbox-all pfg-lightbox-2 pfg-lightbox-6\" data-toggle=\"lightbox\" data-gallery=\"mixedgallery\" data-title=\"galerie_photos_les_canoes_du_marais_location_canoe_kayak_paddle_pedalo_jaunay_vendee (78)\" data-alt=\"galerie_photos_les_canoes_du_marais_location_canoe_kayak_paddle_pedalo_jaunay_vendee (78)\" title=\"galerie_photos_les_canoes_du_marais_location_canoe_kayak_paddle_pedalo_jaunay_vendee (78)\">\r\n\t\t\t\t\t\t<div data-category=\"2, 6\" data-sort=\"galerie_photos_les_canoes_du_marais_location_canoe_kayak_paddle_pedalo_jaunay_vendee (78)\" class=\"animateonload filtr-item filtr_item_382 single_one col-lg-3 col-md-6 col-sm-6 col-12\">\r\n\t\t\t\t\t\t\t\t\t\t\t\t\t\t\t<img decoding=\"async\" class=\" thumbnail_382 pfg-img pfg_img_382 img-responsive hvr-float-shadow\" src=\"https:\/\/www.les-canoes-du-marais.com\/wp-content\/uploads\/2024\/06\/galerie_photos_les_canoes_du_marais_location_canoe_kayak_paddle_pedalo_jaunay_vendee-78.jpg\" alt=\"galerie_photos_les_canoes_du_marais_location_canoe_kayak_paddle_pedalo_jaunay_vendee (5)\">\r\n\t\t\t\t\t\t\t\t\t\t\t\t\t\t\t\t\t<span class=\"item-desc item_desc_382\">galerie_photos_les_canoes_du_marais_location_canoe_kayak_paddle_pedalo_jaunay_vendee (78)<\/span>\r\n\t\t\t\t\t\t\t\t\t\t\t\t\t\t<\/div>\r\n\t\t\t\t\t<\/a>\r\n\t\t\t\t\t\t\t\t\t\t<a href=\"https:\/\/www.les-canoes-du-marais.com\/wp-content\/uploads\/2024\/06\/galerie_photos_les_canoes_du_marais_location_canoe_kayak_paddle_pedalo_jaunay_vendee-79.jpg\" class=\"pfg-lightbox-all pfg-lightbox-2 pfg-lightbox-6\" data-toggle=\"lightbox\" data-gallery=\"mixedgallery\" data-title=\"galerie_photos_les_canoes_du_marais_location_canoe_kayak_paddle_pedalo_jaunay_vendee (79)\" data-alt=\"galerie_photos_les_canoes_du_marais_location_canoe_kayak_paddle_pedalo_jaunay_vendee (79)\" title=\"galerie_photos_les_canoes_du_marais_location_canoe_kayak_paddle_pedalo_jaunay_vendee (79)\">\r\n\t\t\t\t\t\t<div data-category=\"2, 6\" data-sort=\"galerie_photos_les_canoes_du_marais_location_canoe_kayak_paddle_pedalo_jaunay_vendee (79)\" class=\"animateonload filtr-item filtr_item_382 single_one col-lg-3 col-md-6 col-sm-6 col-12\">\r\n\t\t\t\t\t\t\t\t\t\t\t\t\t\t\t<img decoding=\"async\" class=\" thumbnail_382 pfg-img pfg_img_382 img-responsive hvr-float-shadow\" src=\"https:\/\/www.les-canoes-du-marais.com\/wp-content\/uploads\/2024\/06\/galerie_photos_les_canoes_du_marais_location_canoe_kayak_paddle_pedalo_jaunay_vendee-79.jpg\" alt=\"galerie_photos_les_canoes_du_marais_location_canoe_kayak_paddle_pedalo_jaunay_vendee (5)\">\r\n\t\t\t\t\t\t\t\t\t\t\t\t\t\t\t\t\t<span class=\"item-desc item_desc_382\">galerie_photos_les_canoes_du_marais_location_canoe_kayak_paddle_pedalo_jaunay_vendee (79)<\/span>\r\n\t\t\t\t\t\t\t\t\t\t\t\t\t\t<\/div>\r\n\t\t\t\t\t<\/a>\r\n\t\t\t\t\t\t\t\t\t\t<a href=\"https:\/\/www.les-canoes-du-marais.com\/wp-content\/uploads\/2024\/06\/galerie_photos_les_canoes_du_marais_location_canoe_kayak_paddle_pedalo_jaunay_vendee-76.jpg\" class=\"pfg-lightbox-all pfg-lightbox-2 pfg-lightbox-6\" data-toggle=\"lightbox\" data-gallery=\"mixedgallery\" data-title=\"galerie_photos_les_canoes_du_marais_location_canoe_kayak_paddle_pedalo_jaunay_vendee (76)\" data-alt=\"galerie_photos_les_canoes_du_marais_location_canoe_kayak_paddle_pedalo_jaunay_vendee (76)\" title=\"galerie_photos_les_canoes_du_marais_location_canoe_kayak_paddle_pedalo_jaunay_vendee (76)\">\r\n\t\t\t\t\t\t<div data-category=\"2, 6\" data-sort=\"galerie_photos_les_canoes_du_marais_location_canoe_kayak_paddle_pedalo_jaunay_vendee (76)\" class=\"animateonload filtr-item filtr_item_382 single_one col-lg-3 col-md-6 col-sm-6 col-12\">\r\n\t\t\t\t\t\t\t\t\t\t\t\t\t\t\t<img decoding=\"async\" class=\" thumbnail_382 pfg-img pfg_img_382 img-responsive hvr-float-shadow\" src=\"https:\/\/www.les-canoes-du-marais.com\/wp-content\/uploads\/2024\/06\/galerie_photos_les_canoes_du_marais_location_canoe_kayak_paddle_pedalo_jaunay_vendee-76.jpg\" alt=\"galerie_photos_les_canoes_du_marais_location_canoe_kayak_paddle_pedalo_jaunay_vendee (5)\">\r\n\t\t\t\t\t\t\t\t\t\t\t\t\t\t\t\t\t<span class=\"item-desc item_desc_382\">galerie_photos_les_canoes_du_marais_location_canoe_kayak_paddle_pedalo_jaunay_vendee (76)<\/span>\r\n\t\t\t\t\t\t\t\t\t\t\t\t\t\t<\/div>\r\n\t\t\t\t\t<\/a>\r\n\t\t\t\t\t\t\t\t\t\t<a href=\"https:\/\/www.les-canoes-du-marais.com\/wp-content\/uploads\/2024\/06\/galerie_photos_les_canoes_du_marais_location_canoe_kayak_paddle_pedalo_jaunay_vendee-77.jpg\" class=\"pfg-lightbox-all pfg-lightbox-2 pfg-lightbox-6\" data-toggle=\"lightbox\" data-gallery=\"mixedgallery\" data-title=\"galerie_photos_les_canoes_du_marais_location_canoe_kayak_paddle_pedalo_jaunay_vendee (77)\" data-alt=\"galerie_photos_les_canoes_du_marais_location_canoe_kayak_paddle_pedalo_jaunay_vendee (77)\" title=\"galerie_photos_les_canoes_du_marais_location_canoe_kayak_paddle_pedalo_jaunay_vendee (77)\">\r\n\t\t\t\t\t\t<div data-category=\"2, 6\" data-sort=\"galerie_photos_les_canoes_du_marais_location_canoe_kayak_paddle_pedalo_jaunay_vendee (77)\" class=\"animateonload filtr-item filtr_item_382 single_one col-lg-3 col-md-6 col-sm-6 col-12\">\r\n\t\t\t\t\t\t\t\t\t\t\t\t\t\t\t<img decoding=\"async\" class=\" thumbnail_382 pfg-img pfg_img_382 img-responsive hvr-float-shadow\" src=\"https:\/\/www.les-canoes-du-marais.com\/wp-content\/uploads\/2024\/06\/galerie_photos_les_canoes_du_marais_location_canoe_kayak_paddle_pedalo_jaunay_vendee-77.jpg\" alt=\"galerie_photos_les_canoes_du_marais_location_canoe_kayak_paddle_pedalo_jaunay_vendee (5)\">\r\n\t\t\t\t\t\t\t\t\t\t\t\t\t\t\t\t\t<span class=\"item-desc item_desc_382\">galerie_photos_les_canoes_du_marais_location_canoe_kayak_paddle_pedalo_jaunay_vendee (77)<\/span>\r\n\t\t\t\t\t\t\t\t\t\t\t\t\t\t<\/div>\r\n\t\t\t\t\t<\/a>\r\n\t\t\t\t\t\t\t\t\t\t<a href=\"https:\/\/www.les-canoes-du-marais.com\/wp-content\/uploads\/2024\/06\/galerie_photos_les_canoes_du_marais_location_canoe_kayak_paddle_pedalo_jaunay_vendee-73.jpg\" class=\"pfg-lightbox-all pfg-lightbox-2 pfg-lightbox-6\" data-toggle=\"lightbox\" data-gallery=\"mixedgallery\" data-title=\"galerie_photos_les_canoes_du_marais_location_canoe_kayak_paddle_pedalo_jaunay_vendee (73)\" data-alt=\"galerie_photos_les_canoes_du_marais_location_canoe_kayak_paddle_pedalo_jaunay_vendee (73)\" title=\"galerie_photos_les_canoes_du_marais_location_canoe_kayak_paddle_pedalo_jaunay_vendee (73)\">\r\n\t\t\t\t\t\t<div data-category=\"2, 6\" data-sort=\"galerie_photos_les_canoes_du_marais_location_canoe_kayak_paddle_pedalo_jaunay_vendee (73)\" class=\"animateonload filtr-item filtr_item_382 single_one col-lg-3 col-md-6 col-sm-6 col-12\">\r\n\t\t\t\t\t\t\t\t\t\t\t\t\t\t\t<img decoding=\"async\" class=\" thumbnail_382 pfg-img pfg_img_382 img-responsive hvr-float-shadow\" src=\"https:\/\/www.les-canoes-du-marais.com\/wp-content\/uploads\/2024\/06\/galerie_photos_les_canoes_du_marais_location_canoe_kayak_paddle_pedalo_jaunay_vendee-73.jpg\" alt=\"galerie_photos_les_canoes_du_marais_location_canoe_kayak_paddle_pedalo_jaunay_vendee (5)\">\r\n\t\t\t\t\t\t\t\t\t\t\t\t\t\t\t\t\t<span class=\"item-desc item_desc_382\">galerie_photos_les_canoes_du_marais_location_canoe_kayak_paddle_pedalo_jaunay_vendee (73)<\/span>\r\n\t\t\t\t\t\t\t\t\t\t\t\t\t\t<\/div>\r\n\t\t\t\t\t<\/a>\r\n\t\t\t\t\t\t\t\t\t\t<a href=\"https:\/\/www.les-canoes-du-marais.com\/wp-content\/uploads\/2024\/06\/galerie_photos_les_canoes_du_marais_location_canoe_kayak_paddle_pedalo_jaunay_vendee-75.jpg\" class=\"pfg-lightbox-all pfg-lightbox-2 pfg-lightbox-6\" data-toggle=\"lightbox\" data-gallery=\"mixedgallery\" data-title=\"galerie_photos_les_canoes_du_marais_location_canoe_kayak_paddle_pedalo_jaunay_vendee (75)\" data-alt=\"galerie_photos_les_canoes_du_marais_location_canoe_kayak_paddle_pedalo_jaunay_vendee (75)\" title=\"galerie_photos_les_canoes_du_marais_location_canoe_kayak_paddle_pedalo_jaunay_vendee (75)\">\r\n\t\t\t\t\t\t<div data-category=\"2, 6\" data-sort=\"galerie_photos_les_canoes_du_marais_location_canoe_kayak_paddle_pedalo_jaunay_vendee (75)\" class=\"animateonload filtr-item filtr_item_382 single_one col-lg-3 col-md-6 col-sm-6 col-12\">\r\n\t\t\t\t\t\t\t\t\t\t\t\t\t\t\t<img decoding=\"async\" class=\" thumbnail_382 pfg-img pfg_img_382 img-responsive hvr-float-shadow\" src=\"https:\/\/www.les-canoes-du-marais.com\/wp-content\/uploads\/2024\/06\/galerie_photos_les_canoes_du_marais_location_canoe_kayak_paddle_pedalo_jaunay_vendee-75.jpg\" alt=\"galerie_photos_les_canoes_du_marais_location_canoe_kayak_paddle_pedalo_jaunay_vendee (5)\">\r\n\t\t\t\t\t\t\t\t\t\t\t\t\t\t\t\t\t<span class=\"item-desc item_desc_382\">galerie_photos_les_canoes_du_marais_location_canoe_kayak_paddle_pedalo_jaunay_vendee (75)<\/span>\r\n\t\t\t\t\t\t\t\t\t\t\t\t\t\t<\/div>\r\n\t\t\t\t\t<\/a>\r\n\t\t\t\t\t\t\t\t\t\t<a href=\"https:\/\/www.les-canoes-du-marais.com\/wp-content\/uploads\/2024\/06\/galerie_photos_les_canoes_du_marais_location_canoe_kayak_paddle_pedalo_jaunay_vendee-74.jpg\" class=\"pfg-lightbox-all pfg-lightbox-2 pfg-lightbox-6\" data-toggle=\"lightbox\" data-gallery=\"mixedgallery\" data-title=\"galerie_photos_les_canoes_du_marais_location_canoe_kayak_paddle_pedalo_jaunay_vendee (74)\" data-alt=\"galerie_photos_les_canoes_du_marais_location_canoe_kayak_paddle_pedalo_jaunay_vendee (74)\" title=\"galerie_photos_les_canoes_du_marais_location_canoe_kayak_paddle_pedalo_jaunay_vendee (74)\">\r\n\t\t\t\t\t\t<div data-category=\"2, 6\" data-sort=\"galerie_photos_les_canoes_du_marais_location_canoe_kayak_paddle_pedalo_jaunay_vendee (74)\" class=\"animateonload filtr-item filtr_item_382 single_one col-lg-3 col-md-6 col-sm-6 col-12\">\r\n\t\t\t\t\t\t\t\t\t\t\t\t\t\t\t<img decoding=\"async\" class=\" thumbnail_382 pfg-img pfg_img_382 img-responsive hvr-float-shadow\" src=\"https:\/\/www.les-canoes-du-marais.com\/wp-content\/uploads\/2024\/06\/galerie_photos_les_canoes_du_marais_location_canoe_kayak_paddle_pedalo_jaunay_vendee-74.jpg\" alt=\"galerie_photos_les_canoes_du_marais_location_canoe_kayak_paddle_pedalo_jaunay_vendee (5)\">\r\n\t\t\t\t\t\t\t\t\t\t\t\t\t\t\t\t\t<span class=\"item-desc item_desc_382\">galerie_photos_les_canoes_du_marais_location_canoe_kayak_paddle_pedalo_jaunay_vendee (74)<\/span>\r\n\t\t\t\t\t\t\t\t\t\t\t\t\t\t<\/div>\r\n\t\t\t\t\t<\/a>\r\n\t\t\t\t\t\t\t\t\t\t<a href=\"https:\/\/www.les-canoes-du-marais.com\/wp-content\/uploads\/2024\/06\/galerie_photos_les_canoes_du_marais_location_canoe_kayak_paddle_pedalo_jaunay_vendee-71.jpg\" class=\"pfg-lightbox-all pfg-lightbox-1 pfg-lightbox-6\" data-toggle=\"lightbox\" data-gallery=\"mixedgallery\" data-title=\"galerie_photos_les_canoes_du_marais_location_canoe_kayak_paddle_pedalo_jaunay_vendee (71)\" data-alt=\"galerie_photos_les_canoes_du_marais_location_canoe_kayak_paddle_pedalo_jaunay_vendee (71)\" title=\"galerie_photos_les_canoes_du_marais_location_canoe_kayak_paddle_pedalo_jaunay_vendee (71)\">\r\n\t\t\t\t\t\t<div data-category=\"1, 6\" data-sort=\"galerie_photos_les_canoes_du_marais_location_canoe_kayak_paddle_pedalo_jaunay_vendee (71)\" class=\"animateonload filtr-item filtr_item_382 single_one col-lg-3 col-md-6 col-sm-6 col-12\">\r\n\t\t\t\t\t\t\t\t\t\t\t\t\t\t\t<img decoding=\"async\" class=\" thumbnail_382 pfg-img pfg_img_382 img-responsive hvr-float-shadow\" src=\"https:\/\/www.les-canoes-du-marais.com\/wp-content\/uploads\/2024\/06\/galerie_photos_les_canoes_du_marais_location_canoe_kayak_paddle_pedalo_jaunay_vendee-71.jpg\" alt=\"galerie_photos_les_canoes_du_marais_location_canoe_kayak_paddle_pedalo_jaunay_vendee (5)\">\r\n\t\t\t\t\t\t\t\t\t\t\t\t\t\t\t\t\t<span class=\"item-desc item_desc_382\">galerie_photos_les_canoes_du_marais_location_canoe_kayak_paddle_pedalo_jaunay_vendee (71)<\/span>\r\n\t\t\t\t\t\t\t\t\t\t\t\t\t\t<\/div>\r\n\t\t\t\t\t<\/a>\r\n\t\t\t\t\t\t\t\t\t\t<a href=\"https:\/\/www.les-canoes-du-marais.com\/wp-content\/uploads\/2024\/06\/galerie_photos_les_canoes_du_marais_location_canoe_kayak_paddle_pedalo_jaunay_vendee-72.jpg\" class=\"pfg-lightbox-all pfg-lightbox-6\" data-toggle=\"lightbox\" data-gallery=\"mixedgallery\" data-title=\"galerie_photos_les_canoes_du_marais_location_canoe_kayak_paddle_pedalo_jaunay_vendee (72)\" data-alt=\"galerie_photos_les_canoes_du_marais_location_canoe_kayak_paddle_pedalo_jaunay_vendee (72)\" title=\"galerie_photos_les_canoes_du_marais_location_canoe_kayak_paddle_pedalo_jaunay_vendee (72)\">\r\n\t\t\t\t\t\t<div data-category=\"6\" data-sort=\"galerie_photos_les_canoes_du_marais_location_canoe_kayak_paddle_pedalo_jaunay_vendee (72)\" class=\"animateonload filtr-item filtr_item_382 single_one col-lg-3 col-md-6 col-sm-6 col-12\">\r\n\t\t\t\t\t\t\t\t\t\t\t\t\t\t\t<img decoding=\"async\" class=\" thumbnail_382 pfg-img pfg_img_382 img-responsive hvr-float-shadow\" src=\"https:\/\/www.les-canoes-du-marais.com\/wp-content\/uploads\/2024\/06\/galerie_photos_les_canoes_du_marais_location_canoe_kayak_paddle_pedalo_jaunay_vendee-72.jpg\" alt=\"galerie_photos_les_canoes_du_marais_location_canoe_kayak_paddle_pedalo_jaunay_vendee (5)\">\r\n\t\t\t\t\t\t\t\t\t\t\t\t\t\t\t\t\t<span class=\"item-desc item_desc_382\">galerie_photos_les_canoes_du_marais_location_canoe_kayak_paddle_pedalo_jaunay_vendee (72)<\/span>\r\n\t\t\t\t\t\t\t\t\t\t\t\t\t\t<\/div>\r\n\t\t\t\t\t<\/a>\r\n\t\t\t\t\t\t\t\t\t\t<a href=\"https:\/\/www.les-canoes-du-marais.com\/wp-content\/uploads\/2024\/06\/galerie_photos_les_canoes_du_marais_location_canoe_kayak_paddle_pedalo_jaunay_vendee-70.jpg\" class=\"pfg-lightbox-all pfg-lightbox-6\" data-toggle=\"lightbox\" data-gallery=\"mixedgallery\" data-title=\"galerie_photos_les_canoes_du_marais_location_canoe_kayak_paddle_pedalo_jaunay_vendee (70)\" data-alt=\"galerie_photos_les_canoes_du_marais_location_canoe_kayak_paddle_pedalo_jaunay_vendee (70)\" title=\"galerie_photos_les_canoes_du_marais_location_canoe_kayak_paddle_pedalo_jaunay_vendee (70)\">\r\n\t\t\t\t\t\t<div data-category=\"6\" data-sort=\"galerie_photos_les_canoes_du_marais_location_canoe_kayak_paddle_pedalo_jaunay_vendee (70)\" class=\"animateonload filtr-item filtr_item_382 single_one col-lg-3 col-md-6 col-sm-6 col-12\">\r\n\t\t\t\t\t\t\t\t\t\t\t\t\t\t\t<img decoding=\"async\" class=\" thumbnail_382 pfg-img pfg_img_382 img-responsive hvr-float-shadow\" src=\"https:\/\/www.les-canoes-du-marais.com\/wp-content\/uploads\/2024\/06\/galerie_photos_les_canoes_du_marais_location_canoe_kayak_paddle_pedalo_jaunay_vendee-70.jpg\" alt=\"galerie_photos_les_canoes_du_marais_location_canoe_kayak_paddle_pedalo_jaunay_vendee (5)\">\r\n\t\t\t\t\t\t\t\t\t\t\t\t\t\t\t\t\t<span class=\"item-desc item_desc_382\">galerie_photos_les_canoes_du_marais_location_canoe_kayak_paddle_pedalo_jaunay_vendee (70)<\/span>\r\n\t\t\t\t\t\t\t\t\t\t\t\t\t\t<\/div>\r\n\t\t\t\t\t<\/a>\r\n\t\t\t\t\t\t\t\t\t\t<a href=\"https:\/\/www.les-canoes-du-marais.com\/wp-content\/uploads\/2024\/06\/galerie_photos_les_canoes_du_marais_location_canoe_kayak_paddle_pedalo_jaunay_vendee-68.jpg\" class=\"pfg-lightbox-all pfg-lightbox-6\" data-toggle=\"lightbox\" data-gallery=\"mixedgallery\" data-title=\"galerie_photos_les_canoes_du_marais_location_canoe_kayak_paddle_pedalo_jaunay_vendee (68)\" data-alt=\"galerie_photos_les_canoes_du_marais_location_canoe_kayak_paddle_pedalo_jaunay_vendee (68)\" title=\"galerie_photos_les_canoes_du_marais_location_canoe_kayak_paddle_pedalo_jaunay_vendee (68)\">\r\n\t\t\t\t\t\t<div data-category=\"6\" data-sort=\"galerie_photos_les_canoes_du_marais_location_canoe_kayak_paddle_pedalo_jaunay_vendee (68)\" class=\"animateonload filtr-item filtr_item_382 single_one col-lg-3 col-md-6 col-sm-6 col-12\">\r\n\t\t\t\t\t\t\t\t\t\t\t\t\t\t\t<img decoding=\"async\" class=\" thumbnail_382 pfg-img pfg_img_382 img-responsive hvr-float-shadow\" src=\"https:\/\/www.les-canoes-du-marais.com\/wp-content\/uploads\/2024\/06\/galerie_photos_les_canoes_du_marais_location_canoe_kayak_paddle_pedalo_jaunay_vendee-68.jpg\" alt=\"galerie_photos_les_canoes_du_marais_location_canoe_kayak_paddle_pedalo_jaunay_vendee (5)\">\r\n\t\t\t\t\t\t\t\t\t\t\t\t\t\t\t\t\t<span class=\"item-desc item_desc_382\">galerie_photos_les_canoes_du_marais_location_canoe_kayak_paddle_pedalo_jaunay_vendee (68)<\/span>\r\n\t\t\t\t\t\t\t\t\t\t\t\t\t\t<\/div>\r\n\t\t\t\t\t<\/a>\r\n\t\t\t\t\t\t\t\t\t\t<a href=\"https:\/\/www.les-canoes-du-marais.com\/wp-content\/uploads\/2024\/06\/galerie_photos_les_canoes_du_marais_location_canoe_kayak_paddle_pedalo_jaunay_vendee-69.jpg\" class=\"pfg-lightbox-all pfg-lightbox-6\" data-toggle=\"lightbox\" data-gallery=\"mixedgallery\" data-title=\"galerie_photos_les_canoes_du_marais_location_canoe_kayak_paddle_pedalo_jaunay_vendee (69)\" data-alt=\"galerie_photos_les_canoes_du_marais_location_canoe_kayak_paddle_pedalo_jaunay_vendee (69)\" title=\"galerie_photos_les_canoes_du_marais_location_canoe_kayak_paddle_pedalo_jaunay_vendee (69)\">\r\n\t\t\t\t\t\t<div data-category=\"6\" data-sort=\"galerie_photos_les_canoes_du_marais_location_canoe_kayak_paddle_pedalo_jaunay_vendee (69)\" class=\"animateonload filtr-item filtr_item_382 single_one col-lg-3 col-md-6 col-sm-6 col-12\">\r\n\t\t\t\t\t\t\t\t\t\t\t\t\t\t\t<img decoding=\"async\" class=\" thumbnail_382 pfg-img pfg_img_382 img-responsive hvr-float-shadow\" src=\"https:\/\/www.les-canoes-du-marais.com\/wp-content\/uploads\/2024\/06\/galerie_photos_les_canoes_du_marais_location_canoe_kayak_paddle_pedalo_jaunay_vendee-69.jpg\" alt=\"galerie_photos_les_canoes_du_marais_location_canoe_kayak_paddle_pedalo_jaunay_vendee (5)\">\r\n\t\t\t\t\t\t\t\t\t\t\t\t\t\t\t\t\t<span class=\"item-desc item_desc_382\">galerie_photos_les_canoes_du_marais_location_canoe_kayak_paddle_pedalo_jaunay_vendee (69)<\/span>\r\n\t\t\t\t\t\t\t\t\t\t\t\t\t\t<\/div>\r\n\t\t\t\t\t<\/a>\r\n\t\t\t\t\t\t\t\t\t\t<a href=\"https:\/\/www.les-canoes-du-marais.com\/wp-content\/uploads\/2024\/06\/galerie_photos_les_canoes_du_marais_location_canoe_kayak_paddle_pedalo_jaunay_vendee-67.jpg\" class=\"pfg-lightbox-all pfg-lightbox-6\" data-toggle=\"lightbox\" data-gallery=\"mixedgallery\" data-title=\"galerie_photos_les_canoes_du_marais_location_canoe_kayak_paddle_pedalo_jaunay_vendee (67)\" data-alt=\"galerie_photos_les_canoes_du_marais_location_canoe_kayak_paddle_pedalo_jaunay_vendee (67)\" title=\"galerie_photos_les_canoes_du_marais_location_canoe_kayak_paddle_pedalo_jaunay_vendee (67)\">\r\n\t\t\t\t\t\t<div data-category=\"6\" data-sort=\"galerie_photos_les_canoes_du_marais_location_canoe_kayak_paddle_pedalo_jaunay_vendee (67)\" class=\"animateonload filtr-item filtr_item_382 single_one col-lg-3 col-md-6 col-sm-6 col-12\">\r\n\t\t\t\t\t\t\t\t\t\t\t\t\t\t\t<img decoding=\"async\" class=\" thumbnail_382 pfg-img pfg_img_382 img-responsive hvr-float-shadow\" src=\"https:\/\/www.les-canoes-du-marais.com\/wp-content\/uploads\/2024\/06\/galerie_photos_les_canoes_du_marais_location_canoe_kayak_paddle_pedalo_jaunay_vendee-67.jpg\" alt=\"galerie_photos_les_canoes_du_marais_location_canoe_kayak_paddle_pedalo_jaunay_vendee (5)\">\r\n\t\t\t\t\t\t\t\t\t\t\t\t\t\t\t\t\t<span class=\"item-desc item_desc_382\">galerie_photos_les_canoes_du_marais_location_canoe_kayak_paddle_pedalo_jaunay_vendee (67)<\/span>\r\n\t\t\t\t\t\t\t\t\t\t\t\t\t\t<\/div>\r\n\t\t\t\t\t<\/a>\r\n\t\t\t\t\t\t\t\t\t\t<a href=\"https:\/\/www.les-canoes-du-marais.com\/wp-content\/uploads\/2024\/06\/galerie_photos_les_canoes_du_marais_location_canoe_kayak_paddle_pedalo_jaunay_vendee-65.jpg\" class=\"pfg-lightbox-all pfg-lightbox-2 pfg-lightbox-6\" data-toggle=\"lightbox\" data-gallery=\"mixedgallery\" data-title=\"galerie_photos_les_canoes_du_marais_location_canoe_kayak_paddle_pedalo_jaunay_vendee (65)\" data-alt=\"galerie_photos_les_canoes_du_marais_location_canoe_kayak_paddle_pedalo_jaunay_vendee (65)\" title=\"galerie_photos_les_canoes_du_marais_location_canoe_kayak_paddle_pedalo_jaunay_vendee (65)\">\r\n\t\t\t\t\t\t<div data-category=\"2, 6\" data-sort=\"galerie_photos_les_canoes_du_marais_location_canoe_kayak_paddle_pedalo_jaunay_vendee (65)\" class=\"animateonload filtr-item filtr_item_382 single_one col-lg-3 col-md-6 col-sm-6 col-12\">\r\n\t\t\t\t\t\t\t\t\t\t\t\t\t\t\t<img decoding=\"async\" class=\" thumbnail_382 pfg-img pfg_img_382 img-responsive hvr-float-shadow\" src=\"https:\/\/www.les-canoes-du-marais.com\/wp-content\/uploads\/2024\/06\/galerie_photos_les_canoes_du_marais_location_canoe_kayak_paddle_pedalo_jaunay_vendee-65.jpg\" alt=\"galerie_photos_les_canoes_du_marais_location_canoe_kayak_paddle_pedalo_jaunay_vendee (5)\">\r\n\t\t\t\t\t\t\t\t\t\t\t\t\t\t\t\t\t<span class=\"item-desc item_desc_382\">galerie_photos_les_canoes_du_marais_location_canoe_kayak_paddle_pedalo_jaunay_vendee (65)<\/span>\r\n\t\t\t\t\t\t\t\t\t\t\t\t\t\t<\/div>\r\n\t\t\t\t\t<\/a>\r\n\t\t\t\t\t\t\t\t\t\t<a href=\"https:\/\/www.les-canoes-du-marais.com\/wp-content\/uploads\/2024\/06\/galerie_photos_les_canoes_du_marais_location_canoe_kayak_paddle_pedalo_jaunay_vendee-64-1.jpg\" class=\"pfg-lightbox-all pfg-lightbox-3\" data-toggle=\"lightbox\" data-gallery=\"mixedgallery\" data-title=\"galerie_photos_les_canoes_du_marais_location_canoe_kayak_paddle_pedalo_jaunay_vendee (64) (1)\" data-alt=\"galerie_photos_les_canoes_du_marais_location_canoe_kayak_paddle_pedalo_jaunay_vendee (64) (1)\" title=\"galerie_photos_les_canoes_du_marais_location_canoe_kayak_paddle_pedalo_jaunay_vendee (64) (1)\">\r\n\t\t\t\t\t\t<div data-category=\"3\" data-sort=\"galerie_photos_les_canoes_du_marais_location_canoe_kayak_paddle_pedalo_jaunay_vendee (64) (1)\" class=\"animateonload filtr-item filtr_item_382 single_one col-lg-3 col-md-6 col-sm-6 col-12\">\r\n\t\t\t\t\t\t\t\t\t\t\t\t\t\t\t<img decoding=\"async\" class=\" thumbnail_382 pfg-img pfg_img_382 img-responsive hvr-float-shadow\" src=\"https:\/\/www.les-canoes-du-marais.com\/wp-content\/uploads\/2024\/06\/galerie_photos_les_canoes_du_marais_location_canoe_kayak_paddle_pedalo_jaunay_vendee-64-1.jpg\" alt=\"galerie_photos_les_canoes_du_marais_location_canoe_kayak_paddle_pedalo_jaunay_vendee (5)\">\r\n\t\t\t\t\t\t\t\t\t\t\t\t\t\t\t\t\t<span class=\"item-desc item_desc_382\">galerie_photos_les_canoes_du_marais_location_canoe_kayak_paddle_pedalo_jaunay_vendee (64) (1)<\/span>\r\n\t\t\t\t\t\t\t\t\t\t\t\t\t\t<\/div>\r\n\t\t\t\t\t<\/a>\r\n\t\t\t\t\t\t\t\t\t\t<a href=\"https:\/\/www.les-canoes-du-marais.com\/wp-content\/uploads\/2024\/06\/galerie_photos_les_canoes_du_marais_location_canoe_kayak_paddle_pedalo_jaunay_vendee-66.jpg\" class=\"pfg-lightbox-all pfg-lightbox-2 pfg-lightbox-6\" data-toggle=\"lightbox\" data-gallery=\"mixedgallery\" data-title=\"galerie_photos_les_canoes_du_marais_location_canoe_kayak_paddle_pedalo_jaunay_vendee (66)\" data-alt=\"galerie_photos_les_canoes_du_marais_location_canoe_kayak_paddle_pedalo_jaunay_vendee (66)\" title=\"galerie_photos_les_canoes_du_marais_location_canoe_kayak_paddle_pedalo_jaunay_vendee (66)\">\r\n\t\t\t\t\t\t<div data-category=\"2, 6\" data-sort=\"galerie_photos_les_canoes_du_marais_location_canoe_kayak_paddle_pedalo_jaunay_vendee (66)\" class=\"animateonload filtr-item filtr_item_382 single_one col-lg-3 col-md-6 col-sm-6 col-12\">\r\n\t\t\t\t\t\t\t\t\t\t\t\t\t\t\t<img decoding=\"async\" class=\" thumbnail_382 pfg-img pfg_img_382 img-responsive hvr-float-shadow\" src=\"https:\/\/www.les-canoes-du-marais.com\/wp-content\/uploads\/2024\/06\/galerie_photos_les_canoes_du_marais_location_canoe_kayak_paddle_pedalo_jaunay_vendee-66.jpg\" alt=\"galerie_photos_les_canoes_du_marais_location_canoe_kayak_paddle_pedalo_jaunay_vendee (5)\">\r\n\t\t\t\t\t\t\t\t\t\t\t\t\t\t\t\t\t<span class=\"item-desc item_desc_382\">galerie_photos_les_canoes_du_marais_location_canoe_kayak_paddle_pedalo_jaunay_vendee (66)<\/span>\r\n\t\t\t\t\t\t\t\t\t\t\t\t\t\t<\/div>\r\n\t\t\t\t\t<\/a>\r\n\t\t\t\t\t\t\t\t\t\t<a href=\"https:\/\/www.les-canoes-du-marais.com\/wp-content\/uploads\/2024\/06\/galerie_photos_les_canoes_du_marais_location_canoe_kayak_paddle_pedalo_jaunay_vendee-62.jpg\" class=\"pfg-lightbox-all pfg-lightbox-3\" data-toggle=\"lightbox\" data-gallery=\"mixedgallery\" data-title=\"galerie_photos_les_canoes_du_marais_location_canoe_kayak_paddle_pedalo_jaunay_vendee (62)\" data-alt=\"galerie_photos_les_canoes_du_marais_location_canoe_kayak_paddle_pedalo_jaunay_vendee (62)\" title=\"galerie_photos_les_canoes_du_marais_location_canoe_kayak_paddle_pedalo_jaunay_vendee (62)\">\r\n\t\t\t\t\t\t<div data-category=\"3\" data-sort=\"galerie_photos_les_canoes_du_marais_location_canoe_kayak_paddle_pedalo_jaunay_vendee (62)\" class=\"animateonload filtr-item filtr_item_382 single_one col-lg-3 col-md-6 col-sm-6 col-12\">\r\n\t\t\t\t\t\t\t\t\t\t\t\t\t\t\t<img decoding=\"async\" class=\" thumbnail_382 pfg-img pfg_img_382 img-responsive hvr-float-shadow\" src=\"https:\/\/www.les-canoes-du-marais.com\/wp-content\/uploads\/2024\/06\/galerie_photos_les_canoes_du_marais_location_canoe_kayak_paddle_pedalo_jaunay_vendee-62.jpg\" alt=\"galerie_photos_les_canoes_du_marais_location_canoe_kayak_paddle_pedalo_jaunay_vendee (5)\">\r\n\t\t\t\t\t\t\t\t\t\t\t\t\t\t\t\t\t<span class=\"item-desc item_desc_382\">galerie_photos_les_canoes_du_marais_location_canoe_kayak_paddle_pedalo_jaunay_vendee (62)<\/span>\r\n\t\t\t\t\t\t\t\t\t\t\t\t\t\t<\/div>\r\n\t\t\t\t\t<\/a>\r\n\t\t\t\t\t\t\t\t\t\t<a href=\"https:\/\/www.les-canoes-du-marais.com\/wp-content\/uploads\/2024\/06\/galerie_photos_les_canoes_du_marais_location_canoe_kayak_paddle_pedalo_jaunay_vendee-63.jpg\" class=\"pfg-lightbox-all pfg-lightbox-3\" data-toggle=\"lightbox\" data-gallery=\"mixedgallery\" data-title=\"galerie_photos_les_canoes_du_marais_location_canoe_kayak_paddle_pedalo_jaunay_vendee (63)\" data-alt=\"galerie_photos_les_canoes_du_marais_location_canoe_kayak_paddle_pedalo_jaunay_vendee (63)\" title=\"galerie_photos_les_canoes_du_marais_location_canoe_kayak_paddle_pedalo_jaunay_vendee (63)\">\r\n\t\t\t\t\t\t<div data-category=\"3\" data-sort=\"galerie_photos_les_canoes_du_marais_location_canoe_kayak_paddle_pedalo_jaunay_vendee (63)\" class=\"animateonload filtr-item filtr_item_382 single_one col-lg-3 col-md-6 col-sm-6 col-12\">\r\n\t\t\t\t\t\t\t\t\t\t\t\t\t\t\t<img decoding=\"async\" class=\" thumbnail_382 pfg-img pfg_img_382 img-responsive hvr-float-shadow\" src=\"https:\/\/www.les-canoes-du-marais.com\/wp-content\/uploads\/2024\/06\/galerie_photos_les_canoes_du_marais_location_canoe_kayak_paddle_pedalo_jaunay_vendee-63.jpg\" alt=\"galerie_photos_les_canoes_du_marais_location_canoe_kayak_paddle_pedalo_jaunay_vendee (5)\">\r\n\t\t\t\t\t\t\t\t\t\t\t\t\t\t\t\t\t<span class=\"item-desc item_desc_382\">galerie_photos_les_canoes_du_marais_location_canoe_kayak_paddle_pedalo_jaunay_vendee (63)<\/span>\r\n\t\t\t\t\t\t\t\t\t\t\t\t\t\t<\/div>\r\n\t\t\t\t\t<\/a>\r\n\t\t\t\t\t\t\t\t\t\t<a href=\"https:\/\/www.les-canoes-du-marais.com\/wp-content\/uploads\/2024\/06\/galerie_photos_les_canoes_du_marais_location_canoe_kayak_paddle_pedalo_jaunay_vendee-61.jpg\" class=\"pfg-lightbox-all pfg-lightbox-3\" data-toggle=\"lightbox\" data-gallery=\"mixedgallery\" data-title=\"galerie_photos_les_canoes_du_marais_location_canoe_kayak_paddle_pedalo_jaunay_vendee (61)\" data-alt=\"galerie_photos_les_canoes_du_marais_location_canoe_kayak_paddle_pedalo_jaunay_vendee (61)\" title=\"galerie_photos_les_canoes_du_marais_location_canoe_kayak_paddle_pedalo_jaunay_vendee (61)\">\r\n\t\t\t\t\t\t<div data-category=\"3\" data-sort=\"galerie_photos_les_canoes_du_marais_location_canoe_kayak_paddle_pedalo_jaunay_vendee (61)\" class=\"animateonload filtr-item filtr_item_382 single_one col-lg-3 col-md-6 col-sm-6 col-12\">\r\n\t\t\t\t\t\t\t\t\t\t\t\t\t\t\t<img decoding=\"async\" class=\" thumbnail_382 pfg-img pfg_img_382 img-responsive hvr-float-shadow\" src=\"https:\/\/www.les-canoes-du-marais.com\/wp-content\/uploads\/2024\/06\/galerie_photos_les_canoes_du_marais_location_canoe_kayak_paddle_pedalo_jaunay_vendee-61.jpg\" alt=\"galerie_photos_les_canoes_du_marais_location_canoe_kayak_paddle_pedalo_jaunay_vendee (5)\">\r\n\t\t\t\t\t\t\t\t\t\t\t\t\t\t\t\t\t<span class=\"item-desc item_desc_382\">galerie_photos_les_canoes_du_marais_location_canoe_kayak_paddle_pedalo_jaunay_vendee (61)<\/span>\r\n\t\t\t\t\t\t\t\t\t\t\t\t\t\t<\/div>\r\n\t\t\t\t\t<\/a>\r\n\t\t\t\t\t\t\t\t\t\t<a href=\"https:\/\/www.les-canoes-du-marais.com\/wp-content\/uploads\/2024\/06\/galerie_photos_les_canoes_du_marais_location_canoe_kayak_paddle_pedalo_jaunay_vendee-47.jpg\" class=\"pfg-lightbox-all pfg-lightbox-2\" data-toggle=\"lightbox\" data-gallery=\"mixedgallery\" data-title=\"galerie_photos_les_canoes_du_marais_location_canoe_kayak_paddle_pedalo_jaunay_vendee (47)\" data-alt=\"galerie_photos_les_canoes_du_marais_location_canoe_kayak_paddle_pedalo_jaunay_vendee (47)\" title=\"galerie_photos_les_canoes_du_marais_location_canoe_kayak_paddle_pedalo_jaunay_vendee (47)\">\r\n\t\t\t\t\t\t<div data-category=\"2\" data-sort=\"galerie_photos_les_canoes_du_marais_location_canoe_kayak_paddle_pedalo_jaunay_vendee (47)\" class=\"animateonload filtr-item filtr_item_382 single_one col-lg-3 col-md-6 col-sm-6 col-12\">\r\n\t\t\t\t\t\t\t\t\t\t\t\t\t\t\t<img decoding=\"async\" class=\" thumbnail_382 pfg-img pfg_img_382 img-responsive hvr-float-shadow\" src=\"https:\/\/www.les-canoes-du-marais.com\/wp-content\/uploads\/2024\/06\/galerie_photos_les_canoes_du_marais_location_canoe_kayak_paddle_pedalo_jaunay_vendee-47.jpg\" alt=\"galerie_photos_les_canoes_du_marais_location_canoe_kayak_paddle_pedalo_jaunay_vendee (5)\">\r\n\t\t\t\t\t\t\t\t\t\t\t\t\t\t\t\t\t<span class=\"item-desc item_desc_382\">galerie_photos_les_canoes_du_marais_location_canoe_kayak_paddle_pedalo_jaunay_vendee (47)<\/span>\r\n\t\t\t\t\t\t\t\t\t\t\t\t\t\t<\/div>\r\n\t\t\t\t\t<\/a>\r\n\t\t\t\t\t\t\t\t\t\t<a href=\"https:\/\/www.les-canoes-du-marais.com\/wp-content\/uploads\/2024\/06\/galerie_photos_les_canoes_du_marais_location_canoe_kayak_paddle_pedalo_jaunay_vendee-37.jpg\" class=\"pfg-lightbox-all pfg-lightbox-2\" data-toggle=\"lightbox\" data-gallery=\"mixedgallery\" data-title=\"galerie_photos_les_canoes_du_marais_location_canoe_kayak_paddle_pedalo_jaunay_vendee (37)\" data-alt=\"galerie_photos_les_canoes_du_marais_location_canoe_kayak_paddle_pedalo_jaunay_vendee (37)\" title=\"galerie_photos_les_canoes_du_marais_location_canoe_kayak_paddle_pedalo_jaunay_vendee (37)\">\r\n\t\t\t\t\t\t<div data-category=\"2\" data-sort=\"galerie_photos_les_canoes_du_marais_location_canoe_kayak_paddle_pedalo_jaunay_vendee (37)\" class=\"animateonload filtr-item filtr_item_382 single_one col-lg-3 col-md-6 col-sm-6 col-12\">\r\n\t\t\t\t\t\t\t\t\t\t\t\t\t\t\t<img decoding=\"async\" class=\" thumbnail_382 pfg-img pfg_img_382 img-responsive hvr-float-shadow\" src=\"https:\/\/www.les-canoes-du-marais.com\/wp-content\/uploads\/2024\/06\/galerie_photos_les_canoes_du_marais_location_canoe_kayak_paddle_pedalo_jaunay_vendee-37.jpg\" alt=\"galerie_photos_les_canoes_du_marais_location_canoe_kayak_paddle_pedalo_jaunay_vendee (5)\">\r\n\t\t\t\t\t\t\t\t\t\t\t\t\t\t\t\t\t<span class=\"item-desc item_desc_382\">galerie_photos_les_canoes_du_marais_location_canoe_kayak_paddle_pedalo_jaunay_vendee (37)<\/span>\r\n\t\t\t\t\t\t\t\t\t\t\t\t\t\t<\/div>\r\n\t\t\t\t\t<\/a>\r\n\t\t\t\t\t\t\t\t\t\t<a href=\"https:\/\/www.les-canoes-du-marais.com\/wp-content\/uploads\/2024\/06\/galerie_photos_les_canoes_du_marais_location_canoe_kayak_paddle_pedalo_jaunay_vendee-52.jpg\" class=\"pfg-lightbox-all pfg-lightbox-4\" data-toggle=\"lightbox\" data-gallery=\"mixedgallery\" data-title=\"galerie_photos_les_canoes_du_marais_location_canoe_kayak_paddle_pedalo_jaunay_vendee (52)\" data-alt=\"galerie_photos_les_canoes_du_marais_location_canoe_kayak_paddle_pedalo_jaunay_vendee (52)\" title=\"galerie_photos_les_canoes_du_marais_location_canoe_kayak_paddle_pedalo_jaunay_vendee (52)\">\r\n\t\t\t\t\t\t<div data-category=\"4\" data-sort=\"galerie_photos_les_canoes_du_marais_location_canoe_kayak_paddle_pedalo_jaunay_vendee (52)\" class=\"animateonload filtr-item filtr_item_382 single_one col-lg-3 col-md-6 col-sm-6 col-12\">\r\n\t\t\t\t\t\t\t\t\t\t\t\t\t\t\t<img decoding=\"async\" class=\" thumbnail_382 pfg-img pfg_img_382 img-responsive hvr-float-shadow\" src=\"https:\/\/www.les-canoes-du-marais.com\/wp-content\/uploads\/2024\/06\/galerie_photos_les_canoes_du_marais_location_canoe_kayak_paddle_pedalo_jaunay_vendee-52.jpg\" alt=\"galerie_photos_les_canoes_du_marais_location_canoe_kayak_paddle_pedalo_jaunay_vendee (5)\">\r\n\t\t\t\t\t\t\t\t\t\t\t\t\t\t\t\t\t<span class=\"item-desc item_desc_382\">galerie_photos_les_canoes_du_marais_location_canoe_kayak_paddle_pedalo_jaunay_vendee (52)<\/span>\r\n\t\t\t\t\t\t\t\t\t\t\t\t\t\t<\/div>\r\n\t\t\t\t\t<\/a>\r\n\t\t\t\t\t\t\t\t\t\t<a href=\"https:\/\/www.les-canoes-du-marais.com\/wp-content\/uploads\/2024\/06\/galerie_photos_les_canoes_du_marais_location_canoe_kayak_paddle_pedalo_jaunay_vendee-46.jpg\" class=\"pfg-lightbox-all pfg-lightbox-2\" data-toggle=\"lightbox\" data-gallery=\"mixedgallery\" data-title=\"galerie_photos_les_canoes_du_marais_location_canoe_kayak_paddle_pedalo_jaunay_vendee (46)\" data-alt=\"galerie_photos_les_canoes_du_marais_location_canoe_kayak_paddle_pedalo_jaunay_vendee (46)\" title=\"galerie_photos_les_canoes_du_marais_location_canoe_kayak_paddle_pedalo_jaunay_vendee (46)\">\r\n\t\t\t\t\t\t<div data-category=\"2\" data-sort=\"galerie_photos_les_canoes_du_marais_location_canoe_kayak_paddle_pedalo_jaunay_vendee (46)\" class=\"animateonload filtr-item filtr_item_382 single_one col-lg-3 col-md-6 col-sm-6 col-12\">\r\n\t\t\t\t\t\t\t\t\t\t\t\t\t\t\t<img decoding=\"async\" class=\" thumbnail_382 pfg-img pfg_img_382 img-responsive hvr-float-shadow\" src=\"https:\/\/www.les-canoes-du-marais.com\/wp-content\/uploads\/2024\/06\/galerie_photos_les_canoes_du_marais_location_canoe_kayak_paddle_pedalo_jaunay_vendee-46.jpg\" alt=\"galerie_photos_les_canoes_du_marais_location_canoe_kayak_paddle_pedalo_jaunay_vendee (5)\">\r\n\t\t\t\t\t\t\t\t\t\t\t\t\t\t\t\t\t<span class=\"item-desc item_desc_382\">galerie_photos_les_canoes_du_marais_location_canoe_kayak_paddle_pedalo_jaunay_vendee (46)<\/span>\r\n\t\t\t\t\t\t\t\t\t\t\t\t\t\t<\/div>\r\n\t\t\t\t\t<\/a>\r\n\t\t\t\t\t\t\t\t\t\t<a href=\"https:\/\/www.les-canoes-du-marais.com\/wp-content\/uploads\/2024\/06\/galerie_photos_les_canoes_du_marais_location_canoe_kayak_paddle_pedalo_jaunay_vendee-57.jpg\" class=\"pfg-lightbox-all pfg-lightbox-3\" data-toggle=\"lightbox\" data-gallery=\"mixedgallery\" data-title=\"galerie_photos_les_canoes_du_marais_location_canoe_kayak_paddle_pedalo_jaunay_vendee (57)\" data-alt=\"galerie_photos_les_canoes_du_marais_location_canoe_kayak_paddle_pedalo_jaunay_vendee (57)\" title=\"galerie_photos_les_canoes_du_marais_location_canoe_kayak_paddle_pedalo_jaunay_vendee (57)\">\r\n\t\t\t\t\t\t<div data-category=\"3\" data-sort=\"galerie_photos_les_canoes_du_marais_location_canoe_kayak_paddle_pedalo_jaunay_vendee (57)\" class=\"animateonload filtr-item filtr_item_382 single_one col-lg-3 col-md-6 col-sm-6 col-12\">\r\n\t\t\t\t\t\t\t\t\t\t\t\t\t\t\t<img decoding=\"async\" class=\" thumbnail_382 pfg-img pfg_img_382 img-responsive hvr-float-shadow\" src=\"https:\/\/www.les-canoes-du-marais.com\/wp-content\/uploads\/2024\/06\/galerie_photos_les_canoes_du_marais_location_canoe_kayak_paddle_pedalo_jaunay_vendee-57.jpg\" alt=\"galerie_photos_les_canoes_du_marais_location_canoe_kayak_paddle_pedalo_jaunay_vendee (5)\">\r\n\t\t\t\t\t\t\t\t\t\t\t\t\t\t\t\t\t<span class=\"item-desc item_desc_382\">galerie_photos_les_canoes_du_marais_location_canoe_kayak_paddle_pedalo_jaunay_vendee (57)<\/span>\r\n\t\t\t\t\t\t\t\t\t\t\t\t\t\t<\/div>\r\n\t\t\t\t\t<\/a>\r\n\t\t\t\t\t\t\t\t\t\t<a href=\"https:\/\/www.les-canoes-du-marais.com\/wp-content\/uploads\/2024\/06\/galerie_photos_les_canoes_du_marais_location_canoe_kayak_paddle_pedalo_jaunay_vendee-48.jpg\" class=\"pfg-lightbox-all pfg-lightbox-2\" data-toggle=\"lightbox\" data-gallery=\"mixedgallery\" data-title=\"galerie_photos_les_canoes_du_marais_location_canoe_kayak_paddle_pedalo_jaunay_vendee (48)\" data-alt=\"galerie_photos_les_canoes_du_marais_location_canoe_kayak_paddle_pedalo_jaunay_vendee (48)\" title=\"galerie_photos_les_canoes_du_marais_location_canoe_kayak_paddle_pedalo_jaunay_vendee (48)\">\r\n\t\t\t\t\t\t<div data-category=\"2\" data-sort=\"galerie_photos_les_canoes_du_marais_location_canoe_kayak_paddle_pedalo_jaunay_vendee (48)\" class=\"animateonload filtr-item filtr_item_382 single_one col-lg-3 col-md-6 col-sm-6 col-12\">\r\n\t\t\t\t\t\t\t\t\t\t\t\t\t\t\t<img decoding=\"async\" class=\" thumbnail_382 pfg-img pfg_img_382 img-responsive hvr-float-shadow\" src=\"https:\/\/www.les-canoes-du-marais.com\/wp-content\/uploads\/2024\/06\/galerie_photos_les_canoes_du_marais_location_canoe_kayak_paddle_pedalo_jaunay_vendee-48.jpg\" alt=\"galerie_photos_les_canoes_du_marais_location_canoe_kayak_paddle_pedalo_jaunay_vendee (5)\">\r\n\t\t\t\t\t\t\t\t\t\t\t\t\t\t\t\t\t<span class=\"item-desc item_desc_382\">galerie_photos_les_canoes_du_marais_location_canoe_kayak_paddle_pedalo_jaunay_vendee (48)<\/span>\r\n\t\t\t\t\t\t\t\t\t\t\t\t\t\t<\/div>\r\n\t\t\t\t\t<\/a>\r\n\t\t\t\t\t\t\t\t\t\t<a href=\"https:\/\/www.les-canoes-du-marais.com\/wp-content\/uploads\/2024\/06\/galerie_photos_les_canoes_du_marais_location_canoe_kayak_paddle_pedalo_jaunay_vendee-56.jpg\" class=\"pfg-lightbox-all pfg-lightbox-3\" data-toggle=\"lightbox\" data-gallery=\"mixedgallery\" data-title=\"galerie_photos_les_canoes_du_marais_location_canoe_kayak_paddle_pedalo_jaunay_vendee (56)\" data-alt=\"galerie_photos_les_canoes_du_marais_location_canoe_kayak_paddle_pedalo_jaunay_vendee (56)\" title=\"galerie_photos_les_canoes_du_marais_location_canoe_kayak_paddle_pedalo_jaunay_vendee (56)\">\r\n\t\t\t\t\t\t<div data-category=\"3\" data-sort=\"galerie_photos_les_canoes_du_marais_location_canoe_kayak_paddle_pedalo_jaunay_vendee (56)\" class=\"animateonload filtr-item filtr_item_382 single_one col-lg-3 col-md-6 col-sm-6 col-12\">\r\n\t\t\t\t\t\t\t\t\t\t\t\t\t\t\t<img decoding=\"async\" class=\" thumbnail_382 pfg-img pfg_img_382 img-responsive hvr-float-shadow\" src=\"https:\/\/www.les-canoes-du-marais.com\/wp-content\/uploads\/2024\/06\/galerie_photos_les_canoes_du_marais_location_canoe_kayak_paddle_pedalo_jaunay_vendee-56.jpg\" alt=\"galerie_photos_les_canoes_du_marais_location_canoe_kayak_paddle_pedalo_jaunay_vendee (5)\">\r\n\t\t\t\t\t\t\t\t\t\t\t\t\t\t\t\t\t<span class=\"item-desc item_desc_382\">galerie_photos_les_canoes_du_marais_location_canoe_kayak_paddle_pedalo_jaunay_vendee (56)<\/span>\r\n\t\t\t\t\t\t\t\t\t\t\t\t\t\t<\/div>\r\n\t\t\t\t\t<\/a>\r\n\t\t\t\t\t\t\t\t\t\t<a href=\"https:\/\/www.les-canoes-du-marais.com\/wp-content\/uploads\/2024\/06\/galerie_photos_les_canoes_du_marais_location_canoe_kayak_paddle_pedalo_jaunay_vendee-55-1.jpg\" class=\"pfg-lightbox-all pfg-lightbox-4\" data-toggle=\"lightbox\" data-gallery=\"mixedgallery\" data-title=\"galerie_photos_les_canoes_du_marais_location_canoe_kayak_paddle_pedalo_jaunay_vendee (55) (1)\" data-alt=\"galerie_photos_les_canoes_du_marais_location_canoe_kayak_paddle_pedalo_jaunay_vendee (55) (1)\" title=\"galerie_photos_les_canoes_du_marais_location_canoe_kayak_paddle_pedalo_jaunay_vendee (55) (1)\">\r\n\t\t\t\t\t\t<div data-category=\"4\" data-sort=\"galerie_photos_les_canoes_du_marais_location_canoe_kayak_paddle_pedalo_jaunay_vendee (55) (1)\" class=\"animateonload filtr-item filtr_item_382 single_one col-lg-3 col-md-6 col-sm-6 col-12\">\r\n\t\t\t\t\t\t\t\t\t\t\t\t\t\t\t<img decoding=\"async\" class=\" thumbnail_382 pfg-img pfg_img_382 img-responsive hvr-float-shadow\" src=\"https:\/\/www.les-canoes-du-marais.com\/wp-content\/uploads\/2024\/06\/galerie_photos_les_canoes_du_marais_location_canoe_kayak_paddle_pedalo_jaunay_vendee-55-1.jpg\" alt=\"galerie_photos_les_canoes_du_marais_location_canoe_kayak_paddle_pedalo_jaunay_vendee (5)\">\r\n\t\t\t\t\t\t\t\t\t\t\t\t\t\t\t\t\t<span class=\"item-desc item_desc_382\">galerie_photos_les_canoes_du_marais_location_canoe_kayak_paddle_pedalo_jaunay_vendee (55) (1)<\/span>\r\n\t\t\t\t\t\t\t\t\t\t\t\t\t\t<\/div>\r\n\t\t\t\t\t<\/a>\r\n\t\t\t\t\t\t\t\t\t\t<a href=\"https:\/\/www.les-canoes-du-marais.com\/wp-content\/uploads\/2024\/06\/galerie_photos_les_canoes_du_marais_location_canoe_kayak_paddle_pedalo_jaunay_vendee-51.jpg\" class=\"pfg-lightbox-all pfg-lightbox-4\" data-toggle=\"lightbox\" data-gallery=\"mixedgallery\" data-title=\"galerie_photos_les_canoes_du_marais_location_canoe_kayak_paddle_pedalo_jaunay_vendee (51)\" data-alt=\"galerie_photos_les_canoes_du_marais_location_canoe_kayak_paddle_pedalo_jaunay_vendee (51)\" title=\"galerie_photos_les_canoes_du_marais_location_canoe_kayak_paddle_pedalo_jaunay_vendee (51)\">\r\n\t\t\t\t\t\t<div data-category=\"4\" data-sort=\"galerie_photos_les_canoes_du_marais_location_canoe_kayak_paddle_pedalo_jaunay_vendee (51)\" class=\"animateonload filtr-item filtr_item_382 single_one col-lg-3 col-md-6 col-sm-6 col-12\">\r\n\t\t\t\t\t\t\t\t\t\t\t\t\t\t\t<img decoding=\"async\" class=\" thumbnail_382 pfg-img pfg_img_382 img-responsive hvr-float-shadow\" src=\"https:\/\/www.les-canoes-du-marais.com\/wp-content\/uploads\/2024\/06\/galerie_photos_les_canoes_du_marais_location_canoe_kayak_paddle_pedalo_jaunay_vendee-51.jpg\" alt=\"galerie_photos_les_canoes_du_marais_location_canoe_kayak_paddle_pedalo_jaunay_vendee (5)\">\r\n\t\t\t\t\t\t\t\t\t\t\t\t\t\t\t\t\t<span class=\"item-desc item_desc_382\">galerie_photos_les_canoes_du_marais_location_canoe_kayak_paddle_pedalo_jaunay_vendee (51)<\/span>\r\n\t\t\t\t\t\t\t\t\t\t\t\t\t\t<\/div>\r\n\t\t\t\t\t<\/a>\r\n\t\t\t\t\t\t\t\t\t\t<a href=\"https:\/\/www.les-canoes-du-marais.com\/wp-content\/uploads\/2024\/06\/galerie_photos_les_canoes_du_marais_location_canoe_kayak_paddle_pedalo_jaunay_vendee-60.jpg\" class=\"pfg-lightbox-all pfg-lightbox-3\" data-toggle=\"lightbox\" data-gallery=\"mixedgallery\" data-title=\"galerie_photos_les_canoes_du_marais_location_canoe_kayak_paddle_pedalo_jaunay_vendee (60)\" data-alt=\"galerie_photos_les_canoes_du_marais_location_canoe_kayak_paddle_pedalo_jaunay_vendee (60)\" title=\"galerie_photos_les_canoes_du_marais_location_canoe_kayak_paddle_pedalo_jaunay_vendee (60)\">\r\n\t\t\t\t\t\t<div data-category=\"3\" data-sort=\"galerie_photos_les_canoes_du_marais_location_canoe_kayak_paddle_pedalo_jaunay_vendee (60)\" class=\"animateonload filtr-item filtr_item_382 single_one col-lg-3 col-md-6 col-sm-6 col-12\">\r\n\t\t\t\t\t\t\t\t\t\t\t\t\t\t\t<img decoding=\"async\" class=\" thumbnail_382 pfg-img pfg_img_382 img-responsive hvr-float-shadow\" src=\"https:\/\/www.les-canoes-du-marais.com\/wp-content\/uploads\/2024\/06\/galerie_photos_les_canoes_du_marais_location_canoe_kayak_paddle_pedalo_jaunay_vendee-60.jpg\" alt=\"galerie_photos_les_canoes_du_marais_location_canoe_kayak_paddle_pedalo_jaunay_vendee (5)\">\r\n\t\t\t\t\t\t\t\t\t\t\t\t\t\t\t\t\t<span class=\"item-desc item_desc_382\">galerie_photos_les_canoes_du_marais_location_canoe_kayak_paddle_pedalo_jaunay_vendee (60)<\/span>\r\n\t\t\t\t\t\t\t\t\t\t\t\t\t\t<\/div>\r\n\t\t\t\t\t<\/a>\r\n\t\t\t\t\t\t\t\t\t\t<a href=\"https:\/\/www.les-canoes-du-marais.com\/wp-content\/uploads\/2024\/06\/galerie_photos_les_canoes_du_marais_location_canoe_kayak_paddle_pedalo_jaunay_vendee-50.jpg\" class=\"pfg-lightbox-all pfg-lightbox-4\" data-toggle=\"lightbox\" data-gallery=\"mixedgallery\" data-title=\"galerie_photos_les_canoes_du_marais_location_canoe_kayak_paddle_pedalo_jaunay_vendee (50)\" data-alt=\"galerie_photos_les_canoes_du_marais_location_canoe_kayak_paddle_pedalo_jaunay_vendee (50)\" title=\"galerie_photos_les_canoes_du_marais_location_canoe_kayak_paddle_pedalo_jaunay_vendee (50)\">\r\n\t\t\t\t\t\t<div data-category=\"4\" data-sort=\"galerie_photos_les_canoes_du_marais_location_canoe_kayak_paddle_pedalo_jaunay_vendee (50)\" class=\"animateonload filtr-item filtr_item_382 single_one col-lg-3 col-md-6 col-sm-6 col-12\">\r\n\t\t\t\t\t\t\t\t\t\t\t\t\t\t\t<img decoding=\"async\" class=\" thumbnail_382 pfg-img pfg_img_382 img-responsive hvr-float-shadow\" src=\"https:\/\/www.les-canoes-du-marais.com\/wp-content\/uploads\/2024\/06\/galerie_photos_les_canoes_du_marais_location_canoe_kayak_paddle_pedalo_jaunay_vendee-50.jpg\" alt=\"galerie_photos_les_canoes_du_marais_location_canoe_kayak_paddle_pedalo_jaunay_vendee (5)\">\r\n\t\t\t\t\t\t\t\t\t\t\t\t\t\t\t\t\t<span class=\"item-desc item_desc_382\">galerie_photos_les_canoes_du_marais_location_canoe_kayak_paddle_pedalo_jaunay_vendee (50)<\/span>\r\n\t\t\t\t\t\t\t\t\t\t\t\t\t\t<\/div>\r\n\t\t\t\t\t<\/a>\r\n\t\t\t\t\t\t\t\t\t\t<a href=\"https:\/\/www.les-canoes-du-marais.com\/wp-content\/uploads\/2024\/06\/galerie_photos_les_canoes_du_marais_location_canoe_kayak_paddle_pedalo_jaunay_vendee-53.jpg\" class=\"pfg-lightbox-all pfg-lightbox-4\" data-toggle=\"lightbox\" data-gallery=\"mixedgallery\" data-title=\"galerie_photos_les_canoes_du_marais_location_canoe_kayak_paddle_pedalo_jaunay_vendee (53)\" data-alt=\"galerie_photos_les_canoes_du_marais_location_canoe_kayak_paddle_pedalo_jaunay_vendee (53)\" title=\"galerie_photos_les_canoes_du_marais_location_canoe_kayak_paddle_pedalo_jaunay_vendee (53)\">\r\n\t\t\t\t\t\t<div data-category=\"4\" data-sort=\"galerie_photos_les_canoes_du_marais_location_canoe_kayak_paddle_pedalo_jaunay_vendee (53)\" class=\"animateonload filtr-item filtr_item_382 single_one col-lg-3 col-md-6 col-sm-6 col-12\">\r\n\t\t\t\t\t\t\t\t\t\t\t\t\t\t\t<img decoding=\"async\" class=\" thumbnail_382 pfg-img pfg_img_382 img-responsive hvr-float-shadow\" src=\"https:\/\/www.les-canoes-du-marais.com\/wp-content\/uploads\/2024\/06\/galerie_photos_les_canoes_du_marais_location_canoe_kayak_paddle_pedalo_jaunay_vendee-53.jpg\" alt=\"galerie_photos_les_canoes_du_marais_location_canoe_kayak_paddle_pedalo_jaunay_vendee (5)\">\r\n\t\t\t\t\t\t\t\t\t\t\t\t\t\t\t\t\t<span class=\"item-desc item_desc_382\">galerie_photos_les_canoes_du_marais_location_canoe_kayak_paddle_pedalo_jaunay_vendee (53)<\/span>\r\n\t\t\t\t\t\t\t\t\t\t\t\t\t\t<\/div>\r\n\t\t\t\t\t<\/a>\r\n\t\t\t\t\t\t\t\t\t\t<a href=\"https:\/\/www.les-canoes-du-marais.com\/wp-content\/uploads\/2024\/06\/galerie_photos_les_canoes_du_marais_location_canoe_kayak_paddle_pedalo_jaunay_vendee-59.jpg\" class=\"pfg-lightbox-all pfg-lightbox-3\" data-toggle=\"lightbox\" data-gallery=\"mixedgallery\" data-title=\"galerie_photos_les_canoes_du_marais_location_canoe_kayak_paddle_pedalo_jaunay_vendee (59)\" data-alt=\"galerie_photos_les_canoes_du_marais_location_canoe_kayak_paddle_pedalo_jaunay_vendee (59)\" title=\"galerie_photos_les_canoes_du_marais_location_canoe_kayak_paddle_pedalo_jaunay_vendee (59)\">\r\n\t\t\t\t\t\t<div data-category=\"3\" data-sort=\"galerie_photos_les_canoes_du_marais_location_canoe_kayak_paddle_pedalo_jaunay_vendee (59)\" class=\"animateonload filtr-item filtr_item_382 single_one col-lg-3 col-md-6 col-sm-6 col-12\">\r\n\t\t\t\t\t\t\t\t\t\t\t\t\t\t\t<img decoding=\"async\" class=\" thumbnail_382 pfg-img pfg_img_382 img-responsive hvr-float-shadow\" src=\"https:\/\/www.les-canoes-du-marais.com\/wp-content\/uploads\/2024\/06\/galerie_photos_les_canoes_du_marais_location_canoe_kayak_paddle_pedalo_jaunay_vendee-59.jpg\" alt=\"galerie_photos_les_canoes_du_marais_location_canoe_kayak_paddle_pedalo_jaunay_vendee (5)\">\r\n\t\t\t\t\t\t\t\t\t\t\t\t\t\t\t\t\t<span class=\"item-desc item_desc_382\">galerie_photos_les_canoes_du_marais_location_canoe_kayak_paddle_pedalo_jaunay_vendee (59)<\/span>\r\n\t\t\t\t\t\t\t\t\t\t\t\t\t\t<\/div>\r\n\t\t\t\t\t<\/a>\r\n\t\t\t\t\t\t\t\t\t\t<a href=\"https:\/\/www.les-canoes-du-marais.com\/wp-content\/uploads\/2024\/06\/galerie_photos_les_canoes_du_marais_location_canoe_kayak_paddle_pedalo_jaunay_vendee-54.jpg\" class=\"pfg-lightbox-all pfg-lightbox-4\" data-toggle=\"lightbox\" data-gallery=\"mixedgallery\" data-title=\"galerie_photos_les_canoes_du_marais_location_canoe_kayak_paddle_pedalo_jaunay_vendee (54)\" data-alt=\"galerie_photos_les_canoes_du_marais_location_canoe_kayak_paddle_pedalo_jaunay_vendee (54)\" title=\"galerie_photos_les_canoes_du_marais_location_canoe_kayak_paddle_pedalo_jaunay_vendee (54)\">\r\n\t\t\t\t\t\t<div data-category=\"4\" data-sort=\"galerie_photos_les_canoes_du_marais_location_canoe_kayak_paddle_pedalo_jaunay_vendee (54)\" class=\"animateonload filtr-item filtr_item_382 single_one col-lg-3 col-md-6 col-sm-6 col-12\">\r\n\t\t\t\t\t\t\t\t\t\t\t\t\t\t\t<img decoding=\"async\" class=\" thumbnail_382 pfg-img pfg_img_382 img-responsive hvr-float-shadow\" src=\"https:\/\/www.les-canoes-du-marais.com\/wp-content\/uploads\/2024\/06\/galerie_photos_les_canoes_du_marais_location_canoe_kayak_paddle_pedalo_jaunay_vendee-54.jpg\" alt=\"galerie_photos_les_canoes_du_marais_location_canoe_kayak_paddle_pedalo_jaunay_vendee (5)\">\r\n\t\t\t\t\t\t\t\t\t\t\t\t\t\t\t\t\t<span class=\"item-desc item_desc_382\">galerie_photos_les_canoes_du_marais_location_canoe_kayak_paddle_pedalo_jaunay_vendee (54)<\/span>\r\n\t\t\t\t\t\t\t\t\t\t\t\t\t\t<\/div>\r\n\t\t\t\t\t<\/a>\r\n\t\t\t\t\t\t\t\t\t\t<a href=\"https:\/\/www.les-canoes-du-marais.com\/wp-content\/uploads\/2024\/06\/galerie_photos_les_canoes_du_marais_location_canoe_kayak_paddle_pedalo_jaunay_vendee-58.jpg\" class=\"pfg-lightbox-all pfg-lightbox-3\" data-toggle=\"lightbox\" data-gallery=\"mixedgallery\" data-title=\"galerie_photos_les_canoes_du_marais_location_canoe_kayak_paddle_pedalo_jaunay_vendee (58)\" data-alt=\"galerie_photos_les_canoes_du_marais_location_canoe_kayak_paddle_pedalo_jaunay_vendee (58)\" title=\"galerie_photos_les_canoes_du_marais_location_canoe_kayak_paddle_pedalo_jaunay_vendee (58)\">\r\n\t\t\t\t\t\t<div data-category=\"3\" data-sort=\"galerie_photos_les_canoes_du_marais_location_canoe_kayak_paddle_pedalo_jaunay_vendee (58)\" class=\"animateonload filtr-item filtr_item_382 single_one col-lg-3 col-md-6 col-sm-6 col-12\">\r\n\t\t\t\t\t\t\t\t\t\t\t\t\t\t\t<img decoding=\"async\" class=\" thumbnail_382 pfg-img pfg_img_382 img-responsive hvr-float-shadow\" src=\"https:\/\/www.les-canoes-du-marais.com\/wp-content\/uploads\/2024\/06\/galerie_photos_les_canoes_du_marais_location_canoe_kayak_paddle_pedalo_jaunay_vendee-58.jpg\" alt=\"galerie_photos_les_canoes_du_marais_location_canoe_kayak_paddle_pedalo_jaunay_vendee (5)\">\r\n\t\t\t\t\t\t\t\t\t\t\t\t\t\t\t\t\t<span class=\"item-desc item_desc_382\">galerie_photos_les_canoes_du_marais_location_canoe_kayak_paddle_pedalo_jaunay_vendee (58)<\/span>\r\n\t\t\t\t\t\t\t\t\t\t\t\t\t\t<\/div>\r\n\t\t\t\t\t<\/a>\r\n\t\t\t\t\t\t\t\t\t\t<a href=\"https:\/\/www.les-canoes-du-marais.com\/wp-content\/uploads\/2024\/06\/galerie_photos_les_canoes_du_marais_location_canoe_kayak_paddle_pedalo_jaunay_vendee-49.jpg\" class=\"pfg-lightbox-all pfg-lightbox-2\" data-toggle=\"lightbox\" data-gallery=\"mixedgallery\" data-title=\"galerie_photos_les_canoes_du_marais_location_canoe_kayak_paddle_pedalo_jaunay_vendee (49)\" data-alt=\"galerie_photos_les_canoes_du_marais_location_canoe_kayak_paddle_pedalo_jaunay_vendee (49)\" title=\"galerie_photos_les_canoes_du_marais_location_canoe_kayak_paddle_pedalo_jaunay_vendee (49)\">\r\n\t\t\t\t\t\t<div data-category=\"2\" data-sort=\"galerie_photos_les_canoes_du_marais_location_canoe_kayak_paddle_pedalo_jaunay_vendee (49)\" class=\"animateonload filtr-item filtr_item_382 single_one col-lg-3 col-md-6 col-sm-6 col-12\">\r\n\t\t\t\t\t\t\t\t\t\t\t\t\t\t\t<img decoding=\"async\" class=\" thumbnail_382 pfg-img pfg_img_382 img-responsive hvr-float-shadow\" src=\"https:\/\/www.les-canoes-du-marais.com\/wp-content\/uploads\/2024\/06\/galerie_photos_les_canoes_du_marais_location_canoe_kayak_paddle_pedalo_jaunay_vendee-49.jpg\" alt=\"galerie_photos_les_canoes_du_marais_location_canoe_kayak_paddle_pedalo_jaunay_vendee (5)\">\r\n\t\t\t\t\t\t\t\t\t\t\t\t\t\t\t\t\t<span class=\"item-desc item_desc_382\">galerie_photos_les_canoes_du_marais_location_canoe_kayak_paddle_pedalo_jaunay_vendee (49)<\/span>\r\n\t\t\t\t\t\t\t\t\t\t\t\t\t\t<\/div>\r\n\t\t\t\t\t<\/a>\r\n\t\t\t\t\t\t\t\t\t\t<a href=\"https:\/\/www.les-canoes-du-marais.com\/wp-content\/uploads\/2024\/06\/galerie_photos_les_canoes_du_marais_location_canoe_kayak_paddle_pedalo_jaunay_vendee-45.jpg\" class=\"pfg-lightbox-all pfg-lightbox-2\" data-toggle=\"lightbox\" data-gallery=\"mixedgallery\" data-title=\"galerie_photos_les_canoes_du_marais_location_canoe_kayak_paddle_pedalo_jaunay_vendee (45)\" data-alt=\"galerie_photos_les_canoes_du_marais_location_canoe_kayak_paddle_pedalo_jaunay_vendee (45)\" title=\"galerie_photos_les_canoes_du_marais_location_canoe_kayak_paddle_pedalo_jaunay_vendee (45)\">\r\n\t\t\t\t\t\t<div data-category=\"2\" data-sort=\"galerie_photos_les_canoes_du_marais_location_canoe_kayak_paddle_pedalo_jaunay_vendee (45)\" class=\"animateonload filtr-item filtr_item_382 single_one col-lg-3 col-md-6 col-sm-6 col-12\">\r\n\t\t\t\t\t\t\t\t\t\t\t\t\t\t\t<img decoding=\"async\" class=\" thumbnail_382 pfg-img pfg_img_382 img-responsive hvr-float-shadow\" src=\"https:\/\/www.les-canoes-du-marais.com\/wp-content\/uploads\/2024\/06\/galerie_photos_les_canoes_du_marais_location_canoe_kayak_paddle_pedalo_jaunay_vendee-45.jpg\" alt=\"galerie_photos_les_canoes_du_marais_location_canoe_kayak_paddle_pedalo_jaunay_vendee (5)\">\r\n\t\t\t\t\t\t\t\t\t\t\t\t\t\t\t\t\t<span class=\"item-desc item_desc_382\">galerie_photos_les_canoes_du_marais_location_canoe_kayak_paddle_pedalo_jaunay_vendee (45)<\/span>\r\n\t\t\t\t\t\t\t\t\t\t\t\t\t\t<\/div>\r\n\t\t\t\t\t<\/a>\r\n\t\t\t\t\t\t\t\t\t\t<a href=\"https:\/\/www.les-canoes-du-marais.com\/wp-content\/uploads\/2024\/06\/galerie_photos_les_canoes_du_marais_location_canoe_kayak_paddle_pedalo_jaunay_vendee-36.jpg\" class=\"pfg-lightbox-all pfg-lightbox-2\" data-toggle=\"lightbox\" data-gallery=\"mixedgallery\" data-title=\"galerie_photos_les_canoes_du_marais_location_canoe_kayak_paddle_pedalo_jaunay_vendee (36)\" data-alt=\"galerie_photos_les_canoes_du_marais_location_canoe_kayak_paddle_pedalo_jaunay_vendee (36)\" title=\"galerie_photos_les_canoes_du_marais_location_canoe_kayak_paddle_pedalo_jaunay_vendee (36)\">\r\n\t\t\t\t\t\t<div data-category=\"2\" data-sort=\"galerie_photos_les_canoes_du_marais_location_canoe_kayak_paddle_pedalo_jaunay_vendee (36)\" class=\"animateonload filtr-item filtr_item_382 single_one col-lg-3 col-md-6 col-sm-6 col-12\">\r\n\t\t\t\t\t\t\t\t\t\t\t\t\t\t\t<img decoding=\"async\" class=\" thumbnail_382 pfg-img pfg_img_382 img-responsive hvr-float-shadow\" src=\"https:\/\/www.les-canoes-du-marais.com\/wp-content\/uploads\/2024\/06\/galerie_photos_les_canoes_du_marais_location_canoe_kayak_paddle_pedalo_jaunay_vendee-36.jpg\" alt=\"galerie_photos_les_canoes_du_marais_location_canoe_kayak_paddle_pedalo_jaunay_vendee (5)\">\r\n\t\t\t\t\t\t\t\t\t\t\t\t\t\t\t\t\t<span class=\"item-desc item_desc_382\">galerie_photos_les_canoes_du_marais_location_canoe_kayak_paddle_pedalo_jaunay_vendee (36)<\/span>\r\n\t\t\t\t\t\t\t\t\t\t\t\t\t\t<\/div>\r\n\t\t\t\t\t<\/a>\r\n\t\t\t\t\t\t\t\t\t\t<a href=\"https:\/\/www.les-canoes-du-marais.com\/wp-content\/uploads\/2024\/06\/galerie_photos_les_canoes_du_marais_location_canoe_kayak_paddle_pedalo_jaunay_vendee-44.jpg\" class=\"pfg-lightbox-all pfg-lightbox-2\" data-toggle=\"lightbox\" data-gallery=\"mixedgallery\" data-title=\"galerie_photos_les_canoes_du_marais_location_canoe_kayak_paddle_pedalo_jaunay_vendee (44)\" data-alt=\"galerie_photos_les_canoes_du_marais_location_canoe_kayak_paddle_pedalo_jaunay_vendee (44)\" title=\"galerie_photos_les_canoes_du_marais_location_canoe_kayak_paddle_pedalo_jaunay_vendee (44)\">\r\n\t\t\t\t\t\t<div data-category=\"2\" data-sort=\"galerie_photos_les_canoes_du_marais_location_canoe_kayak_paddle_pedalo_jaunay_vendee (44)\" class=\"animateonload filtr-item filtr_item_382 single_one col-lg-3 col-md-6 col-sm-6 col-12\">\r\n\t\t\t\t\t\t\t\t\t\t\t\t\t\t\t<img decoding=\"async\" class=\" thumbnail_382 pfg-img pfg_img_382 img-responsive hvr-float-shadow\" src=\"https:\/\/www.les-canoes-du-marais.com\/wp-content\/uploads\/2024\/06\/galerie_photos_les_canoes_du_marais_location_canoe_kayak_paddle_pedalo_jaunay_vendee-44.jpg\" alt=\"galerie_photos_les_canoes_du_marais_location_canoe_kayak_paddle_pedalo_jaunay_vendee (5)\">\r\n\t\t\t\t\t\t\t\t\t\t\t\t\t\t\t\t\t<span class=\"item-desc item_desc_382\">galerie_photos_les_canoes_du_marais_location_canoe_kayak_paddle_pedalo_jaunay_vendee (44)<\/span>\r\n\t\t\t\t\t\t\t\t\t\t\t\t\t\t<\/div>\r\n\t\t\t\t\t<\/a>\r\n\t\t\t\t\t\t\t\t\t\t<a href=\"https:\/\/www.les-canoes-du-marais.com\/wp-content\/uploads\/2024\/06\/galerie_photos_les_canoes_du_marais_location_canoe_kayak_paddle_pedalo_jaunay_vendee-40.jpg\" class=\"pfg-lightbox-all pfg-lightbox-2\" data-toggle=\"lightbox\" data-gallery=\"mixedgallery\" data-title=\"galerie_photos_les_canoes_du_marais_location_canoe_kayak_paddle_pedalo_jaunay_vendee (40)\" data-alt=\"galerie_photos_les_canoes_du_marais_location_canoe_kayak_paddle_pedalo_jaunay_vendee (40)\" title=\"galerie_photos_les_canoes_du_marais_location_canoe_kayak_paddle_pedalo_jaunay_vendee (40)\">\r\n\t\t\t\t\t\t<div data-category=\"2\" data-sort=\"galerie_photos_les_canoes_du_marais_location_canoe_kayak_paddle_pedalo_jaunay_vendee (40)\" class=\"animateonload filtr-item filtr_item_382 single_one col-lg-3 col-md-6 col-sm-6 col-12\">\r\n\t\t\t\t\t\t\t\t\t\t\t\t\t\t\t<img decoding=\"async\" class=\" thumbnail_382 pfg-img pfg_img_382 img-responsive hvr-float-shadow\" src=\"https:\/\/www.les-canoes-du-marais.com\/wp-content\/uploads\/2024\/06\/galerie_photos_les_canoes_du_marais_location_canoe_kayak_paddle_pedalo_jaunay_vendee-40.jpg\" alt=\"galerie_photos_les_canoes_du_marais_location_canoe_kayak_paddle_pedalo_jaunay_vendee (5)\">\r\n\t\t\t\t\t\t\t\t\t\t\t\t\t\t\t\t\t<span class=\"item-desc item_desc_382\">galerie_photos_les_canoes_du_marais_location_canoe_kayak_paddle_pedalo_jaunay_vendee (40)<\/span>\r\n\t\t\t\t\t\t\t\t\t\t\t\t\t\t<\/div>\r\n\t\t\t\t\t<\/a>\r\n\t\t\t\t\t\t\t\t\t\t<a href=\"https:\/\/www.les-canoes-du-marais.com\/wp-content\/uploads\/2024\/06\/galerie_photos_les_canoes_du_marais_location_canoe_kayak_paddle_pedalo_jaunay_vendee-43.jpg\" class=\"pfg-lightbox-all pfg-lightbox-2\" data-toggle=\"lightbox\" data-gallery=\"mixedgallery\" data-title=\"galerie_photos_les_canoes_du_marais_location_canoe_kayak_paddle_pedalo_jaunay_vendee (43)\" data-alt=\"galerie_photos_les_canoes_du_marais_location_canoe_kayak_paddle_pedalo_jaunay_vendee (43)\" title=\"galerie_photos_les_canoes_du_marais_location_canoe_kayak_paddle_pedalo_jaunay_vendee (43)\">\r\n\t\t\t\t\t\t<div data-category=\"2\" data-sort=\"galerie_photos_les_canoes_du_marais_location_canoe_kayak_paddle_pedalo_jaunay_vendee (43)\" class=\"animateonload filtr-item filtr_item_382 single_one col-lg-3 col-md-6 col-sm-6 col-12\">\r\n\t\t\t\t\t\t\t\t\t\t\t\t\t\t\t<img decoding=\"async\" class=\" thumbnail_382 pfg-img pfg_img_382 img-responsive hvr-float-shadow\" src=\"https:\/\/www.les-canoes-du-marais.com\/wp-content\/uploads\/2024\/06\/galerie_photos_les_canoes_du_marais_location_canoe_kayak_paddle_pedalo_jaunay_vendee-43.jpg\" alt=\"galerie_photos_les_canoes_du_marais_location_canoe_kayak_paddle_pedalo_jaunay_vendee (5)\">\r\n\t\t\t\t\t\t\t\t\t\t\t\t\t\t\t\t\t<span class=\"item-desc item_desc_382\">galerie_photos_les_canoes_du_marais_location_canoe_kayak_paddle_pedalo_jaunay_vendee (43)<\/span>\r\n\t\t\t\t\t\t\t\t\t\t\t\t\t\t<\/div>\r\n\t\t\t\t\t<\/a>\r\n\t\t\t\t\t\t\t\t\t\t<a href=\"https:\/\/www.les-canoes-du-marais.com\/wp-content\/uploads\/2024\/06\/galerie_photos_les_canoes_du_marais_location_canoe_kayak_paddle_pedalo_jaunay_vendee-19.jpg\" class=\"pfg-lightbox-all pfg-lightbox-5\" data-toggle=\"lightbox\" data-gallery=\"mixedgallery\" data-title=\"galerie_photos_les_canoes_du_marais_location_canoe_kayak_paddle_pedalo_jaunay_vendee (19)\" data-alt=\"galerie_photos_les_canoes_du_marais_location_canoe_kayak_paddle_pedalo_jaunay_vendee (19)\" title=\"galerie_photos_les_canoes_du_marais_location_canoe_kayak_paddle_pedalo_jaunay_vendee (19)\">\r\n\t\t\t\t\t\t<div data-category=\"5\" data-sort=\"galerie_photos_les_canoes_du_marais_location_canoe_kayak_paddle_pedalo_jaunay_vendee (19)\" class=\"animateonload filtr-item filtr_item_382 single_one col-lg-3 col-md-6 col-sm-6 col-12\">\r\n\t\t\t\t\t\t\t\t\t\t\t\t\t\t\t<img decoding=\"async\" class=\" thumbnail_382 pfg-img pfg_img_382 img-responsive hvr-float-shadow\" src=\"https:\/\/www.les-canoes-du-marais.com\/wp-content\/uploads\/2024\/06\/galerie_photos_les_canoes_du_marais_location_canoe_kayak_paddle_pedalo_jaunay_vendee-19.jpg\" alt=\"galerie_photos_les_canoes_du_marais_location_canoe_kayak_paddle_pedalo_jaunay_vendee (5)\">\r\n\t\t\t\t\t\t\t\t\t\t\t\t\t\t\t\t\t<span class=\"item-desc item_desc_382\">galerie_photos_les_canoes_du_marais_location_canoe_kayak_paddle_pedalo_jaunay_vendee (19)<\/span>\r\n\t\t\t\t\t\t\t\t\t\t\t\t\t\t<\/div>\r\n\t\t\t\t\t<\/a>\r\n\t\t\t\t\t\t\t\t\t\t<a href=\"https:\/\/www.les-canoes-du-marais.com\/wp-content\/uploads\/2024\/06\/galerie_photos_les_canoes_du_marais_location_canoe_kayak_paddle_pedalo_jaunay_vendee-38.jpg\" class=\"pfg-lightbox-all pfg-lightbox-2\" data-toggle=\"lightbox\" data-gallery=\"mixedgallery\" data-title=\"galerie_photos_les_canoes_du_marais_location_canoe_kayak_paddle_pedalo_jaunay_vendee (38)\" data-alt=\"galerie_photos_les_canoes_du_marais_location_canoe_kayak_paddle_pedalo_jaunay_vendee (38)\" title=\"galerie_photos_les_canoes_du_marais_location_canoe_kayak_paddle_pedalo_jaunay_vendee (38)\">\r\n\t\t\t\t\t\t<div data-category=\"2\" data-sort=\"galerie_photos_les_canoes_du_marais_location_canoe_kayak_paddle_pedalo_jaunay_vendee (38)\" class=\"animateonload filtr-item filtr_item_382 single_one col-lg-3 col-md-6 col-sm-6 col-12\">\r\n\t\t\t\t\t\t\t\t\t\t\t\t\t\t\t<img decoding=\"async\" class=\" thumbnail_382 pfg-img pfg_img_382 img-responsive hvr-float-shadow\" src=\"https:\/\/www.les-canoes-du-marais.com\/wp-content\/uploads\/2024\/06\/galerie_photos_les_canoes_du_marais_location_canoe_kayak_paddle_pedalo_jaunay_vendee-38.jpg\" alt=\"galerie_photos_les_canoes_du_marais_location_canoe_kayak_paddle_pedalo_jaunay_vendee (5)\">\r\n\t\t\t\t\t\t\t\t\t\t\t\t\t\t\t\t\t<span class=\"item-desc item_desc_382\">galerie_photos_les_canoes_du_marais_location_canoe_kayak_paddle_pedalo_jaunay_vendee (38)<\/span>\r\n\t\t\t\t\t\t\t\t\t\t\t\t\t\t<\/div>\r\n\t\t\t\t\t<\/a>\r\n\t\t\t\t\t\t\t\t\t\t<a href=\"https:\/\/www.les-canoes-du-marais.com\/wp-content\/uploads\/2024\/06\/galerie_photos_les_canoes_du_marais_location_canoe_kayak_paddle_pedalo_jaunay_vendee-34.jpg\" class=\"pfg-lightbox-all pfg-lightbox-1\" data-toggle=\"lightbox\" data-gallery=\"mixedgallery\" data-title=\"galerie_photos_les_canoes_du_marais_location_canoe_kayak_paddle_pedalo_jaunay_vendee (34)\" data-alt=\"galerie_photos_les_canoes_du_marais_location_canoe_kayak_paddle_pedalo_jaunay_vendee (34)\" title=\"galerie_photos_les_canoes_du_marais_location_canoe_kayak_paddle_pedalo_jaunay_vendee (34)\">\r\n\t\t\t\t\t\t<div data-category=\"1\" data-sort=\"galerie_photos_les_canoes_du_marais_location_canoe_kayak_paddle_pedalo_jaunay_vendee (34)\" class=\"animateonload filtr-item filtr_item_382 single_one col-lg-3 col-md-6 col-sm-6 col-12\">\r\n\t\t\t\t\t\t\t\t\t\t\t\t\t\t\t<img decoding=\"async\" class=\" thumbnail_382 pfg-img pfg_img_382 img-responsive hvr-float-shadow\" src=\"https:\/\/www.les-canoes-du-marais.com\/wp-content\/uploads\/2024\/06\/galerie_photos_les_canoes_du_marais_location_canoe_kayak_paddle_pedalo_jaunay_vendee-34.jpg\" alt=\"galerie_photos_les_canoes_du_marais_location_canoe_kayak_paddle_pedalo_jaunay_vendee (5)\">\r\n\t\t\t\t\t\t\t\t\t\t\t\t\t\t\t\t\t<span class=\"item-desc item_desc_382\">galerie_photos_les_canoes_du_marais_location_canoe_kayak_paddle_pedalo_jaunay_vendee (34)<\/span>\r\n\t\t\t\t\t\t\t\t\t\t\t\t\t\t<\/div>\r\n\t\t\t\t\t<\/a>\r\n\t\t\t\t\t\t\t\t\t\t<a href=\"https:\/\/www.les-canoes-du-marais.com\/wp-content\/uploads\/2024\/06\/galerie_photos_les_canoes_du_marais_location_canoe_kayak_paddle_pedalo_jaunay_vendee-15.jpg\" class=\"pfg-lightbox-all pfg-lightbox-5\" data-toggle=\"lightbox\" data-gallery=\"mixedgallery\" data-title=\"galerie_photos_les_canoes_du_marais_location_canoe_kayak_paddle_pedalo_jaunay_vendee (15)\" data-alt=\"galerie_photos_les_canoes_du_marais_location_canoe_kayak_paddle_pedalo_jaunay_vendee (15)\" title=\"galerie_photos_les_canoes_du_marais_location_canoe_kayak_paddle_pedalo_jaunay_vendee (15)\">\r\n\t\t\t\t\t\t<div data-category=\"5\" data-sort=\"galerie_photos_les_canoes_du_marais_location_canoe_kayak_paddle_pedalo_jaunay_vendee (15)\" class=\"animateonload filtr-item filtr_item_382 single_one col-lg-3 col-md-6 col-sm-6 col-12\">\r\n\t\t\t\t\t\t\t\t\t\t\t\t\t\t\t<img decoding=\"async\" class=\" thumbnail_382 pfg-img pfg_img_382 img-responsive hvr-float-shadow\" src=\"https:\/\/www.les-canoes-du-marais.com\/wp-content\/uploads\/2024\/06\/galerie_photos_les_canoes_du_marais_location_canoe_kayak_paddle_pedalo_jaunay_vendee-15.jpg\" alt=\"galerie_photos_les_canoes_du_marais_location_canoe_kayak_paddle_pedalo_jaunay_vendee (5)\">\r\n\t\t\t\t\t\t\t\t\t\t\t\t\t\t\t\t\t<span class=\"item-desc item_desc_382\">galerie_photos_les_canoes_du_marais_location_canoe_kayak_paddle_pedalo_jaunay_vendee (15)<\/span>\r\n\t\t\t\t\t\t\t\t\t\t\t\t\t\t<\/div>\r\n\t\t\t\t\t<\/a>\r\n\t\t\t\t\t\t\t\t\t\t<a href=\"https:\/\/www.les-canoes-du-marais.com\/wp-content\/uploads\/2024\/06\/galerie_photos_les_canoes_du_marais_location_canoe_kayak_paddle_pedalo_jaunay_vendee-26.jpg\" class=\"pfg-lightbox-all pfg-lightbox-5\" data-toggle=\"lightbox\" data-gallery=\"mixedgallery\" data-title=\"galerie_photos_les_canoes_du_marais_location_canoe_kayak_paddle_pedalo_jaunay_vendee (26)\" data-alt=\"galerie_photos_les_canoes_du_marais_location_canoe_kayak_paddle_pedalo_jaunay_vendee (26)\" title=\"galerie_photos_les_canoes_du_marais_location_canoe_kayak_paddle_pedalo_jaunay_vendee (26)\">\r\n\t\t\t\t\t\t<div data-category=\"5\" data-sort=\"galerie_photos_les_canoes_du_marais_location_canoe_kayak_paddle_pedalo_jaunay_vendee (26)\" class=\"animateonload filtr-item filtr_item_382 single_one col-lg-3 col-md-6 col-sm-6 col-12\">\r\n\t\t\t\t\t\t\t\t\t\t\t\t\t\t\t<img decoding=\"async\" class=\" thumbnail_382 pfg-img pfg_img_382 img-responsive hvr-float-shadow\" src=\"https:\/\/www.les-canoes-du-marais.com\/wp-content\/uploads\/2024\/06\/galerie_photos_les_canoes_du_marais_location_canoe_kayak_paddle_pedalo_jaunay_vendee-26.jpg\" alt=\"galerie_photos_les_canoes_du_marais_location_canoe_kayak_paddle_pedalo_jaunay_vendee (5)\">\r\n\t\t\t\t\t\t\t\t\t\t\t\t\t\t\t\t\t<span class=\"item-desc item_desc_382\">galerie_photos_les_canoes_du_marais_location_canoe_kayak_paddle_pedalo_jaunay_vendee (26)<\/span>\r\n\t\t\t\t\t\t\t\t\t\t\t\t\t\t<\/div>\r\n\t\t\t\t\t<\/a>\r\n\t\t\t\t\t\t\t\t\t\t<a href=\"https:\/\/www.les-canoes-du-marais.com\/wp-content\/uploads\/2024\/06\/galerie_photos_les_canoes_du_marais_location_canoe_kayak_paddle_pedalo_jaunay_vendee-35.jpg\" class=\"pfg-lightbox-all pfg-lightbox-2\" data-toggle=\"lightbox\" data-gallery=\"mixedgallery\" data-title=\"galerie_photos_les_canoes_du_marais_location_canoe_kayak_paddle_pedalo_jaunay_vendee (35)\" data-alt=\"galerie_photos_les_canoes_du_marais_location_canoe_kayak_paddle_pedalo_jaunay_vendee (35)\" title=\"galerie_photos_les_canoes_du_marais_location_canoe_kayak_paddle_pedalo_jaunay_vendee (35)\">\r\n\t\t\t\t\t\t<div data-category=\"2\" data-sort=\"galerie_photos_les_canoes_du_marais_location_canoe_kayak_paddle_pedalo_jaunay_vendee (35)\" class=\"animateonload filtr-item filtr_item_382 single_one col-lg-3 col-md-6 col-sm-6 col-12\">\r\n\t\t\t\t\t\t\t\t\t\t\t\t\t\t\t<img decoding=\"async\" class=\" thumbnail_382 pfg-img pfg_img_382 img-responsive hvr-float-shadow\" src=\"https:\/\/www.les-canoes-du-marais.com\/wp-content\/uploads\/2024\/06\/galerie_photos_les_canoes_du_marais_location_canoe_kayak_paddle_pedalo_jaunay_vendee-35.jpg\" alt=\"galerie_photos_les_canoes_du_marais_location_canoe_kayak_paddle_pedalo_jaunay_vendee (5)\">\r\n\t\t\t\t\t\t\t\t\t\t\t\t\t\t\t\t\t<span class=\"item-desc item_desc_382\">galerie_photos_les_canoes_du_marais_location_canoe_kayak_paddle_pedalo_jaunay_vendee (35)<\/span>\r\n\t\t\t\t\t\t\t\t\t\t\t\t\t\t<\/div>\r\n\t\t\t\t\t<\/a>\r\n\t\t\t\t\t\t\t\t\t\t<a href=\"https:\/\/www.les-canoes-du-marais.com\/wp-content\/uploads\/2024\/06\/galerie_photos_les_canoes_du_marais_location_canoe_kayak_paddle_pedalo_jaunay_vendee-5-1.jpg\" class=\"pfg-lightbox-all pfg-lightbox-5\" data-toggle=\"lightbox\" data-gallery=\"mixedgallery\" data-title=\"galerie_photos_les_canoes_du_marais_location_canoe_kayak_paddle_pedalo_jaunay_vendee (5)\" data-alt=\"galerie_photos_les_canoes_du_marais_location_canoe_kayak_paddle_pedalo_jaunay_vendee (5)\" title=\"galerie_photos_les_canoes_du_marais_location_canoe_kayak_paddle_pedalo_jaunay_vendee (5)\">\r\n\t\t\t\t\t\t<div data-category=\"5\" data-sort=\"galerie_photos_les_canoes_du_marais_location_canoe_kayak_paddle_pedalo_jaunay_vendee (5)\" class=\"animateonload filtr-item filtr_item_382 single_one col-lg-3 col-md-6 col-sm-6 col-12\">\r\n\t\t\t\t\t\t\t\t\t\t\t\t\t\t\t<img decoding=\"async\" class=\" thumbnail_382 pfg-img pfg_img_382 img-responsive hvr-float-shadow\" src=\"https:\/\/www.les-canoes-du-marais.com\/wp-content\/uploads\/2024\/06\/galerie_photos_les_canoes_du_marais_location_canoe_kayak_paddle_pedalo_jaunay_vendee-5-1.jpg\" alt=\"galerie_photos_les_canoes_du_marais_location_canoe_kayak_paddle_pedalo_jaunay_vendee (5)\">\r\n\t\t\t\t\t\t\t\t\t\t\t\t\t\t\t\t\t<span class=\"item-desc item_desc_382\">galerie_photos_les_canoes_du_marais_location_canoe_kayak_paddle_pedalo_jaunay_vendee (5)<\/span>\r\n\t\t\t\t\t\t\t\t\t\t\t\t\t\t<\/div>\r\n\t\t\t\t\t<\/a>\r\n\t\t\t\t\t\t\t\t\t\t<a href=\"https:\/\/www.les-canoes-du-marais.com\/wp-content\/uploads\/2024\/06\/galerie_photos_les_canoes_du_marais_location_canoe_kayak_paddle_pedalo_jaunay_vendee-14.jpg\" class=\"pfg-lightbox-all pfg-lightbox-5\" data-toggle=\"lightbox\" data-gallery=\"mixedgallery\" data-title=\"galerie_photos_les_canoes_du_marais_location_canoe_kayak_paddle_pedalo_jaunay_vendee (14)\" data-alt=\"galerie_photos_les_canoes_du_marais_location_canoe_kayak_paddle_pedalo_jaunay_vendee (14)\" title=\"galerie_photos_les_canoes_du_marais_location_canoe_kayak_paddle_pedalo_jaunay_vendee (14)\">\r\n\t\t\t\t\t\t<div data-category=\"5\" data-sort=\"galerie_photos_les_canoes_du_marais_location_canoe_kayak_paddle_pedalo_jaunay_vendee (14)\" class=\"animateonload filtr-item filtr_item_382 single_one col-lg-3 col-md-6 col-sm-6 col-12\">\r\n\t\t\t\t\t\t\t\t\t\t\t\t\t\t\t<img decoding=\"async\" class=\" thumbnail_382 pfg-img pfg_img_382 img-responsive hvr-float-shadow\" src=\"https:\/\/www.les-canoes-du-marais.com\/wp-content\/uploads\/2024\/06\/galerie_photos_les_canoes_du_marais_location_canoe_kayak_paddle_pedalo_jaunay_vendee-14.jpg\" alt=\"galerie_photos_les_canoes_du_marais_location_canoe_kayak_paddle_pedalo_jaunay_vendee (5)\">\r\n\t\t\t\t\t\t\t\t\t\t\t\t\t\t\t\t\t<span class=\"item-desc item_desc_382\">galerie_photos_les_canoes_du_marais_location_canoe_kayak_paddle_pedalo_jaunay_vendee (14)<\/span>\r\n\t\t\t\t\t\t\t\t\t\t\t\t\t\t<\/div>\r\n\t\t\t\t\t<\/a>\r\n\t\t\t\t\t\t\t\t\t\t<a href=\"https:\/\/www.les-canoes-du-marais.com\/wp-content\/uploads\/2024\/06\/galerie_photos_les_canoes_du_marais_location_canoe_kayak_paddle_pedalo_jaunay_vendee-39.jpg\" class=\"pfg-lightbox-all pfg-lightbox-2\" data-toggle=\"lightbox\" data-gallery=\"mixedgallery\" data-title=\"galerie_photos_les_canoes_du_marais_location_canoe_kayak_paddle_pedalo_jaunay_vendee (39)\" data-alt=\"galerie_photos_les_canoes_du_marais_location_canoe_kayak_paddle_pedalo_jaunay_vendee (39)\" title=\"galerie_photos_les_canoes_du_marais_location_canoe_kayak_paddle_pedalo_jaunay_vendee (39)\">\r\n\t\t\t\t\t\t<div data-category=\"2\" data-sort=\"galerie_photos_les_canoes_du_marais_location_canoe_kayak_paddle_pedalo_jaunay_vendee (39)\" class=\"animateonload filtr-item filtr_item_382 single_one col-lg-3 col-md-6 col-sm-6 col-12\">\r\n\t\t\t\t\t\t\t\t\t\t\t\t\t\t\t<img decoding=\"async\" class=\" thumbnail_382 pfg-img pfg_img_382 img-responsive hvr-float-shadow\" src=\"https:\/\/www.les-canoes-du-marais.com\/wp-content\/uploads\/2024\/06\/galerie_photos_les_canoes_du_marais_location_canoe_kayak_paddle_pedalo_jaunay_vendee-39.jpg\" alt=\"galerie_photos_les_canoes_du_marais_location_canoe_kayak_paddle_pedalo_jaunay_vendee (5)\">\r\n\t\t\t\t\t\t\t\t\t\t\t\t\t\t\t\t\t<span class=\"item-desc item_desc_382\">galerie_photos_les_canoes_du_marais_location_canoe_kayak_paddle_pedalo_jaunay_vendee (39)<\/span>\r\n\t\t\t\t\t\t\t\t\t\t\t\t\t\t<\/div>\r\n\t\t\t\t\t<\/a>\r\n\t\t\t\t\t\t\t\t\t\t<a href=\"https:\/\/www.les-canoes-du-marais.com\/wp-content\/uploads\/2024\/06\/galerie_photos_les_canoes_du_marais_location_canoe_kayak_paddle_pedalo_jaunay_vendee-41.jpg\" class=\"pfg-lightbox-all pfg-lightbox-2\" data-toggle=\"lightbox\" data-gallery=\"mixedgallery\" data-title=\"galerie_photos_les_canoes_du_marais_location_canoe_kayak_paddle_pedalo_jaunay_vendee (41)\" data-alt=\"galerie_photos_les_canoes_du_marais_location_canoe_kayak_paddle_pedalo_jaunay_vendee (41)\" title=\"galerie_photos_les_canoes_du_marais_location_canoe_kayak_paddle_pedalo_jaunay_vendee (41)\">\r\n\t\t\t\t\t\t<div data-category=\"2\" data-sort=\"galerie_photos_les_canoes_du_marais_location_canoe_kayak_paddle_pedalo_jaunay_vendee (41)\" class=\"animateonload filtr-item filtr_item_382 single_one col-lg-3 col-md-6 col-sm-6 col-12\">\r\n\t\t\t\t\t\t\t\t\t\t\t\t\t\t\t<img decoding=\"async\" class=\" thumbnail_382 pfg-img pfg_img_382 img-responsive hvr-float-shadow\" src=\"https:\/\/www.les-canoes-du-marais.com\/wp-content\/uploads\/2024\/06\/galerie_photos_les_canoes_du_marais_location_canoe_kayak_paddle_pedalo_jaunay_vendee-41.jpg\" alt=\"galerie_photos_les_canoes_du_marais_location_canoe_kayak_paddle_pedalo_jaunay_vendee (5)\">\r\n\t\t\t\t\t\t\t\t\t\t\t\t\t\t\t\t\t<span class=\"item-desc item_desc_382\">galerie_photos_les_canoes_du_marais_location_canoe_kayak_paddle_pedalo_jaunay_vendee (41)<\/span>\r\n\t\t\t\t\t\t\t\t\t\t\t\t\t\t<\/div>\r\n\t\t\t\t\t<\/a>\r\n\t\t\t\t\t\t\t\t\t\t<a href=\"https:\/\/www.les-canoes-du-marais.com\/wp-content\/uploads\/2024\/06\/galerie_photos_les_canoes_du_marais_location_canoe_kayak_paddle_pedalo_jaunay_vendee-3-1.jpg\" class=\"pfg-lightbox-all pfg-lightbox-5\" data-toggle=\"lightbox\" data-gallery=\"mixedgallery\" data-title=\"galerie_photos_les_canoes_du_marais_location_canoe_kayak_paddle_pedalo_jaunay_vendee (3)\" data-alt=\"galerie_photos_les_canoes_du_marais_location_canoe_kayak_paddle_pedalo_jaunay_vendee (3)\" title=\"galerie_photos_les_canoes_du_marais_location_canoe_kayak_paddle_pedalo_jaunay_vendee (3)\">\r\n\t\t\t\t\t\t<div data-category=\"5\" data-sort=\"galerie_photos_les_canoes_du_marais_location_canoe_kayak_paddle_pedalo_jaunay_vendee (3)\" class=\"animateonload filtr-item filtr_item_382 single_one col-lg-3 col-md-6 col-sm-6 col-12\">\r\n\t\t\t\t\t\t\t\t\t\t\t\t\t\t\t<img decoding=\"async\" class=\" thumbnail_382 pfg-img pfg_img_382 img-responsive hvr-float-shadow\" src=\"https:\/\/www.les-canoes-du-marais.com\/wp-content\/uploads\/2024\/06\/galerie_photos_les_canoes_du_marais_location_canoe_kayak_paddle_pedalo_jaunay_vendee-3-1.jpg\" alt=\"galerie_photos_les_canoes_du_marais_location_canoe_kayak_paddle_pedalo_jaunay_vendee (5)\">\r\n\t\t\t\t\t\t\t\t\t\t\t\t\t\t\t\t\t<span class=\"item-desc item_desc_382\">galerie_photos_les_canoes_du_marais_location_canoe_kayak_paddle_pedalo_jaunay_vendee (3)<\/span>\r\n\t\t\t\t\t\t\t\t\t\t\t\t\t\t<\/div>\r\n\t\t\t\t\t<\/a>\r\n\t\t\t\t\t\t\t\t\t\t<a href=\"https:\/\/www.les-canoes-du-marais.com\/wp-content\/uploads\/2024\/06\/galerie_photos_les_canoes_du_marais_location_canoe_kayak_paddle_pedalo_jaunay_vendee-9-1.jpg\" class=\"pfg-lightbox-all pfg-lightbox-5\" data-toggle=\"lightbox\" data-gallery=\"mixedgallery\" data-title=\"galerie_photos_les_canoes_du_marais_location_canoe_kayak_paddle_pedalo_jaunay_vendee (9)\" data-alt=\"galerie_photos_les_canoes_du_marais_location_canoe_kayak_paddle_pedalo_jaunay_vendee (9)\" title=\"galerie_photos_les_canoes_du_marais_location_canoe_kayak_paddle_pedalo_jaunay_vendee (9)\">\r\n\t\t\t\t\t\t<div data-category=\"5\" data-sort=\"galerie_photos_les_canoes_du_marais_location_canoe_kayak_paddle_pedalo_jaunay_vendee (9)\" class=\"animateonload filtr-item filtr_item_382 single_one col-lg-3 col-md-6 col-sm-6 col-12\">\r\n\t\t\t\t\t\t\t\t\t\t\t\t\t\t\t<img decoding=\"async\" class=\" thumbnail_382 pfg-img pfg_img_382 img-responsive hvr-float-shadow\" src=\"https:\/\/www.les-canoes-du-marais.com\/wp-content\/uploads\/2024\/06\/galerie_photos_les_canoes_du_marais_location_canoe_kayak_paddle_pedalo_jaunay_vendee-9-1.jpg\" alt=\"galerie_photos_les_canoes_du_marais_location_canoe_kayak_paddle_pedalo_jaunay_vendee (5)\">\r\n\t\t\t\t\t\t\t\t\t\t\t\t\t\t\t\t\t<span class=\"item-desc item_desc_382\">galerie_photos_les_canoes_du_marais_location_canoe_kayak_paddle_pedalo_jaunay_vendee (9)<\/span>\r\n\t\t\t\t\t\t\t\t\t\t\t\t\t\t<\/div>\r\n\t\t\t\t\t<\/a>\r\n\t\t\t\t\t\t\t\t\t\t<a href=\"https:\/\/www.les-canoes-du-marais.com\/wp-content\/uploads\/2024\/06\/galerie_photos_les_canoes_du_marais_location_canoe_kayak_paddle_pedalo_jaunay_vendee-33.jpg\" class=\"pfg-lightbox-all pfg-lightbox-2\" data-toggle=\"lightbox\" data-gallery=\"mixedgallery\" data-title=\"galerie_photos_les_canoes_du_marais_location_canoe_kayak_paddle_pedalo_jaunay_vendee (33)\" data-alt=\"galerie_photos_les_canoes_du_marais_location_canoe_kayak_paddle_pedalo_jaunay_vendee (33)\" title=\"galerie_photos_les_canoes_du_marais_location_canoe_kayak_paddle_pedalo_jaunay_vendee (33)\">\r\n\t\t\t\t\t\t<div data-category=\"2\" data-sort=\"galerie_photos_les_canoes_du_marais_location_canoe_kayak_paddle_pedalo_jaunay_vendee (33)\" class=\"animateonload filtr-item filtr_item_382 single_one col-lg-3 col-md-6 col-sm-6 col-12\">\r\n\t\t\t\t\t\t\t\t\t\t\t\t\t\t\t<img decoding=\"async\" class=\" thumbnail_382 pfg-img pfg_img_382 img-responsive hvr-float-shadow\" src=\"https:\/\/www.les-canoes-du-marais.com\/wp-content\/uploads\/2024\/06\/galerie_photos_les_canoes_du_marais_location_canoe_kayak_paddle_pedalo_jaunay_vendee-33.jpg\" alt=\"galerie_photos_les_canoes_du_marais_location_canoe_kayak_paddle_pedalo_jaunay_vendee (5)\">\r\n\t\t\t\t\t\t\t\t\t\t\t\t\t\t\t\t\t<span class=\"item-desc item_desc_382\">galerie_photos_les_canoes_du_marais_location_canoe_kayak_paddle_pedalo_jaunay_vendee (33)<\/span>\r\n\t\t\t\t\t\t\t\t\t\t\t\t\t\t<\/div>\r\n\t\t\t\t\t<\/a>\r\n\t\t\t\t\t\t\t\t\t\t<a href=\"https:\/\/www.les-canoes-du-marais.com\/wp-content\/uploads\/2024\/06\/galerie_photos_les_canoes_du_marais_location_canoe_kayak_paddle_pedalo_jaunay_vendee-10-1.jpg\" class=\"pfg-lightbox-all pfg-lightbox-5\" data-toggle=\"lightbox\" data-gallery=\"mixedgallery\" data-title=\"galerie_photos_les_canoes_du_marais_location_canoe_kayak_paddle_pedalo_jaunay_vendee (10)\" data-alt=\"galerie_photos_les_canoes_du_marais_location_canoe_kayak_paddle_pedalo_jaunay_vendee (10)\" title=\"galerie_photos_les_canoes_du_marais_location_canoe_kayak_paddle_pedalo_jaunay_vendee (10)\">\r\n\t\t\t\t\t\t<div data-category=\"5\" data-sort=\"galerie_photos_les_canoes_du_marais_location_canoe_kayak_paddle_pedalo_jaunay_vendee (10)\" class=\"animateonload filtr-item filtr_item_382 single_one col-lg-3 col-md-6 col-sm-6 col-12\">\r\n\t\t\t\t\t\t\t\t\t\t\t\t\t\t\t<img decoding=\"async\" class=\" thumbnail_382 pfg-img pfg_img_382 img-responsive hvr-float-shadow\" src=\"https:\/\/www.les-canoes-du-marais.com\/wp-content\/uploads\/2024\/06\/galerie_photos_les_canoes_du_marais_location_canoe_kayak_paddle_pedalo_jaunay_vendee-10-1.jpg\" alt=\"galerie_photos_les_canoes_du_marais_location_canoe_kayak_paddle_pedalo_jaunay_vendee (5)\">\r\n\t\t\t\t\t\t\t\t\t\t\t\t\t\t\t\t\t<span class=\"item-desc item_desc_382\">galerie_photos_les_canoes_du_marais_location_canoe_kayak_paddle_pedalo_jaunay_vendee (10)<\/span>\r\n\t\t\t\t\t\t\t\t\t\t\t\t\t\t<\/div>\r\n\t\t\t\t\t<\/a>\r\n\t\t\t\t\t\t\t\t\t\t<a href=\"https:\/\/www.les-canoes-du-marais.com\/wp-content\/uploads\/2024\/06\/galerie_photos_les_canoes_du_marais_location_canoe_kayak_paddle_pedalo_jaunay_vendee-42.jpg\" class=\"pfg-lightbox-all pfg-lightbox-2\" data-toggle=\"lightbox\" data-gallery=\"mixedgallery\" data-title=\"galerie_photos_les_canoes_du_marais_location_canoe_kayak_paddle_pedalo_jaunay_vendee (42)\" data-alt=\"galerie_photos_les_canoes_du_marais_location_canoe_kayak_paddle_pedalo_jaunay_vendee (42)\" title=\"galerie_photos_les_canoes_du_marais_location_canoe_kayak_paddle_pedalo_jaunay_vendee (42)\">\r\n\t\t\t\t\t\t<div data-category=\"2\" data-sort=\"galerie_photos_les_canoes_du_marais_location_canoe_kayak_paddle_pedalo_jaunay_vendee (42)\" class=\"animateonload filtr-item filtr_item_382 single_one col-lg-3 col-md-6 col-sm-6 col-12\">\r\n\t\t\t\t\t\t\t\t\t\t\t\t\t\t\t<img decoding=\"async\" class=\" thumbnail_382 pfg-img pfg_img_382 img-responsive hvr-float-shadow\" src=\"https:\/\/www.les-canoes-du-marais.com\/wp-content\/uploads\/2024\/06\/galerie_photos_les_canoes_du_marais_location_canoe_kayak_paddle_pedalo_jaunay_vendee-42.jpg\" alt=\"galerie_photos_les_canoes_du_marais_location_canoe_kayak_paddle_pedalo_jaunay_vendee (5)\">\r\n\t\t\t\t\t\t\t\t\t\t\t\t\t\t\t\t\t<span class=\"item-desc item_desc_382\">galerie_photos_les_canoes_du_marais_location_canoe_kayak_paddle_pedalo_jaunay_vendee (42)<\/span>\r\n\t\t\t\t\t\t\t\t\t\t\t\t\t\t<\/div>\r\n\t\t\t\t\t<\/a>\r\n\t\t\t\t\t\t\t\t\t\t<a href=\"https:\/\/www.les-canoes-du-marais.com\/wp-content\/uploads\/2024\/06\/galerie_photos_les_canoes_du_marais_location_canoe_kayak_paddle_pedalo_jaunay_vendee-18.jpg\" class=\"pfg-lightbox-all pfg-lightbox-5\" data-toggle=\"lightbox\" data-gallery=\"mixedgallery\" data-title=\"galerie_photos_les_canoes_du_marais_location_canoe_kayak_paddle_pedalo_jaunay_vendee (18)\" data-alt=\"galerie_photos_les_canoes_du_marais_location_canoe_kayak_paddle_pedalo_jaunay_vendee (18)\" title=\"galerie_photos_les_canoes_du_marais_location_canoe_kayak_paddle_pedalo_jaunay_vendee (18)\">\r\n\t\t\t\t\t\t<div data-category=\"5\" data-sort=\"galerie_photos_les_canoes_du_marais_location_canoe_kayak_paddle_pedalo_jaunay_vendee (18)\" class=\"animateonload filtr-item filtr_item_382 single_one col-lg-3 col-md-6 col-sm-6 col-12\">\r\n\t\t\t\t\t\t\t\t\t\t\t\t\t\t\t<img decoding=\"async\" class=\" thumbnail_382 pfg-img pfg_img_382 img-responsive hvr-float-shadow\" src=\"https:\/\/www.les-canoes-du-marais.com\/wp-content\/uploads\/2024\/06\/galerie_photos_les_canoes_du_marais_location_canoe_kayak_paddle_pedalo_jaunay_vendee-18.jpg\" alt=\"galerie_photos_les_canoes_du_marais_location_canoe_kayak_paddle_pedalo_jaunay_vendee (5)\">\r\n\t\t\t\t\t\t\t\t\t\t\t\t\t\t\t\t\t<span class=\"item-desc item_desc_382\">galerie_photos_les_canoes_du_marais_location_canoe_kayak_paddle_pedalo_jaunay_vendee (18)<\/span>\r\n\t\t\t\t\t\t\t\t\t\t\t\t\t\t<\/div>\r\n\t\t\t\t\t<\/a>\r\n\t\t\t\t\t\t\t\t\t\t<a href=\"https:\/\/www.les-canoes-du-marais.com\/wp-content\/uploads\/2024\/06\/galerie_photos_les_canoes_du_marais_location_canoe_kayak_paddle_pedalo_jaunay_vendee-22.jpg\" class=\"pfg-lightbox-all pfg-lightbox-5\" data-toggle=\"lightbox\" data-gallery=\"mixedgallery\" data-title=\"galerie_photos_les_canoes_du_marais_location_canoe_kayak_paddle_pedalo_jaunay_vendee (22)\" data-alt=\"galerie_photos_les_canoes_du_marais_location_canoe_kayak_paddle_pedalo_jaunay_vendee (22)\" title=\"galerie_photos_les_canoes_du_marais_location_canoe_kayak_paddle_pedalo_jaunay_vendee (22)\">\r\n\t\t\t\t\t\t<div data-category=\"5\" data-sort=\"galerie_photos_les_canoes_du_marais_location_canoe_kayak_paddle_pedalo_jaunay_vendee (22)\" class=\"animateonload filtr-item filtr_item_382 single_one col-lg-3 col-md-6 col-sm-6 col-12\">\r\n\t\t\t\t\t\t\t\t\t\t\t\t\t\t\t<img decoding=\"async\" class=\" thumbnail_382 pfg-img pfg_img_382 img-responsive hvr-float-shadow\" src=\"https:\/\/www.les-canoes-du-marais.com\/wp-content\/uploads\/2024\/06\/galerie_photos_les_canoes_du_marais_location_canoe_kayak_paddle_pedalo_jaunay_vendee-22.jpg\" alt=\"galerie_photos_les_canoes_du_marais_location_canoe_kayak_paddle_pedalo_jaunay_vendee (5)\">\r\n\t\t\t\t\t\t\t\t\t\t\t\t\t\t\t\t\t<span class=\"item-desc item_desc_382\">galerie_photos_les_canoes_du_marais_location_canoe_kayak_paddle_pedalo_jaunay_vendee (22)<\/span>\r\n\t\t\t\t\t\t\t\t\t\t\t\t\t\t<\/div>\r\n\t\t\t\t\t<\/a>\r\n\t\t\t\t\t\t\t\t\t\t<a href=\"https:\/\/www.les-canoes-du-marais.com\/wp-content\/uploads\/2024\/06\/galerie_photos_les_canoes_du_marais_location_canoe_kayak_paddle_pedalo_jaunay_vendee-16.jpg\" class=\"pfg-lightbox-all pfg-lightbox-5\" data-toggle=\"lightbox\" data-gallery=\"mixedgallery\" data-title=\"galerie_photos_les_canoes_du_marais_location_canoe_kayak_paddle_pedalo_jaunay_vendee (16)\" data-alt=\"galerie_photos_les_canoes_du_marais_location_canoe_kayak_paddle_pedalo_jaunay_vendee (16)\" title=\"galerie_photos_les_canoes_du_marais_location_canoe_kayak_paddle_pedalo_jaunay_vendee (16)\">\r\n\t\t\t\t\t\t<div data-category=\"5\" data-sort=\"galerie_photos_les_canoes_du_marais_location_canoe_kayak_paddle_pedalo_jaunay_vendee (16)\" class=\"animateonload filtr-item filtr_item_382 single_one col-lg-3 col-md-6 col-sm-6 col-12\">\r\n\t\t\t\t\t\t\t\t\t\t\t\t\t\t\t<img decoding=\"async\" class=\" thumbnail_382 pfg-img pfg_img_382 img-responsive hvr-float-shadow\" src=\"https:\/\/www.les-canoes-du-marais.com\/wp-content\/uploads\/2024\/06\/galerie_photos_les_canoes_du_marais_location_canoe_kayak_paddle_pedalo_jaunay_vendee-16.jpg\" alt=\"galerie_photos_les_canoes_du_marais_location_canoe_kayak_paddle_pedalo_jaunay_vendee (5)\">\r\n\t\t\t\t\t\t\t\t\t\t\t\t\t\t\t\t\t<span class=\"item-desc item_desc_382\">galerie_photos_les_canoes_du_marais_location_canoe_kayak_paddle_pedalo_jaunay_vendee (16)<\/span>\r\n\t\t\t\t\t\t\t\t\t\t\t\t\t\t<\/div>\r\n\t\t\t\t\t<\/a>\r\n\t\t\t\t\t\t\t\t\t\t<a href=\"https:\/\/www.les-canoes-du-marais.com\/wp-content\/uploads\/2024\/06\/galerie_photos_les_canoes_du_marais_location_canoe_kayak_paddle_pedalo_jaunay_vendee-21.jpg\" class=\"pfg-lightbox-all pfg-lightbox-5\" data-toggle=\"lightbox\" data-gallery=\"mixedgallery\" data-title=\"galerie_photos_les_canoes_du_marais_location_canoe_kayak_paddle_pedalo_jaunay_vendee (21)\" data-alt=\"galerie_photos_les_canoes_du_marais_location_canoe_kayak_paddle_pedalo_jaunay_vendee (21)\" title=\"galerie_photos_les_canoes_du_marais_location_canoe_kayak_paddle_pedalo_jaunay_vendee (21)\">\r\n\t\t\t\t\t\t<div data-category=\"5\" data-sort=\"galerie_photos_les_canoes_du_marais_location_canoe_kayak_paddle_pedalo_jaunay_vendee (21)\" class=\"animateonload filtr-item filtr_item_382 single_one col-lg-3 col-md-6 col-sm-6 col-12\">\r\n\t\t\t\t\t\t\t\t\t\t\t\t\t\t\t<img decoding=\"async\" class=\" thumbnail_382 pfg-img pfg_img_382 img-responsive hvr-float-shadow\" src=\"https:\/\/www.les-canoes-du-marais.com\/wp-content\/uploads\/2024\/06\/galerie_photos_les_canoes_du_marais_location_canoe_kayak_paddle_pedalo_jaunay_vendee-21.jpg\" alt=\"galerie_photos_les_canoes_du_marais_location_canoe_kayak_paddle_pedalo_jaunay_vendee (5)\">\r\n\t\t\t\t\t\t\t\t\t\t\t\t\t\t\t\t\t<span class=\"item-desc item_desc_382\">galerie_photos_les_canoes_du_marais_location_canoe_kayak_paddle_pedalo_jaunay_vendee (21)<\/span>\r\n\t\t\t\t\t\t\t\t\t\t\t\t\t\t<\/div>\r\n\t\t\t\t\t<\/a>\r\n\t\t\t\t\t\t\t\t\t\t<a href=\"https:\/\/www.les-canoes-du-marais.com\/wp-content\/uploads\/2024\/06\/galerie_photos_les_canoes_du_marais_location_canoe_kayak_paddle_pedalo_jaunay_vendee-20.jpg\" class=\"pfg-lightbox-all pfg-lightbox-5\" data-toggle=\"lightbox\" data-gallery=\"mixedgallery\" data-title=\"galerie_photos_les_canoes_du_marais_location_canoe_kayak_paddle_pedalo_jaunay_vendee (20)\" data-alt=\"galerie_photos_les_canoes_du_marais_location_canoe_kayak_paddle_pedalo_jaunay_vendee (20)\" title=\"galerie_photos_les_canoes_du_marais_location_canoe_kayak_paddle_pedalo_jaunay_vendee (20)\">\r\n\t\t\t\t\t\t<div data-category=\"5\" data-sort=\"galerie_photos_les_canoes_du_marais_location_canoe_kayak_paddle_pedalo_jaunay_vendee (20)\" class=\"animateonload filtr-item filtr_item_382 single_one col-lg-3 col-md-6 col-sm-6 col-12\">\r\n\t\t\t\t\t\t\t\t\t\t\t\t\t\t\t<img decoding=\"async\" class=\" thumbnail_382 pfg-img pfg_img_382 img-responsive hvr-float-shadow\" src=\"https:\/\/www.les-canoes-du-marais.com\/wp-content\/uploads\/2024\/06\/galerie_photos_les_canoes_du_marais_location_canoe_kayak_paddle_pedalo_jaunay_vendee-20.jpg\" alt=\"galerie_photos_les_canoes_du_marais_location_canoe_kayak_paddle_pedalo_jaunay_vendee (5)\">\r\n\t\t\t\t\t\t\t\t\t\t\t\t\t\t\t\t\t<span class=\"item-desc item_desc_382\">galerie_photos_les_canoes_du_marais_location_canoe_kayak_paddle_pedalo_jaunay_vendee (20)<\/span>\r\n\t\t\t\t\t\t\t\t\t\t\t\t\t\t<\/div>\r\n\t\t\t\t\t<\/a>\r\n\t\t\t\t\t\t\t\t\t\t<a href=\"https:\/\/www.les-canoes-du-marais.com\/wp-content\/uploads\/2024\/06\/galerie_photos_les_canoes_du_marais_location_canoe_kayak_paddle_pedalo_jaunay_vendee-32.jpg\" class=\"pfg-lightbox-all pfg-lightbox-6\" data-toggle=\"lightbox\" data-gallery=\"mixedgallery\" data-title=\"galerie_photos_les_canoes_du_marais_location_canoe_kayak_paddle_pedalo_jaunay_vendee (32)\" data-alt=\"galerie_photos_les_canoes_du_marais_location_canoe_kayak_paddle_pedalo_jaunay_vendee (32)\" title=\"galerie_photos_les_canoes_du_marais_location_canoe_kayak_paddle_pedalo_jaunay_vendee (32)\">\r\n\t\t\t\t\t\t<div data-category=\"6\" data-sort=\"galerie_photos_les_canoes_du_marais_location_canoe_kayak_paddle_pedalo_jaunay_vendee (32)\" class=\"animateonload filtr-item filtr_item_382 single_one col-lg-3 col-md-6 col-sm-6 col-12\">\r\n\t\t\t\t\t\t\t\t\t\t\t\t\t\t\t<img decoding=\"async\" class=\" thumbnail_382 pfg-img pfg_img_382 img-responsive hvr-float-shadow\" src=\"https:\/\/www.les-canoes-du-marais.com\/wp-content\/uploads\/2024\/06\/galerie_photos_les_canoes_du_marais_location_canoe_kayak_paddle_pedalo_jaunay_vendee-32.jpg\" alt=\"galerie_photos_les_canoes_du_marais_location_canoe_kayak_paddle_pedalo_jaunay_vendee (5)\">\r\n\t\t\t\t\t\t\t\t\t\t\t\t\t\t\t\t\t<span class=\"item-desc item_desc_382\">galerie_photos_les_canoes_du_marais_location_canoe_kayak_paddle_pedalo_jaunay_vendee (32)<\/span>\r\n\t\t\t\t\t\t\t\t\t\t\t\t\t\t<\/div>\r\n\t\t\t\t\t<\/a>\r\n\t\t\t\t\t\t\t\t\t\t<a href=\"https:\/\/www.les-canoes-du-marais.com\/wp-content\/uploads\/2024\/06\/galerie_photos_les_canoes_du_marais_location_canoe_kayak_paddle_pedalo_jaunay_vendee-30.jpg\" class=\"pfg-lightbox-all pfg-lightbox-3 pfg-lightbox-4\" data-toggle=\"lightbox\" data-gallery=\"mixedgallery\" data-title=\"galerie_photos_les_canoes_du_marais_location_canoe_kayak_paddle_pedalo_jaunay_vendee (30)\" data-alt=\"galerie_photos_les_canoes_du_marais_location_canoe_kayak_paddle_pedalo_jaunay_vendee (30)\" title=\"galerie_photos_les_canoes_du_marais_location_canoe_kayak_paddle_pedalo_jaunay_vendee (30)\">\r\n\t\t\t\t\t\t<div data-category=\"3, 4\" data-sort=\"galerie_photos_les_canoes_du_marais_location_canoe_kayak_paddle_pedalo_jaunay_vendee (30)\" class=\"animateonload filtr-item filtr_item_382 single_one col-lg-3 col-md-6 col-sm-6 col-12\">\r\n\t\t\t\t\t\t\t\t\t\t\t\t\t\t\t<img decoding=\"async\" class=\" thumbnail_382 pfg-img pfg_img_382 img-responsive hvr-float-shadow\" src=\"https:\/\/www.les-canoes-du-marais.com\/wp-content\/uploads\/2024\/06\/galerie_photos_les_canoes_du_marais_location_canoe_kayak_paddle_pedalo_jaunay_vendee-30.jpg\" alt=\"galerie_photos_les_canoes_du_marais_location_canoe_kayak_paddle_pedalo_jaunay_vendee (5)\">\r\n\t\t\t\t\t\t\t\t\t\t\t\t\t\t\t\t\t<span class=\"item-desc item_desc_382\">galerie_photos_les_canoes_du_marais_location_canoe_kayak_paddle_pedalo_jaunay_vendee (30)<\/span>\r\n\t\t\t\t\t\t\t\t\t\t\t\t\t\t<\/div>\r\n\t\t\t\t\t<\/a>\r\n\t\t\t\t\t\t\t\t\t\t<a href=\"https:\/\/www.les-canoes-du-marais.com\/wp-content\/uploads\/2024\/06\/galerie_photos_les_canoes_du_marais_location_canoe_kayak_paddle_pedalo_jaunay_vendee-23.jpg\" class=\"pfg-lightbox-all pfg-lightbox-5\" data-toggle=\"lightbox\" data-gallery=\"mixedgallery\" data-title=\"galerie_photos_les_canoes_du_marais_location_canoe_kayak_paddle_pedalo_jaunay_vendee (23)\" data-alt=\"galerie_photos_les_canoes_du_marais_location_canoe_kayak_paddle_pedalo_jaunay_vendee (23)\" title=\"galerie_photos_les_canoes_du_marais_location_canoe_kayak_paddle_pedalo_jaunay_vendee (23)\">\r\n\t\t\t\t\t\t<div data-category=\"5\" data-sort=\"galerie_photos_les_canoes_du_marais_location_canoe_kayak_paddle_pedalo_jaunay_vendee (23)\" class=\"animateonload filtr-item filtr_item_382 single_one col-lg-3 col-md-6 col-sm-6 col-12\">\r\n\t\t\t\t\t\t\t\t\t\t\t\t\t\t\t<img decoding=\"async\" class=\" thumbnail_382 pfg-img pfg_img_382 img-responsive hvr-float-shadow\" src=\"https:\/\/www.les-canoes-du-marais.com\/wp-content\/uploads\/2024\/06\/galerie_photos_les_canoes_du_marais_location_canoe_kayak_paddle_pedalo_jaunay_vendee-23.jpg\" alt=\"galerie_photos_les_canoes_du_marais_location_canoe_kayak_paddle_pedalo_jaunay_vendee (5)\">\r\n\t\t\t\t\t\t\t\t\t\t\t\t\t\t\t\t\t<span class=\"item-desc item_desc_382\">galerie_photos_les_canoes_du_marais_location_canoe_kayak_paddle_pedalo_jaunay_vendee (23)<\/span>\r\n\t\t\t\t\t\t\t\t\t\t\t\t\t\t<\/div>\r\n\t\t\t\t\t<\/a>\r\n\t\t\t\t\t\t\t\t\t\t<a href=\"https:\/\/www.les-canoes-du-marais.com\/wp-content\/uploads\/2024\/06\/galerie_photos_les_canoes_du_marais_location_canoe_kayak_paddle_pedalo_jaunay_vendee-31.jpg\" class=\"pfg-lightbox-all pfg-lightbox-5\" data-toggle=\"lightbox\" data-gallery=\"mixedgallery\" data-title=\"galerie_photos_les_canoes_du_marais_location_canoe_kayak_paddle_pedalo_jaunay_vendee (31)\" data-alt=\"galerie_photos_les_canoes_du_marais_location_canoe_kayak_paddle_pedalo_jaunay_vendee (31)\" title=\"galerie_photos_les_canoes_du_marais_location_canoe_kayak_paddle_pedalo_jaunay_vendee (31)\">\r\n\t\t\t\t\t\t<div data-category=\"5\" data-sort=\"galerie_photos_les_canoes_du_marais_location_canoe_kayak_paddle_pedalo_jaunay_vendee (31)\" class=\"animateonload filtr-item filtr_item_382 single_one col-lg-3 col-md-6 col-sm-6 col-12\">\r\n\t\t\t\t\t\t\t\t\t\t\t\t\t\t\t<img decoding=\"async\" class=\" thumbnail_382 pfg-img pfg_img_382 img-responsive hvr-float-shadow\" src=\"https:\/\/www.les-canoes-du-marais.com\/wp-content\/uploads\/2024\/06\/galerie_photos_les_canoes_du_marais_location_canoe_kayak_paddle_pedalo_jaunay_vendee-31.jpg\" alt=\"galerie_photos_les_canoes_du_marais_location_canoe_kayak_paddle_pedalo_jaunay_vendee (5)\">\r\n\t\t\t\t\t\t\t\t\t\t\t\t\t\t\t\t\t<span class=\"item-desc item_desc_382\">galerie_photos_les_canoes_du_marais_location_canoe_kayak_paddle_pedalo_jaunay_vendee (31)<\/span>\r\n\t\t\t\t\t\t\t\t\t\t\t\t\t\t<\/div>\r\n\t\t\t\t\t<\/a>\r\n\t\t\t\t\t\t\t\t\t\t<a href=\"https:\/\/www.les-canoes-du-marais.com\/wp-content\/uploads\/2024\/06\/galerie_photos_les_canoes_du_marais_location_canoe_kayak_paddle_pedalo_jaunay_vendee-11.jpg\" class=\"pfg-lightbox-all pfg-lightbox-5\" data-toggle=\"lightbox\" data-gallery=\"mixedgallery\" data-title=\"galerie_photos_les_canoes_du_marais_location_canoe_kayak_paddle_pedalo_jaunay_vendee (11)\" data-alt=\"galerie_photos_les_canoes_du_marais_location_canoe_kayak_paddle_pedalo_jaunay_vendee (11)\" title=\"galerie_photos_les_canoes_du_marais_location_canoe_kayak_paddle_pedalo_jaunay_vendee (11)\">\r\n\t\t\t\t\t\t<div data-category=\"5\" data-sort=\"galerie_photos_les_canoes_du_marais_location_canoe_kayak_paddle_pedalo_jaunay_vendee (11)\" class=\"animateonload filtr-item filtr_item_382 single_one col-lg-3 col-md-6 col-sm-6 col-12\">\r\n\t\t\t\t\t\t\t\t\t\t\t\t\t\t\t<img decoding=\"async\" class=\" thumbnail_382 pfg-img pfg_img_382 img-responsive hvr-float-shadow\" src=\"https:\/\/www.les-canoes-du-marais.com\/wp-content\/uploads\/2024\/06\/galerie_photos_les_canoes_du_marais_location_canoe_kayak_paddle_pedalo_jaunay_vendee-11.jpg\" alt=\"galerie_photos_les_canoes_du_marais_location_canoe_kayak_paddle_pedalo_jaunay_vendee (5)\">\r\n\t\t\t\t\t\t\t\t\t\t\t\t\t\t\t\t\t<span class=\"item-desc item_desc_382\">galerie_photos_les_canoes_du_marais_location_canoe_kayak_paddle_pedalo_jaunay_vendee (11)<\/span>\r\n\t\t\t\t\t\t\t\t\t\t\t\t\t\t<\/div>\r\n\t\t\t\t\t<\/a>\r\n\t\t\t\t\t\t\t\t\t\t<a href=\"https:\/\/www.les-canoes-du-marais.com\/wp-content\/uploads\/2024\/06\/galerie_photos_les_canoes_du_marais_location_canoe_kayak_paddle_pedalo_jaunay_vendee-12.jpg\" class=\"pfg-lightbox-all pfg-lightbox-5\" data-toggle=\"lightbox\" data-gallery=\"mixedgallery\" data-title=\"galerie_photos_les_canoes_du_marais_location_canoe_kayak_paddle_pedalo_jaunay_vendee (12)\" data-alt=\"galerie_photos_les_canoes_du_marais_location_canoe_kayak_paddle_pedalo_jaunay_vendee (12)\" title=\"galerie_photos_les_canoes_du_marais_location_canoe_kayak_paddle_pedalo_jaunay_vendee (12)\">\r\n\t\t\t\t\t\t<div data-category=\"5\" data-sort=\"galerie_photos_les_canoes_du_marais_location_canoe_kayak_paddle_pedalo_jaunay_vendee (12)\" class=\"animateonload filtr-item filtr_item_382 single_one col-lg-3 col-md-6 col-sm-6 col-12\">\r\n\t\t\t\t\t\t\t\t\t\t\t\t\t\t\t<img decoding=\"async\" class=\" thumbnail_382 pfg-img pfg_img_382 img-responsive hvr-float-shadow\" src=\"https:\/\/www.les-canoes-du-marais.com\/wp-content\/uploads\/2024\/06\/galerie_photos_les_canoes_du_marais_location_canoe_kayak_paddle_pedalo_jaunay_vendee-12.jpg\" alt=\"galerie_photos_les_canoes_du_marais_location_canoe_kayak_paddle_pedalo_jaunay_vendee (5)\">\r\n\t\t\t\t\t\t\t\t\t\t\t\t\t\t\t\t\t<span class=\"item-desc item_desc_382\">galerie_photos_les_canoes_du_marais_location_canoe_kayak_paddle_pedalo_jaunay_vendee (12)<\/span>\r\n\t\t\t\t\t\t\t\t\t\t\t\t\t\t<\/div>\r\n\t\t\t\t\t<\/a>\r\n\t\t\t\t\t\t\t\t\t\t<a href=\"https:\/\/www.les-canoes-du-marais.com\/wp-content\/uploads\/2024\/06\/galerie_photos_les_canoes_du_marais_location_canoe_kayak_paddle_pedalo_jaunay_vendee-29.jpg\" class=\"pfg-lightbox-all pfg-lightbox-1 pfg-lightbox-2 pfg-lightbox-4\" data-toggle=\"lightbox\" data-gallery=\"mixedgallery\" data-title=\"galerie_photos_les_canoes_du_marais_location_canoe_kayak_paddle_pedalo_jaunay_vendee (29)\" data-alt=\"galerie_photos_les_canoes_du_marais_location_canoe_kayak_paddle_pedalo_jaunay_vendee (29)\" title=\"galerie_photos_les_canoes_du_marais_location_canoe_kayak_paddle_pedalo_jaunay_vendee (29)\">\r\n\t\t\t\t\t\t<div data-category=\"1, 2, 4\" data-sort=\"galerie_photos_les_canoes_du_marais_location_canoe_kayak_paddle_pedalo_jaunay_vendee (29)\" class=\"animateonload filtr-item filtr_item_382 single_one col-lg-3 col-md-6 col-sm-6 col-12\">\r\n\t\t\t\t\t\t\t\t\t\t\t\t\t\t\t<img decoding=\"async\" class=\" thumbnail_382 pfg-img pfg_img_382 img-responsive hvr-float-shadow\" src=\"https:\/\/www.les-canoes-du-marais.com\/wp-content\/uploads\/2024\/06\/galerie_photos_les_canoes_du_marais_location_canoe_kayak_paddle_pedalo_jaunay_vendee-29.jpg\" alt=\"galerie_photos_les_canoes_du_marais_location_canoe_kayak_paddle_pedalo_jaunay_vendee (5)\">\r\n\t\t\t\t\t\t\t\t\t\t\t\t\t\t\t\t\t<span class=\"item-desc item_desc_382\">galerie_photos_les_canoes_du_marais_location_canoe_kayak_paddle_pedalo_jaunay_vendee (29)<\/span>\r\n\t\t\t\t\t\t\t\t\t\t\t\t\t\t<\/div>\r\n\t\t\t\t\t<\/a>\r\n\t\t\t\t\t\t\t\t\t\t<a href=\"https:\/\/www.les-canoes-du-marais.com\/wp-content\/uploads\/2024\/06\/galerie_photos_les_canoes_du_marais_location_canoe_kayak_paddle_pedalo_jaunay_vendee-4-1.jpg\" class=\"pfg-lightbox-all pfg-lightbox-5\" data-toggle=\"lightbox\" data-gallery=\"mixedgallery\" data-title=\"galerie_photos_les_canoes_du_marais_location_canoe_kayak_paddle_pedalo_jaunay_vendee (4)\" data-alt=\"galerie_photos_les_canoes_du_marais_location_canoe_kayak_paddle_pedalo_jaunay_vendee (4)\" title=\"galerie_photos_les_canoes_du_marais_location_canoe_kayak_paddle_pedalo_jaunay_vendee (4)\">\r\n\t\t\t\t\t\t<div data-category=\"5\" data-sort=\"galerie_photos_les_canoes_du_marais_location_canoe_kayak_paddle_pedalo_jaunay_vendee (4)\" class=\"animateonload filtr-item filtr_item_382 single_one col-lg-3 col-md-6 col-sm-6 col-12\">\r\n\t\t\t\t\t\t\t\t\t\t\t\t\t\t\t<img decoding=\"async\" class=\" thumbnail_382 pfg-img pfg_img_382 img-responsive hvr-float-shadow\" src=\"https:\/\/www.les-canoes-du-marais.com\/wp-content\/uploads\/2024\/06\/galerie_photos_les_canoes_du_marais_location_canoe_kayak_paddle_pedalo_jaunay_vendee-4-1.jpg\" alt=\"galerie_photos_les_canoes_du_marais_location_canoe_kayak_paddle_pedalo_jaunay_vendee (5)\">\r\n\t\t\t\t\t\t\t\t\t\t\t\t\t\t\t\t\t<span class=\"item-desc item_desc_382\">galerie_photos_les_canoes_du_marais_location_canoe_kayak_paddle_pedalo_jaunay_vendee (4)<\/span>\r\n\t\t\t\t\t\t\t\t\t\t\t\t\t\t<\/div>\r\n\t\t\t\t\t<\/a>\r\n\t\t\t\t\t\t\t\t\t\t<a href=\"https:\/\/www.les-canoes-du-marais.com\/wp-content\/uploads\/2024\/06\/galerie_photos_les_canoes_du_marais_location_canoe_kayak_paddle_pedalo_jaunay_vendee-17.jpg\" class=\"pfg-lightbox-all pfg-lightbox-5\" data-toggle=\"lightbox\" data-gallery=\"mixedgallery\" data-title=\"galerie_photos_les_canoes_du_marais_location_canoe_kayak_paddle_pedalo_jaunay_vendee (17)\" data-alt=\"galerie_photos_les_canoes_du_marais_location_canoe_kayak_paddle_pedalo_jaunay_vendee (17)\" title=\"galerie_photos_les_canoes_du_marais_location_canoe_kayak_paddle_pedalo_jaunay_vendee (17)\">\r\n\t\t\t\t\t\t<div data-category=\"5\" data-sort=\"galerie_photos_les_canoes_du_marais_location_canoe_kayak_paddle_pedalo_jaunay_vendee (17)\" class=\"animateonload filtr-item filtr_item_382 single_one col-lg-3 col-md-6 col-sm-6 col-12\">\r\n\t\t\t\t\t\t\t\t\t\t\t\t\t\t\t<img decoding=\"async\" class=\" thumbnail_382 pfg-img pfg_img_382 img-responsive hvr-float-shadow\" src=\"https:\/\/www.les-canoes-du-marais.com\/wp-content\/uploads\/2024\/06\/galerie_photos_les_canoes_du_marais_location_canoe_kayak_paddle_pedalo_jaunay_vendee-17.jpg\" alt=\"galerie_photos_les_canoes_du_marais_location_canoe_kayak_paddle_pedalo_jaunay_vendee (5)\">\r\n\t\t\t\t\t\t\t\t\t\t\t\t\t\t\t\t\t<span class=\"item-desc item_desc_382\">galerie_photos_les_canoes_du_marais_location_canoe_kayak_paddle_pedalo_jaunay_vendee (17)<\/span>\r\n\t\t\t\t\t\t\t\t\t\t\t\t\t\t<\/div>\r\n\t\t\t\t\t<\/a>\r\n\t\t\t\t\t\t\t\t\t\t<a href=\"https:\/\/www.les-canoes-du-marais.com\/wp-content\/uploads\/2024\/06\/galerie_photos_les_canoes_du_marais_location_canoe_kayak_paddle_pedalo_jaunay_vendee-7-1.jpg\" class=\"pfg-lightbox-all pfg-lightbox-3\" data-toggle=\"lightbox\" data-gallery=\"mixedgallery\" data-title=\"galerie_photos_les_canoes_du_marais_location_canoe_kayak_paddle_pedalo_jaunay_vendee (7)\" data-alt=\"galerie_photos_les_canoes_du_marais_location_canoe_kayak_paddle_pedalo_jaunay_vendee (7)\" title=\"galerie_photos_les_canoes_du_marais_location_canoe_kayak_paddle_pedalo_jaunay_vendee (7)\">\r\n\t\t\t\t\t\t<div data-category=\"3\" data-sort=\"galerie_photos_les_canoes_du_marais_location_canoe_kayak_paddle_pedalo_jaunay_vendee (7)\" class=\"animateonload filtr-item filtr_item_382 single_one col-lg-3 col-md-6 col-sm-6 col-12\">\r\n\t\t\t\t\t\t\t\t\t\t\t\t\t\t\t<img decoding=\"async\" class=\" thumbnail_382 pfg-img pfg_img_382 img-responsive hvr-float-shadow\" src=\"https:\/\/www.les-canoes-du-marais.com\/wp-content\/uploads\/2024\/06\/galerie_photos_les_canoes_du_marais_location_canoe_kayak_paddle_pedalo_jaunay_vendee-7-1.jpg\" alt=\"galerie_photos_les_canoes_du_marais_location_canoe_kayak_paddle_pedalo_jaunay_vendee (5)\">\r\n\t\t\t\t\t\t\t\t\t\t\t\t\t\t\t\t\t<span class=\"item-desc item_desc_382\">galerie_photos_les_canoes_du_marais_location_canoe_kayak_paddle_pedalo_jaunay_vendee (7)<\/span>\r\n\t\t\t\t\t\t\t\t\t\t\t\t\t\t<\/div>\r\n\t\t\t\t\t<\/a>\r\n\t\t\t\t\t\t\t\t\t\t<a href=\"https:\/\/www.les-canoes-du-marais.com\/wp-content\/uploads\/2024\/06\/galerie_photos_les_canoes_du_marais_location_canoe_kayak_paddle_pedalo_jaunay_vendee-8.jpg\" class=\"pfg-lightbox-all pfg-lightbox-5\" data-toggle=\"lightbox\" data-gallery=\"mixedgallery\" data-title=\"galerie_photos_les_canoes_du_marais_location_canoe_kayak_paddle_pedalo_jaunay_vendee (8)\" data-alt=\"galerie_photos_les_canoes_du_marais_location_canoe_kayak_paddle_pedalo_jaunay_vendee (8)\" title=\"galerie_photos_les_canoes_du_marais_location_canoe_kayak_paddle_pedalo_jaunay_vendee (8)\">\r\n\t\t\t\t\t\t<div data-category=\"5\" data-sort=\"galerie_photos_les_canoes_du_marais_location_canoe_kayak_paddle_pedalo_jaunay_vendee (8)\" class=\"animateonload filtr-item filtr_item_382 single_one col-lg-3 col-md-6 col-sm-6 col-12\">\r\n\t\t\t\t\t\t\t\t\t\t\t\t\t\t\t<img decoding=\"async\" class=\" thumbnail_382 pfg-img pfg_img_382 img-responsive hvr-float-shadow\" src=\"https:\/\/www.les-canoes-du-marais.com\/wp-content\/uploads\/2024\/06\/galerie_photos_les_canoes_du_marais_location_canoe_kayak_paddle_pedalo_jaunay_vendee-8.jpg\" alt=\"galerie_photos_les_canoes_du_marais_location_canoe_kayak_paddle_pedalo_jaunay_vendee (5)\">\r\n\t\t\t\t\t\t\t\t\t\t\t\t\t\t\t\t\t<span class=\"item-desc item_desc_382\">galerie_photos_les_canoes_du_marais_location_canoe_kayak_paddle_pedalo_jaunay_vendee (8)<\/span>\r\n\t\t\t\t\t\t\t\t\t\t\t\t\t\t<\/div>\r\n\t\t\t\t\t<\/a>\r\n\t\t\t\t\t\t\t\t\t\t<a href=\"https:\/\/www.les-canoes-du-marais.com\/wp-content\/uploads\/2024\/06\/galerie_photos_les_canoes_du_marais_location_canoe_kayak_paddle_pedalo_jaunay_vendee-24.jpg\" class=\"pfg-lightbox-all pfg-lightbox-5\" data-toggle=\"lightbox\" data-gallery=\"mixedgallery\" data-title=\"galerie_photos_les_canoes_du_marais_location_canoe_kayak_paddle_pedalo_jaunay_vendee (24)\" data-alt=\"galerie_photos_les_canoes_du_marais_location_canoe_kayak_paddle_pedalo_jaunay_vendee (24)\" title=\"galerie_photos_les_canoes_du_marais_location_canoe_kayak_paddle_pedalo_jaunay_vendee (24)\">\r\n\t\t\t\t\t\t<div data-category=\"5\" data-sort=\"galerie_photos_les_canoes_du_marais_location_canoe_kayak_paddle_pedalo_jaunay_vendee (24)\" class=\"animateonload filtr-item filtr_item_382 single_one col-lg-3 col-md-6 col-sm-6 col-12\">\r\n\t\t\t\t\t\t\t\t\t\t\t\t\t\t\t<img decoding=\"async\" class=\" thumbnail_382 pfg-img pfg_img_382 img-responsive hvr-float-shadow\" src=\"https:\/\/www.les-canoes-du-marais.com\/wp-content\/uploads\/2024\/06\/galerie_photos_les_canoes_du_marais_location_canoe_kayak_paddle_pedalo_jaunay_vendee-24.jpg\" alt=\"galerie_photos_les_canoes_du_marais_location_canoe_kayak_paddle_pedalo_jaunay_vendee (5)\">\r\n\t\t\t\t\t\t\t\t\t\t\t\t\t\t\t\t\t<span class=\"item-desc item_desc_382\">galerie_photos_les_canoes_du_marais_location_canoe_kayak_paddle_pedalo_jaunay_vendee (24)<\/span>\r\n\t\t\t\t\t\t\t\t\t\t\t\t\t\t<\/div>\r\n\t\t\t\t\t<\/a>\r\n\t\t\t\t\t\t\t\t\t\t<a href=\"https:\/\/www.les-canoes-du-marais.com\/wp-content\/uploads\/2024\/06\/galerie_photos_les_canoes_du_marais_location_canoe_kayak_paddle_pedalo_jaunay_vendee-28.jpg\" class=\"pfg-lightbox-all pfg-lightbox-5\" data-toggle=\"lightbox\" data-gallery=\"mixedgallery\" data-title=\"galerie_photos_les_canoes_du_marais_location_canoe_kayak_paddle_pedalo_jaunay_vendee (28)\" data-alt=\"galerie_photos_les_canoes_du_marais_location_canoe_kayak_paddle_pedalo_jaunay_vendee (28)\" title=\"galerie_photos_les_canoes_du_marais_location_canoe_kayak_paddle_pedalo_jaunay_vendee (28)\">\r\n\t\t\t\t\t\t<div data-category=\"5\" data-sort=\"galerie_photos_les_canoes_du_marais_location_canoe_kayak_paddle_pedalo_jaunay_vendee (28)\" class=\"animateonload filtr-item filtr_item_382 single_one col-lg-3 col-md-6 col-sm-6 col-12\">\r\n\t\t\t\t\t\t\t\t\t\t\t\t\t\t\t<img decoding=\"async\" class=\" thumbnail_382 pfg-img pfg_img_382 img-responsive hvr-float-shadow\" src=\"https:\/\/www.les-canoes-du-marais.com\/wp-content\/uploads\/2024\/06\/galerie_photos_les_canoes_du_marais_location_canoe_kayak_paddle_pedalo_jaunay_vendee-28.jpg\" alt=\"galerie_photos_les_canoes_du_marais_location_canoe_kayak_paddle_pedalo_jaunay_vendee (5)\">\r\n\t\t\t\t\t\t\t\t\t\t\t\t\t\t\t\t\t<span class=\"item-desc item_desc_382\">galerie_photos_les_canoes_du_marais_location_canoe_kayak_paddle_pedalo_jaunay_vendee (28)<\/span>\r\n\t\t\t\t\t\t\t\t\t\t\t\t\t\t<\/div>\r\n\t\t\t\t\t<\/a>\r\n\t\t\t\t\t\t\t\t\t\t<a href=\"https:\/\/www.les-canoes-du-marais.com\/wp-content\/uploads\/2024\/06\/galerie_photos_les_canoes_du_marais_location_canoe_kayak_paddle_pedalo_jaunay_vendee-27.jpg\" class=\"pfg-lightbox-all pfg-lightbox-5\" data-toggle=\"lightbox\" data-gallery=\"mixedgallery\" data-title=\"galerie_photos_les_canoes_du_marais_location_canoe_kayak_paddle_pedalo_jaunay_vendee (27)\" data-alt=\"galerie_photos_les_canoes_du_marais_location_canoe_kayak_paddle_pedalo_jaunay_vendee (27)\" title=\"galerie_photos_les_canoes_du_marais_location_canoe_kayak_paddle_pedalo_jaunay_vendee (27)\">\r\n\t\t\t\t\t\t<div data-category=\"5\" data-sort=\"galerie_photos_les_canoes_du_marais_location_canoe_kayak_paddle_pedalo_jaunay_vendee (27)\" class=\"animateonload filtr-item filtr_item_382 single_one col-lg-3 col-md-6 col-sm-6 col-12\">\r\n\t\t\t\t\t\t\t\t\t\t\t\t\t\t\t<img decoding=\"async\" class=\" thumbnail_382 pfg-img pfg_img_382 img-responsive hvr-float-shadow\" src=\"https:\/\/www.les-canoes-du-marais.com\/wp-content\/uploads\/2024\/06\/galerie_photos_les_canoes_du_marais_location_canoe_kayak_paddle_pedalo_jaunay_vendee-27.jpg\" alt=\"galerie_photos_les_canoes_du_marais_location_canoe_kayak_paddle_pedalo_jaunay_vendee (5)\">\r\n\t\t\t\t\t\t\t\t\t\t\t\t\t\t\t\t\t<span class=\"item-desc item_desc_382\">galerie_photos_les_canoes_du_marais_location_canoe_kayak_paddle_pedalo_jaunay_vendee (27)<\/span>\r\n\t\t\t\t\t\t\t\t\t\t\t\t\t\t<\/div>\r\n\t\t\t\t\t<\/a>\r\n\t\t\t\t\t\t\t\t\t\t<a href=\"https:\/\/www.les-canoes-du-marais.com\/wp-content\/uploads\/2024\/06\/galerie_photos_les_canoes_du_marais_location_canoe_kayak_paddle_pedalo_jaunay_vendee-6-1.jpg\" class=\"pfg-lightbox-all pfg-lightbox-5\" data-toggle=\"lightbox\" data-gallery=\"mixedgallery\" data-title=\"galerie_photos_les_canoes_du_marais_location_canoe_kayak_paddle_pedalo_jaunay_vendee (6)\" data-alt=\"galerie_photos_les_canoes_du_marais_location_canoe_kayak_paddle_pedalo_jaunay_vendee (6)\" title=\"galerie_photos_les_canoes_du_marais_location_canoe_kayak_paddle_pedalo_jaunay_vendee (6)\">\r\n\t\t\t\t\t\t<div data-category=\"5\" data-sort=\"galerie_photos_les_canoes_du_marais_location_canoe_kayak_paddle_pedalo_jaunay_vendee (6)\" class=\"animateonload filtr-item filtr_item_382 single_one col-lg-3 col-md-6 col-sm-6 col-12\">\r\n\t\t\t\t\t\t\t\t\t\t\t\t\t\t\t<img decoding=\"async\" class=\" thumbnail_382 pfg-img pfg_img_382 img-responsive hvr-float-shadow\" src=\"https:\/\/www.les-canoes-du-marais.com\/wp-content\/uploads\/2024\/06\/galerie_photos_les_canoes_du_marais_location_canoe_kayak_paddle_pedalo_jaunay_vendee-6-1.jpg\" alt=\"galerie_photos_les_canoes_du_marais_location_canoe_kayak_paddle_pedalo_jaunay_vendee (5)\">\r\n\t\t\t\t\t\t\t\t\t\t\t\t\t\t\t\t\t<span class=\"item-desc item_desc_382\">galerie_photos_les_canoes_du_marais_location_canoe_kayak_paddle_pedalo_jaunay_vendee (6)<\/span>\r\n\t\t\t\t\t\t\t\t\t\t\t\t\t\t<\/div>\r\n\t\t\t\t\t<\/a>\r\n\t\t\t\t\t\t\t\t\t\t<a href=\"https:\/\/www.les-canoes-du-marais.com\/wp-content\/uploads\/2024\/06\/galerie_photos_les_canoes_du_marais_location_canoe_kayak_paddle_pedalo_jaunay_vendee-25.jpg\" class=\"pfg-lightbox-all pfg-lightbox-5\" data-toggle=\"lightbox\" data-gallery=\"mixedgallery\" data-title=\"galerie_photos_les_canoes_du_marais_location_canoe_kayak_paddle_pedalo_jaunay_vendee (25)\" data-alt=\"galerie_photos_les_canoes_du_marais_location_canoe_kayak_paddle_pedalo_jaunay_vendee (25)\" title=\"galerie_photos_les_canoes_du_marais_location_canoe_kayak_paddle_pedalo_jaunay_vendee (25)\">\r\n\t\t\t\t\t\t<div data-category=\"5\" data-sort=\"galerie_photos_les_canoes_du_marais_location_canoe_kayak_paddle_pedalo_jaunay_vendee (25)\" class=\"animateonload filtr-item filtr_item_382 single_one col-lg-3 col-md-6 col-sm-6 col-12\">\r\n\t\t\t\t\t\t\t\t\t\t\t\t\t\t\t<img decoding=\"async\" class=\" thumbnail_382 pfg-img pfg_img_382 img-responsive hvr-float-shadow\" src=\"https:\/\/www.les-canoes-du-marais.com\/wp-content\/uploads\/2024\/06\/galerie_photos_les_canoes_du_marais_location_canoe_kayak_paddle_pedalo_jaunay_vendee-25.jpg\" alt=\"galerie_photos_les_canoes_du_marais_location_canoe_kayak_paddle_pedalo_jaunay_vendee (5)\">\r\n\t\t\t\t\t\t\t\t\t\t\t\t\t\t\t\t\t<span class=\"item-desc item_desc_382\">galerie_photos_les_canoes_du_marais_location_canoe_kayak_paddle_pedalo_jaunay_vendee (25)<\/span>\r\n\t\t\t\t\t\t\t\t\t\t\t\t\t\t<\/div>\r\n\t\t\t\t\t<\/a>\r\n\t\t\t\t\t\t\t\t\t\t<a href=\"https:\/\/www.les-canoes-du-marais.com\/wp-content\/uploads\/2024\/06\/galerie_photos_les_canoes_du_marais_location_canoe_kayak_paddle_pedalo_jaunay_vendee-13.jpg\" class=\"pfg-lightbox-all pfg-lightbox-5\" data-toggle=\"lightbox\" data-gallery=\"mixedgallery\" data-title=\"galerie_photos_les_canoes_du_marais_location_canoe_kayak_paddle_pedalo_jaunay_vendee (13)\" data-alt=\"galerie_photos_les_canoes_du_marais_location_canoe_kayak_paddle_pedalo_jaunay_vendee (13)\" title=\"galerie_photos_les_canoes_du_marais_location_canoe_kayak_paddle_pedalo_jaunay_vendee (13)\">\r\n\t\t\t\t\t\t<div data-category=\"5\" data-sort=\"galerie_photos_les_canoes_du_marais_location_canoe_kayak_paddle_pedalo_jaunay_vendee (13)\" class=\"animateonload filtr-item filtr_item_382 single_one col-lg-3 col-md-6 col-sm-6 col-12\">\r\n\t\t\t\t\t\t\t\t\t\t\t\t\t\t\t<img decoding=\"async\" class=\" thumbnail_382 pfg-img pfg_img_382 img-responsive hvr-float-shadow\" src=\"https:\/\/www.les-canoes-du-marais.com\/wp-content\/uploads\/2024\/06\/galerie_photos_les_canoes_du_marais_location_canoe_kayak_paddle_pedalo_jaunay_vendee-13.jpg\" alt=\"galerie_photos_les_canoes_du_marais_location_canoe_kayak_paddle_pedalo_jaunay_vendee (5)\">\r\n\t\t\t\t\t\t\t\t\t\t\t\t\t\t\t\t\t<span class=\"item-desc item_desc_382\">galerie_photos_les_canoes_du_marais_location_canoe_kayak_paddle_pedalo_jaunay_vendee (13)<\/span>\r\n\t\t\t\t\t\t\t\t\t\t\t\t\t\t<\/div>\r\n\t\t\t\t\t<\/a>\r\n\t\t\t\t\t\t\t<\/div>\r\n\t<\/div>\r\n<script>\r\n\r\nsetTimeout(function () {\r\n\tjQuery(\".thumbnail_382\").each(function(){\r\n\t\t\/\/ console.log(jQuery(this).width() + \"x\" + jQuery(this).height())\r\n\t\tvar h = jQuery(this).height();\r\n\t\tvar w = jQuery(this).width();\r\n\t\tjQuery(this).height(h);\r\n\t\tjQuery(this).width(w);\r\n\t\tjQuery(this).resize();\r\n\t});\r\n}, 2500);\r\n\r\njQuery(document).ready(function (jQuery) {\r\n    jQuery('.filtr-item').addClass('animateonload');\r\n    jQuery('#filter_gallery_382').show();\r\n    jQuery('.loading-wrapper').hide();\r\n    jQuery(\".loader_img\").hide();\r\n    jQuery(\".lg_load_more\").show();\r\n    jQuery(\".filtr-container\").css(\"opacity\", 1);\r\n\r\n    \/\/ Define Filterizr Default Options\r\n    const options = {\r\n        animationDuration: 0.5,\r\n        callbacks: {\r\n            onFilteringStart: function() {\r\n                \/\/ Apply sorting shortly after filtering starts\r\n                setTimeout(function() {\r\n                                    }, 50);\r\n            },\r\n            onFilteringEnd: function() {\r\n                \/\/ Apply sorting shortly after filtering ends\r\n                setTimeout(function() {\r\n                                    }, 50);\r\n            },\r\n            onShufflingStart: function() { },\r\n            onShufflingEnd: function() { },\r\n            onSortingStart: function() { },\r\n            onSortingEnd: function() { }\r\n        },\r\n        controlsSelector: '.filtr-controls-382',\r\n        filter: 'all',\r\n        filterOutCss: {\r\n            top: '0px',\r\n            left: '0px',\r\n            opacity: 0.001,\r\n            transform: ''\r\n        },\r\n        filterInCss: {\r\n            top: '0px',\r\n            left: '0px',\r\n            opacity: 1,\r\n            transform: ''\r\n        },\r\n        layout: 'sameWidth',\r\n        selector: '.filtr-item',\r\n        setupControls: false\r\n    };\r\n\r\n    \/\/ Initialize Filterizr and ensure it is globally accessible\r\n    window.filterizd = jQuery('.filter_gallery_382').filterizr(options);\r\n\r\n    jQuery('.filter_gallery_382').imagesLoaded(function() {\r\n        \/\/ Reapply sorting after initial load\r\n        \r\n        \/\/ Resize handling\r\n        jQuery(window).resize(function() {\r\n            jQuery(\".thumbnail_382\").each(function() {\r\n                var h = jQuery(this).height();\r\n                var w = jQuery(this).width();\r\n                jQuery(this).height(h);\r\n                jQuery(this).width(w);\r\n            });\r\n\r\n            \/\/ Reapply sorting after resizing\r\n                    });\r\n    });\r\n\r\n\t\t\r\n\t\t\/\/bootstrap-lightbox-js\r\n\t\t\/\/ delegate calls to data-toggle=\"lightbox\"\r\n\t\tdocument.addEventListener('DOMContentLoaded', (event) => {\r\n            document.querySelectorAll('.my-lightbox-toggle').forEach((el) => {\r\n                el.addEventListener('click', (e) => {\r\n                    e.preventDefault();\r\n\r\n                    const options = {\r\n                        keyboard: true,\r\n                        size: 'fullscreen'\r\n                    };\r\n\r\n                    \/\/ Assuming Lightbox is a constructor from the included library\r\n                    \/\/ Check if the Lightbox class or function exists\r\n                    if (typeof Lightbox !== 'undefined') {\r\n                        const lightbox = new Lightbox(el, options);\r\n                        lightbox.show();\r\n                    } else {\r\n                        console.error('Lightbox library is not loaded.');\r\n                    }\r\n                });\r\n            });\r\n        });\r\n\t\t\t\tjQuery('.filtr-control-382 [data-filter]').click(function() {\r\n\t\t\t\r\n\t\t\t\/\/jQuery('.swiper-382').swipebox('swipebox-destroy');\r\n\t\t\tvar targetFilter = jQuery(this).data('filter');\r\n\t\t\tconsole.log(targetFilter);\r\n\t\t\tvar lighbox_class_name = \"pfg-lightbox-\" + targetFilter;\r\n\t\t\tjQuery('.pfg-lightbox-' + targetFilter ).attr('data-gallery', lighbox_class_name); \/\/ add data filter for parent filters\r\n\t\t});\r\n\t\t\r\n\t\/\/ video player\r\n\tjQuery(function(){\r\n      jQuery(\"a.video-box-382\").YouTubePopUp( { autoplay: 0 } ); \/\/ Disable autoplay\r\n\t});\r\n\t\r\n});   \r\n<\/script>[\/et_pb_code][\/et_pb_column][\/et_pb_row][\/et_pb_section][et_pb_section fb_built=\u00a0\u00bb1&Prime; custom_padding_last_edited=\u00a0\u00bbon|phone\u00a0\u00bb _builder_version=\u00a0\u00bb4.27.0&Prime; _module_preset=\u00a0\u00bbdefault\u00a0\u00bb background_color=\u00a0\u00bb#00C4DC\u00a0\u00bb background_enable_image=\u00a0\u00bboff\u00a0\u00bb custom_padding=\u00a0\u00bb||||false|false\u00a0\u00bb custom_padding_tablet=\u00a0\u00bb||||false|false\u00a0\u00bb custom_padding_phone=\u00a0\u00bb40px||20px||false|false\u00a0\u00bb hover_enabled=\u00a0\u00bb0&Prime; global_colors_info=\u00a0\u00bb{}\u00a0\u00bb sticky_enabled=\u00a0\u00bb0&Prime; global_module=\u00a0\u00bb1259&Prime; saved_tabs=\u00a0\u00bball\u00a0\u00bb][et_pb_row _builder_version=\u00a0\u00bb4.27.0&Prime; _module_preset=\u00a0\u00bbdefault\u00a0\u00bb custom_padding=\u00a0\u00bb0px||||false|false\u00a0\u00bb hover_enabled=\u00a0\u00bb0&Prime; sticky_enabled=\u00a0\u00bb0&Prime;][et_pb_column _builder_version=\u00a0\u00bb4.27.0&Prime; _module_preset=\u00a0\u00bbdefault\u00a0\u00bb type=\u00a0\u00bb4_4&Prime;][et_pb_text _builder_version=\u00a0\u00bb4.27.0&Prime; _module_preset=\u00a0\u00bbdefault\u00a0\u00bb text_font_size=\u00a0\u00bb16px\u00a0\u00bb text_line_height=\u00a0\u00bb2.2em\u00a0\u00bb link_font=\u00a0\u00bb&#8211;et_global_body_font|300|||||||\u00a0\u00bb link_text_color=\u00a0\u00bb#FFFFFF\u00a0\u00bb header_3_font=\u00a0\u00bbpluto|500||on|||||\u00a0\u00bb header_3_text_align=\u00a0\u00bbcenter\u00a0\u00bb header_3_text_color=\u00a0\u00bb#FFFFFF\u00a0\u00bb header_3_font_size=\u00a0\u00bb14px\u00a0\u00bb text_orientation=\u00a0\u00bbcenter\u00a0\u00bb hover_enabled=\u00a0\u00bb0&Prime; text_font_size_tablet=\u00a0\u00bb16px\u00a0\u00bb text_font_size_phone=\u00a0\u00bb10px\u00a0\u00bb text_font_size_last_edited=\u00a0\u00bbon|phone\u00a0\u00bb header_3_font_size_tablet=\u00a0\u00bb28px\u00a0\u00bb header_3_font_size_phone=\u00a0\u00bb22px\u00a0\u00bb header_3_font_size_last_edited=\u00a0\u00bbon|phone\u00a0\u00bb global_colors_info=\u00a0\u00bb{}\u00a0\u00bb link_text_color__hover_enabled=\u00a0\u00bbon|hover\u00a0\u00bb link_text_color__hover=\u00a0\u00bb#002B2B\u00a0\u00bb sticky_enabled=\u00a0\u00bb0&Prime; header_2_text_color=\u00a0\u00bb#FFFFFF\u00a0\u00bb header_2_font=\u00a0\u00bbpluto|700||on|||||\u00a0\u00bb header_2_font_size=\u00a0\u00bb28px\u00a0\u00bb header_3_letter_spacing=\u00a0\u00bb2px\u00a0\u00bb]<\/p>\n<h2>Bienvenue aux Cano\u00ebs du Marais !<\/h2>\n<h3>Notre base nautique familiale situ\u00e9e \u00e0 Givrand, en Vend\u00e9e<\/h3>\n<p>[\/et_pb_text][\/et_pb_column][\/et_pb_row][et_pb_row column_structure=\u00a0\u00bb1_3,1_3,1_3&Prime; _builder_version=\u00a0\u00bb4.27.0&Prime; _module_preset=\u00a0\u00bbdefault\u00a0\u00bb custom_padding=\u00a0\u00bb0px||0px||true|false\u00a0\u00bb hover_enabled=\u00a0\u00bb0&Prime; global_colors_info=\u00a0\u00bb{}\u00a0\u00bb sticky_enabled=\u00a0\u00bb0&Prime;][et_pb_column type=\u00a0\u00bb1_3&Prime; _builder_version=\u00a0\u00bb4.25.1&Prime; _module_preset=\u00a0\u00bbdefault\u00a0\u00bb global_colors_info=\u00a0\u00bb{}\u00a0\u00bb][et_pb_text _builder_version=\u00a0\u00bb4.27.0&Prime; _module_preset=\u00a0\u00bbdefault\u00a0\u00bb text_font_size=\u00a0\u00bb16px\u00a0\u00bb text_line_height=\u00a0\u00bb2.2em\u00a0\u00bb link_font=\u00a0\u00bb&#8211;et_global_body_font|300|||||||\u00a0\u00bb link_text_color=\u00a0\u00bb#FFFFFF\u00a0\u00bb header_3_font=\u00a0\u00bb|700|||||||\u00a0\u00bb header_3_text_align=\u00a0\u00bbcenter\u00a0\u00bb header_3_text_color=\u00a0\u00bb#FFFFFF\u00a0\u00bb header_3_font_size=\u00a0\u00bb28px\u00a0\u00bb text_orientation=\u00a0\u00bbcenter\u00a0\u00bb hover_enabled=\u00a0\u00bb0&Prime; text_font_size_tablet=\u00a0\u00bb16px\u00a0\u00bb text_font_size_phone=\u00a0\u00bb10px\u00a0\u00bb text_font_size_last_edited=\u00a0\u00bbon|phone\u00a0\u00bb header_3_font_size_tablet=\u00a0\u00bb28px\u00a0\u00bb header_3_font_size_phone=\u00a0\u00bb22px\u00a0\u00bb header_3_font_size_last_edited=\u00a0\u00bbon|phone\u00a0\u00bb global_colors_info=\u00a0\u00bb{}\u00a0\u00bb link_text_color__hover_enabled=\u00a0\u00bbon|hover\u00a0\u00bb link_text_color__hover=\u00a0\u00bb#002B2B\u00a0\u00bb sticky_enabled=\u00a0\u00bb0&Prime; custom_margin=\u00a0\u00bb||0px||false|false\u00a0\u00bb]<\/p>\n<h3>Contactez-nous :<\/h3>\n<p>[\/et_pb_text][dsm_icon_list _builder_version=\u00a0\u00bb4.27.0&Prime; _module_preset=\u00a0\u00bbdefault\u00a0\u00bb text_text_color=\u00a0\u00bb#FFFFFF\u00a0\u00bb text_font_size=\u00a0\u00bb16px\u00a0\u00bb hover_enabled=\u00a0\u00bb0&Prime; sticky_enabled=\u00a0\u00bb0&Prime; text_font=\u00a0\u00bb|300|||||||\u00a0\u00bb icon_font_size=\u00a0\u00bb16px\u00a0\u00bb text_indent=\u00a0\u00bb10px\u00a0\u00bb list_alignment=\u00a0\u00bbcenter\u00a0\u00bb list_space_between=\u00a0\u00bb8px\u00a0\u00bb][dsm_icon_list_child _builder_version=\u00a0\u00bb4.27.0&Prime; _module_preset=\u00a0\u00bbdefault\u00a0\u00bb text=\u00a0\u00bb06 07 11 37 59&Prime; hover_enabled=\u00a0\u00bb0&Prime; sticky_enabled=\u00a0\u00bb0&Prime; url=\u00a0\u00bbtel:0607113759&Prime; font_icon=\u00a0\u00bb&#xf879;||fa||900&Prime; icon_padding=\u00a0\u00bb0px\u00a0\u00bb][\/dsm_icon_list_child][dsm_icon_list_child _builder_version=\u00a0\u00bb4.27.0&Prime; _module_preset=\u00a0\u00bbdefault\u00a0\u00bb text=\u00a0\u00bblescanoesdumarais@gmail.com\u00a0\u00bb hover_enabled=\u00a0\u00bb0&Prime; sticky_enabled=\u00a0\u00bb0&Prime; url=\u00a0\u00bbmailto:lescanoesdumarais@gmail.com\u00a0\u00bb font_icon=\u00a0\u00bb&#xe076;||divi||400&Prime;][\/dsm_icon_list_child][dsm_icon_list_child _builder_version=\u00a0\u00bb4.27.0&Prime; _module_preset=\u00a0\u00bbdefault\u00a0\u00bb text=\u00a0\u00bb1250 Route des Sables 85800 Givrand\u00a0\u00bb hover_enabled=\u00a0\u00bb0&Prime; sticky_enabled=\u00a0\u00bb0&Prime; url=\u00a0\u00bbhttps:\/\/maps.app.goo.gl\/2P5Wm85xjun3RX9p9&Prime; font_icon=\u00a0\u00bb&#xf5a0;||fa||900&Prime; url_new_window=\u00a0\u00bbon\u00a0\u00bb][\/dsm_icon_list_child][\/dsm_icon_list][\/et_pb_column][et_pb_column type=\u00a0\u00bb1_3&Prime; _builder_version=\u00a0\u00bb4.25.1&Prime; _module_preset=\u00a0\u00bbdefault\u00a0\u00bb global_colors_info=\u00a0\u00bb{}\u00a0\u00bb][et_pb_image src=\u00a0\u00bbhttps:\/\/www.les-canoes-du-marais.com\/wp-content\/uploads\/2024\/05\/LOGO-CANOE-DU-MARAIS-300px.png\u00a0\u00bb alt=\u00a0\u00bbLES CANOES DU MARAIS : Location de canoes, kayaks, paddles, p\u00e9dalos sur la rivi\u00e8re du jaunay en Vend\u00e9e entre saint-gilles-croix-de-vie et br\u00e9tignolles-sur-mer\u00a0\u00bb title_text=\u00a0\u00bbLOGO-CANOE-DU-MARAIS-300px\u00a0\u00bb show_bottom_space=\u00a0\u00bboff\u00a0\u00bb align=\u00a0\u00bbcenter\u00a0\u00bb _builder_version=\u00a0\u00bb4.27.0&Prime; _module_preset=\u00a0\u00bbdefault\u00a0\u00bb width_tablet=\u00a0\u00bb180px\u00a0\u00bb width_phone=\u00a0\u00bb140px\u00a0\u00bb width_last_edited=\u00a0\u00bboff|desktop\u00a0\u00bb custom_margin=\u00a0\u00bb-33px||20px||false|false\u00a0\u00bb custom_margin_tablet=\u00a0\u00bb-10px||0px||false|false\u00a0\u00bb custom_margin_phone=\u00a0\u00bb-10px||0px||false|false\u00a0\u00bb custom_margin_last_edited=\u00a0\u00bbon|tablet\u00a0\u00bb hover_enabled=\u00a0\u00bb0&Prime; global_colors_info=\u00a0\u00bb{}\u00a0\u00bb sticky_enabled=\u00a0\u00bb0&Prime; module_alignment=\u00a0\u00bbcenter\u00a0\u00bb max_width=\u00a0\u00bb280px\u00a0\u00bb][\/et_pb_image][\/et_pb_column][et_pb_column type=\u00a0\u00bb1_3&Prime; _builder_version=\u00a0\u00bb4.25.1&Prime; _module_preset=\u00a0\u00bbdefault\u00a0\u00bb global_colors_info=\u00a0\u00bb{}\u00a0\u00bb][et_pb_text _builder_version=\u00a0\u00bb4.27.0&Prime; _module_preset=\u00a0\u00bbdefault\u00a0\u00bb text_font=\u00a0\u00bb&#8211;et_global_body_font|300|||||||\u00a0\u00bb text_text_color=\u00a0\u00bb#FFFFFF\u00a0\u00bb text_line_height=\u00a0\u00bb1.4em\u00a0\u00bb link_text_color=\u00a0\u00bb#FFFFFF\u00a0\u00bb header_3_font=\u00a0\u00bb|700|||||||\u00a0\u00bb header_3_text_align=\u00a0\u00bbcenter\u00a0\u00bb header_3_text_color=\u00a0\u00bb#FFFFFF\u00a0\u00bb header_3_font_size=\u00a0\u00bb28px\u00a0\u00bb text_orientation=\u00a0\u00bbcenter\u00a0\u00bb custom_margin=\u00a0\u00bb||8px||false|false\u00a0\u00bb hover_enabled=\u00a0\u00bb0&Prime; text_font_size_tablet=\u00a0\u00bb\u00a0\u00bb text_font_size_phone=\u00a0\u00bb10px\u00a0\u00bb text_font_size_last_edited=\u00a0\u00bbon|phone\u00a0\u00bb header_3_font_size_tablet=\u00a0\u00bb28px\u00a0\u00bb header_3_font_size_phone=\u00a0\u00bb22px\u00a0\u00bb header_3_font_size_last_edited=\u00a0\u00bbon|phone\u00a0\u00bb global_colors_info=\u00a0\u00bb{}\u00a0\u00bb sticky_enabled=\u00a0\u00bb0&Prime;]<\/p>\n<h3>Suivez notre actualit\u00e9 :<\/h3>\n<p>[\/et_pb_text][et_pb_social_media_follow icon_color=\u00a0\u00bb#00C4DC\u00a0\u00bb use_icon_font_size=\u00a0\u00bbon\u00a0\u00bb _builder_version=\u00a0\u00bb4.27.0&Prime; _module_preset=\u00a0\u00bbdefault\u00a0\u00bb text_orientation=\u00a0\u00bbcenter\u00a0\u00bb custom_margin=\u00a0\u00bb||8px||false|false\u00a0\u00bb custom_padding=\u00a0\u00bb||||false|false\u00a0\u00bb hover_enabled=\u00a0\u00bb0&Prime; border_radii=\u00a0\u00bbon|100%|100%|100%|100%\u00a0\u00bb global_colors_info=\u00a0\u00bb{}\u00a0\u00bb background__hover_enabled=\u00a0\u00bbon|hover\u00a0\u00bb background_color__hover=\u00a0\u00bb\u00a0\u00bb background_enable_color__hover=\u00a0\u00bboff\u00a0\u00bb icon_color__hover_enabled=\u00a0\u00bbon|hover\u00a0\u00bb icon_color__hover=\u00a0\u00bb#002B2B\u00a0\u00bb custom_button=\u00a0\u00bbon\u00a0\u00bb sticky_enabled=\u00a0\u00bb0&Prime;][et_pb_social_media_follow_network social_network=\u00a0\u00bbfacebook\u00a0\u00bb url=\u00a0\u00bbhttps:\/\/www.facebook.com\/CanoesduMarais\/\u00a0\u00bb _builder_version=\u00a0\u00bb4.25.1&Prime; _module_preset=\u00a0\u00bbdefault\u00a0\u00bb background_color=\u00a0\u00bb#FFFFFF\u00a0\u00bb background_enable_color=\u00a0\u00bbon\u00a0\u00bb custom_margin=\u00a0\u00bb|20px|||false|false\u00a0\u00bb global_colors_info=\u00a0\u00bb{}\u00a0\u00bb background__hover_enabled=\u00a0\u00bboff|desktop\u00a0\u00bb background_color__hover=\u00a0\u00bbrgba(59,89,152,0.5)\u00a0\u00bb background_enable_color__hover=\u00a0\u00bbon\u00a0\u00bb follow_button=\u00a0\u00bboff\u00a0\u00bb url_new_window=\u00a0\u00bbon\u00a0\u00bb]facebook[\/et_pb_social_media_follow_network][et_pb_social_media_follow_network social_network=\u00a0\u00bbinstagram\u00a0\u00bb url=\u00a0\u00bbhttps:\/\/www.instagram.com\/lescanoesdumarais\/\u00a0\u00bb _builder_version=\u00a0\u00bb4.25.1&Prime; _module_preset=\u00a0\u00bbdefault\u00a0\u00bb background_color=\u00a0\u00bb#FFFFFF\u00a0\u00bb background_enable_color=\u00a0\u00bbon\u00a0\u00bb global_colors_info=\u00a0\u00bb{}\u00a0\u00bb background__hover_enabled=\u00a0\u00bboff|desktop\u00a0\u00bb use_background_color_gradient__hover=\u00a0\u00bbon\u00a0\u00bb background_color_gradient_stops__hover=\u00a0\u00bbrgba(255,214,0,0.5) 0%|rgba(255,122,0,0.5) 11%|rgba(118,56,250,0.5) 30%|rgba(211,0,197,0.5) 60%|rgba(255,0,105,0.5) 80%|rgba(255,214,0,0.5) 100%\u00a0\u00bb background_color_gradient_unit__hover=\u00a0\u00bb%\u00a0\u00bb background_color_gradient_type__hover=\u00a0\u00bbconic\u00a0\u00bb background_color_gradient_direction__hover=\u00a0\u00bb200deg\u00a0\u00bb follow_button=\u00a0\u00bboff\u00a0\u00bb url_new_window=\u00a0\u00bbon\u00a0\u00bb]instagram[\/et_pb_social_media_follow_network][\/et_pb_social_media_follow][dsm_icon_list _builder_version=\u00a0\u00bb4.27.0&Prime; _module_preset=\u00a0\u00bbdefault\u00a0\u00bb text_text_color=\u00a0\u00bb#FFFFFF\u00a0\u00bb text_font_size=\u00a0\u00bb16px\u00a0\u00bb hover_enabled=\u00a0\u00bb0&Prime; sticky_enabled=\u00a0\u00bb0&Prime; text_font=\u00a0\u00bb|300|||||||\u00a0\u00bb icon_font_size=\u00a0\u00bb16px\u00a0\u00bb text_indent=\u00a0\u00bb10px\u00a0\u00bb list_alignment=\u00a0\u00bbcenter\u00a0\u00bb list_space_between=\u00a0\u00bb8px\u00a0\u00bb border_radii_icon=\u00a0\u00bbon|50px|50px|50px|50px\u00a0\u00bb icon_padding=\u00a0\u00bb8px\u00a0\u00bb custom_padding=\u00a0\u00bb||||false|false\u00a0\u00bb][dsm_icon_list_child _builder_version=\u00a0\u00bb4.27.0&Prime; _module_preset=\u00a0\u00bbdefault\u00a0\u00bb text=\u00a0\u00bbLisez nos avis\u00a0\u00bb hover_enabled=\u00a0\u00bb0&Prime; sticky_enabled=\u00a0\u00bb0&Prime; font_icon=\u00a0\u00bb&#xf1a0;||fa||400&Prime; icon_font_size=\u00a0\u00bb16px\u00a0\u00bb icon_padding=\u00a0\u00bb0px\u00a0\u00bb icon_color=\u00a0\u00bb#00C4DC\u00a0\u00bb icon_background_color=\u00a0\u00bb#FFFFFF\u00a0\u00bb text_font_size=\u00a0\u00bb16px\u00a0\u00bb tooltip_padding=\u00a0\u00bb8px||||false|false\u00a0\u00bb][\/dsm_icon_list_child][\/dsm_icon_list][\/et_pb_column][\/et_pb_row][\/et_pb_section]<\/p>\n","protected":false},"excerpt":{"rendered":"<p>[et_pb_section fb_built=\u00a0\u00bb1&Prime; _builder_version=\u00a0\u00bb4.25.1&Prime; _module_preset=\u00a0\u00bbdefault\u00a0\u00bb background_image=\u00a0\u00bbhttps:\/\/www.les-canoes-du-marais.com\/wp-content\/uploads\/2024\/06\/canoe-marais-givrand-vendee.jpg\u00a0\u00bb background_enable_video_mp4=\u00a0\u00bboff\u00a0\u00bb custom_padding=\u00a0\u00bb0px||0px||true|false\u00a0\u00bb global_colors_info=\u00a0\u00bb{}\u00a0\u00bb][et_pb_row custom_padding_last_edited=\u00a0\u00bbon|phone\u00a0\u00bb _builder_version=\u00a0\u00bb4.25.1&Prime; _module_preset=\u00a0\u00bbdefault\u00a0\u00bb use_background_color_gradient=\u00a0\u00bbon\u00a0\u00bb background_color_gradient_stops=\u00a0\u00bbrgba(0,43,43,0.5) 0%|rgba(255,255,255,0) 100%\u00a0\u00bb width=\u00a0\u00bb100%\u00a0\u00bb max_width=\u00a0\u00bb100%\u00a0\u00bb custom_padding=\u00a0\u00bb14vw||6vw||false|false\u00a0\u00bb custom_padding_tablet=\u00a0\u00bb16vw||6vw||false|false\u00a0\u00bb custom_padding_phone=\u00a0\u00bb24vw||||false|false\u00a0\u00bb global_colors_info=\u00a0\u00bb{}\u00a0\u00bb][et_pb_column type=\u00a0\u00bb4_4&Prime; _builder_version=\u00a0\u00bb4.25.1&Prime; _module_preset=\u00a0\u00bbdefault\u00a0\u00bb global_colors_info=\u00a0\u00bb{}\u00a0\u00bb][et_pb_text _builder_version=\u00a0\u00bb4.25.1&Prime; _module_preset=\u00a0\u00bbdefault\u00a0\u00bb header_font=\u00a0\u00bbpluto-cond|700|||||||\u00a0\u00bb header_text_align=\u00a0\u00bbcenter\u00a0\u00bb header_text_color=\u00a0\u00bb#FFFFFF\u00a0\u00bb header_font_size=\u00a0\u00bb36px\u00a0\u00bb background_color=\u00a0\u00bbRGBA(35,185,211,0.5)\u00a0\u00bb custom_margin=\u00a0\u00bb||40px||false|false\u00a0\u00bb custom_margin_tablet=\u00a0\u00bb||40px||false|false\u00a0\u00bb custom_margin_phone=\u00a0\u00bb||20px||false|false\u00a0\u00bb custom_margin_last_edited=\u00a0\u00bbon|phone\u00a0\u00bb custom_padding=\u00a0\u00bb14px||6px||false|false\u00a0\u00bb custom_padding_tablet=\u00a0\u00bb14px||6px||false|false\u00a0\u00bb custom_padding_phone=\u00a0\u00bb10px||0px||false|false\u00a0\u00bb custom_padding_last_edited=\u00a0\u00bbon|phone\u00a0\u00bb header_font_size_tablet=\u00a0\u00bb30px\u00a0\u00bb header_font_size_phone=\u00a0\u00bb15px\u00a0\u00bb header_font_size_last_edited=\u00a0\u00bbon|phone\u00a0\u00bb global_colors_info=\u00a0\u00bb{}\u00a0\u00bb] La galerie photos des Cano\u00ebs du Marais [\/et_pb_text][et_pb_button button_text=\u00a0\u00bbJe souhaite plus [&hellip;]<\/p>\n","protected":false},"author":1,"featured_media":0,"parent":0,"menu_order":0,"comment_status":"closed","ping_status":"closed","template":"","meta":{"_et_pb_use_builder":"on","_et_pb_old_content":"","_et_gb_content_width":"","_analytify_skip_tracking":false,"footnotes":""},"class_list":["post-51","page","type-page","status-publish","hentry"],"yoast_head":"<!-- This site is optimized with the Yoast SEO plugin v27.2 - https:\/\/yoast.com\/product\/yoast-seo-wordpress\/ -->\n<title>GALERIE PHOTOS - LES CANOES DU MARAIS<\/title>\n<meta name=\"description\" content=\"Plongez dans l&#039;aventure avec notre galerie photo ! D\u00e9couvrez en images les paysages du marais et nos cano\u00ebs, kayaks, paddles et p\u00e9dalos.\" \/>\n<meta name=\"robots\" content=\"index, follow, max-snippet:-1, max-image-preview:large, max-video-preview:-1\" \/>\n<link rel=\"canonical\" href=\"https:\/\/www.les-canoes-du-marais.com\/fr\/galerie-photos\/\" \/>\n<meta property=\"og:locale\" content=\"fr_FR\" \/>\n<meta property=\"og:type\" content=\"article\" \/>\n<meta property=\"og:title\" content=\"GALERIE PHOTOS - LES CANOES DU MARAIS\" \/>\n<meta property=\"og:description\" content=\"Plongez dans l&#039;aventure avec notre galerie photo ! D\u00e9couvrez en images les paysages du marais et nos cano\u00ebs, kayaks, paddles et p\u00e9dalos.\" \/>\n<meta property=\"og:url\" content=\"https:\/\/www.les-canoes-du-marais.com\/fr\/galerie-photos\/\" \/>\n<meta property=\"og:site_name\" content=\"LES CANOES DU MARAIS\" \/>\n<meta property=\"article:publisher\" content=\"https:\/\/www.facebook.com\/CanoesduMarais\/\" \/>\n<meta property=\"article:modified_time\" content=\"2025-02-27T13:59:20+00:00\" \/>\n<meta property=\"og:image\" content=\"https:\/\/www.les-canoes-du-marais.com\/wp-content\/uploads\/2026\/02\/LOGO-LES-CANOE-DU-MARAIS.png\" \/>\n\t<meta property=\"og:image:width\" content=\"974\" \/>\n\t<meta property=\"og:image:height\" content=\"505\" \/>\n\t<meta property=\"og:image:type\" content=\"image\/png\" \/>\n<meta name=\"twitter:card\" content=\"summary_large_image\" \/>\n<meta name=\"twitter:label1\" content=\"Dur\u00e9e de lecture estim\u00e9e\" \/>\n\t<meta name=\"twitter:data1\" content=\"18 minutes\" \/>\n<script type=\"application\/ld+json\" class=\"yoast-schema-graph\">{\"@context\":\"https:\/\/schema.org\",\"@graph\":[{\"@type\":\"WebPage\",\"@id\":\"https:\/\/www.les-canoes-du-marais.com\/fr\/galerie-photos\/\",\"url\":\"https:\/\/www.les-canoes-du-marais.com\/fr\/galerie-photos\/\",\"name\":\"GALERIE PHOTOS - LES CANOES DU MARAIS\",\"isPartOf\":{\"@id\":\"https:\/\/www.les-canoes-du-marais.com\/fr\/#website\"},\"datePublished\":\"2024-05-31T13:57:23+00:00\",\"dateModified\":\"2025-02-27T13:59:20+00:00\",\"description\":\"Plongez dans l'aventure avec notre galerie photo ! D\u00e9couvrez en images les paysages du marais et nos cano\u00ebs, kayaks, paddles et p\u00e9dalos.\",\"breadcrumb\":{\"@id\":\"https:\/\/www.les-canoes-du-marais.com\/fr\/galerie-photos\/#breadcrumb\"},\"inLanguage\":\"fr-FR\",\"potentialAction\":[{\"@type\":\"ReadAction\",\"target\":[\"https:\/\/www.les-canoes-du-marais.com\/fr\/galerie-photos\/\"]}]},{\"@type\":\"BreadcrumbList\",\"@id\":\"https:\/\/www.les-canoes-du-marais.com\/fr\/galerie-photos\/#breadcrumb\",\"itemListElement\":[{\"@type\":\"ListItem\",\"position\":1,\"name\":\"Accueil\",\"item\":\"https:\/\/www.les-canoes-du-marais.com\/fr\/\"},{\"@type\":\"ListItem\",\"position\":2,\"name\":\"GALERIE PHOTOS\"}]},{\"@type\":\"WebSite\",\"@id\":\"https:\/\/www.les-canoes-du-marais.com\/fr\/#website\",\"url\":\"https:\/\/www.les-canoes-du-marais.com\/fr\/\",\"name\":\"LES CANOES DU MARAIS\",\"description\":\"PLONGEZ AU COEUR DE LA NATURE ENTRE TERRE ET MER\",\"publisher\":{\"@id\":\"https:\/\/www.les-canoes-du-marais.com\/fr\/#organization\"},\"potentialAction\":[{\"@type\":\"SearchAction\",\"target\":{\"@type\":\"EntryPoint\",\"urlTemplate\":\"https:\/\/www.les-canoes-du-marais.com\/fr\/?s={search_term_string}\"},\"query-input\":{\"@type\":\"PropertyValueSpecification\",\"valueRequired\":true,\"valueName\":\"search_term_string\"}}],\"inLanguage\":\"fr-FR\"},{\"@type\":\"Organization\",\"@id\":\"https:\/\/www.les-canoes-du-marais.com\/fr\/#organization\",\"name\":\"LES CANOES DU MARAIS\",\"url\":\"https:\/\/www.les-canoes-du-marais.com\/fr\/\",\"logo\":{\"@type\":\"ImageObject\",\"inLanguage\":\"fr-FR\",\"@id\":\"https:\/\/www.les-canoes-du-marais.com\/fr\/#\/schema\/logo\/image\/\",\"url\":\"\",\"contentUrl\":\"\",\"caption\":\"LES CANOES DU MARAIS\"},\"image\":{\"@id\":\"https:\/\/www.les-canoes-du-marais.com\/fr\/#\/schema\/logo\/image\/\"},\"sameAs\":[\"https:\/\/www.facebook.com\/CanoesduMarais\/\",\"https:\/\/www.instagram.com\/lescanoesdumarais\/?hl=fr\"]}]}<\/script>\n<!-- \/ Yoast SEO plugin. -->","yoast_head_json":{"title":"GALERIE PHOTOS - LES CANOES DU MARAIS","description":"Plongez dans l'aventure avec notre galerie photo ! D\u00e9couvrez en images les paysages du marais et nos cano\u00ebs, kayaks, paddles et p\u00e9dalos.","robots":{"index":"index","follow":"follow","max-snippet":"max-snippet:-1","max-image-preview":"max-image-preview:large","max-video-preview":"max-video-preview:-1"},"canonical":"https:\/\/www.les-canoes-du-marais.com\/fr\/galerie-photos\/","og_locale":"fr_FR","og_type":"article","og_title":"GALERIE PHOTOS - LES CANOES DU MARAIS","og_description":"Plongez dans l'aventure avec notre galerie photo ! D\u00e9couvrez en images les paysages du marais et nos cano\u00ebs, kayaks, paddles et p\u00e9dalos.","og_url":"https:\/\/www.les-canoes-du-marais.com\/fr\/galerie-photos\/","og_site_name":"LES CANOES DU MARAIS","article_publisher":"https:\/\/www.facebook.com\/CanoesduMarais\/","article_modified_time":"2025-02-27T13:59:20+00:00","og_image":[{"width":974,"height":505,"url":"https:\/\/www.les-canoes-du-marais.com\/wp-content\/uploads\/2026\/02\/LOGO-LES-CANOE-DU-MARAIS.png","type":"image\/png"}],"twitter_card":"summary_large_image","twitter_misc":{"Dur\u00e9e de lecture estim\u00e9e":"18 minutes"},"schema":{"@context":"https:\/\/schema.org","@graph":[{"@type":"WebPage","@id":"https:\/\/www.les-canoes-du-marais.com\/fr\/galerie-photos\/","url":"https:\/\/www.les-canoes-du-marais.com\/fr\/galerie-photos\/","name":"GALERIE PHOTOS - LES CANOES DU MARAIS","isPartOf":{"@id":"https:\/\/www.les-canoes-du-marais.com\/fr\/#website"},"datePublished":"2024-05-31T13:57:23+00:00","dateModified":"2025-02-27T13:59:20+00:00","description":"Plongez dans l'aventure avec notre galerie photo ! D\u00e9couvrez en images les paysages du marais et nos cano\u00ebs, kayaks, paddles et p\u00e9dalos.","breadcrumb":{"@id":"https:\/\/www.les-canoes-du-marais.com\/fr\/galerie-photos\/#breadcrumb"},"inLanguage":"fr-FR","potentialAction":[{"@type":"ReadAction","target":["https:\/\/www.les-canoes-du-marais.com\/fr\/galerie-photos\/"]}]},{"@type":"BreadcrumbList","@id":"https:\/\/www.les-canoes-du-marais.com\/fr\/galerie-photos\/#breadcrumb","itemListElement":[{"@type":"ListItem","position":1,"name":"Accueil","item":"https:\/\/www.les-canoes-du-marais.com\/fr\/"},{"@type":"ListItem","position":2,"name":"GALERIE PHOTOS"}]},{"@type":"WebSite","@id":"https:\/\/www.les-canoes-du-marais.com\/fr\/#website","url":"https:\/\/www.les-canoes-du-marais.com\/fr\/","name":"LES CANOES DU MARAIS","description":"PLONGEZ AU COEUR DE LA NATURE ENTRE TERRE ET MER","publisher":{"@id":"https:\/\/www.les-canoes-du-marais.com\/fr\/#organization"},"potentialAction":[{"@type":"SearchAction","target":{"@type":"EntryPoint","urlTemplate":"https:\/\/www.les-canoes-du-marais.com\/fr\/?s={search_term_string}"},"query-input":{"@type":"PropertyValueSpecification","valueRequired":true,"valueName":"search_term_string"}}],"inLanguage":"fr-FR"},{"@type":"Organization","@id":"https:\/\/www.les-canoes-du-marais.com\/fr\/#organization","name":"LES CANOES DU MARAIS","url":"https:\/\/www.les-canoes-du-marais.com\/fr\/","logo":{"@type":"ImageObject","inLanguage":"fr-FR","@id":"https:\/\/www.les-canoes-du-marais.com\/fr\/#\/schema\/logo\/image\/","url":"","contentUrl":"","caption":"LES CANOES DU MARAIS"},"image":{"@id":"https:\/\/www.les-canoes-du-marais.com\/fr\/#\/schema\/logo\/image\/"},"sameAs":["https:\/\/www.facebook.com\/CanoesduMarais\/","https:\/\/www.instagram.com\/lescanoesdumarais\/?hl=fr"]}]}},"_links":{"self":[{"href":"https:\/\/www.les-canoes-du-marais.com\/fr\/wp-json\/wp\/v2\/pages\/51","targetHints":{"allow":["GET"]}}],"collection":[{"href":"https:\/\/www.les-canoes-du-marais.com\/fr\/wp-json\/wp\/v2\/pages"}],"about":[{"href":"https:\/\/www.les-canoes-du-marais.com\/fr\/wp-json\/wp\/v2\/types\/page"}],"author":[{"embeddable":true,"href":"https:\/\/www.les-canoes-du-marais.com\/fr\/wp-json\/wp\/v2\/users\/1"}],"replies":[{"embeddable":true,"href":"https:\/\/www.les-canoes-du-marais.com\/fr\/wp-json\/wp\/v2\/comments?post=51"}],"version-history":[{"count":12,"href":"https:\/\/www.les-canoes-du-marais.com\/fr\/wp-json\/wp\/v2\/pages\/51\/revisions"}],"predecessor-version":[{"id":1768,"href":"https:\/\/www.les-canoes-du-marais.com\/fr\/wp-json\/wp\/v2\/pages\/51\/revisions\/1768"}],"wp:attachment":[{"href":"https:\/\/www.les-canoes-du-marais.com\/fr\/wp-json\/wp\/v2\/media?parent=51"}],"curies":[{"name":"wp","href":"https:\/\/api.w.org\/{rel}","templated":true}]}}