{"id":46,"date":"2024-05-31T15:53:44","date_gmt":"2024-05-31T13:53:44","guid":{"rendered":"https:\/\/www.les-canoes-du-marais.com\/?page_id=46"},"modified":"2026-02-10T16:22:53","modified_gmt":"2026-02-10T15:22:53","slug":"embarcations","status":"publish","type":"page","link":"https:\/\/www.les-canoes-du-marais.com\/fr\/embarcations\/","title":{"rendered":"EMBARCATIONS"},"content":{"rendered":"<p>[et_pb_section fb_built=\u00a0\u00bb1&Prime; _builder_version=\u00a0\u00bb4.27.0&Prime; _module_preset=\u00a0\u00bbdefault\u00a0\u00bb background_image=\u00a0\u00bbhttps:\/\/www.les-canoes-du-marais.com\/wp-content\/uploads\/2024\/10\/bandeau_embarcations_canoe_kayak_pedalo_paddle_les_canoes_du_marais.png\u00a0\u00bb background_enable_video_mp4=\u00a0\u00bboff\u00a0\u00bb custom_margin=\u00a0\u00bb||||false|false\u00a0\u00bb custom_padding=\u00a0\u00bb0px||0px||true|false\u00a0\u00bb global_colors_info=\u00a0\u00bb{}\u00a0\u00bb][et_pb_row custom_padding_last_edited=\u00a0\u00bbon|tablet\u00a0\u00bb _builder_version=\u00a0\u00bb4.27.0&Prime; _module_preset=\u00a0\u00bbdefault\u00a0\u00bb use_background_color_gradient=\u00a0\u00bbon\u00a0\u00bb background_color_gradient_stops=\u00a0\u00bbrgba(0,43,43,0.8) 0%|rgba(255,255,255,0) 100%\u00a0\u00bb width=\u00a0\u00bb100%\u00a0\u00bb max_width=\u00a0\u00bb100%\u00a0\u00bb custom_padding=\u00a0\u00bb4vw||8vw||false|false\u00a0\u00bb custom_padding_tablet=\u00a0\u00bb16vw||6vw||false|false\u00a0\u00bb custom_padding_phone=\u00a0\u00bb24vw||||false|false\u00a0\u00bb global_colors_info=\u00a0\u00bb{}\u00a0\u00bb][et_pb_column type=\u00a0\u00bb4_4&Prime; _builder_version=\u00a0\u00bb4.25.1&Prime; _module_preset=\u00a0\u00bbdefault\u00a0\u00bb global_colors_info=\u00a0\u00bb{}\u00a0\u00bb][et_pb_image src=\u00a0\u00bbhttps:\/\/www.les-canoes-du-marais.com\/wp-content\/uploads\/2026\/02\/LOGO-LES-CANOE-DU-MARAIS-300px.png\u00a0\u00bb alt=\u00a0\u00bbLES CANOES DU MARAIS : Location de cano\u00ebs, kayaks, paddles, p\u00e9dalos sur la rivi\u00e8re du Jaunay en Vend\u00e9e entre saint-gilles-croix-de-vie et br\u00e9tignolles-sur-mer Activit\u00e9 familiale amis\u00a0\u00bb title_text=\u00a0\u00bbLOGO-LES-CANOE-DU-MARAIS-300px\u00a0\u00bb show_bottom_space=\u00a0\u00bboff\u00a0\u00bb align=\u00a0\u00bbcenter\u00a0\u00bb _builder_version=\u00a0\u00bb4.27.4&Prime; _module_preset=\u00a0\u00bbdefault\u00a0\u00bb width=\u00a0\u00bb240px\u00a0\u00bb width_tablet=\u00a0\u00bb220px\u00a0\u00bb width_phone=\u00a0\u00bb200px\u00a0\u00bb width_last_edited=\u00a0\u00bbon|phone\u00a0\u00bb hover_enabled=\u00a0\u00bb0&Prime; global_colors_info=\u00a0\u00bb{}\u00a0\u00bb sticky_enabled=\u00a0\u00bb0&Prime;][\/et_pb_image][et_pb_text _builder_version=\u00a0\u00bb4.27.0&Prime; _module_preset=\u00a0\u00bbdefault\u00a0\u00bb header_font=\u00a0\u00bbpluto|700||on|||||\u00a0\u00bb header_text_align=\u00a0\u00bbcenter\u00a0\u00bb header_text_color=\u00a0\u00bb#FFFFFF\u00a0\u00bb header_font_size=\u00a0\u00bb33px\u00a0\u00bb header_letter_spacing=\u00a0\u00bb-2px\u00a0\u00bb background_enable_color=\u00a0\u00bboff\u00a0\u00bb custom_margin=\u00a0\u00bb||40px||false|false\u00a0\u00bb custom_margin_tablet=\u00a0\u00bb||40px||false|false\u00a0\u00bb custom_margin_phone=\u00a0\u00bb||||false|false\u00a0\u00bb custom_margin_last_edited=\u00a0\u00bbon|phone\u00a0\u00bb custom_padding=\u00a0\u00bb14px||6px||false|false\u00a0\u00bb custom_padding_tablet=\u00a0\u00bb14px||6px||false|false\u00a0\u00bb custom_padding_phone=\u00a0\u00bb10px||0px||false|false\u00a0\u00bb custom_padding_last_edited=\u00a0\u00bbon|phone\u00a0\u00bb header_font_size_tablet=\u00a0\u00bb20px\u00a0\u00bb header_font_size_phone=\u00a0\u00bb18px\u00a0\u00bb header_font_size_last_edited=\u00a0\u00bbon|phone\u00a0\u00bb header_letter_spacing_tablet=\u00a0\u00bb-2px\u00a0\u00bb header_letter_spacing_phone=\u00a0\u00bb-1px\u00a0\u00bb header_letter_spacing_last_edited=\u00a0\u00bbon|phone\u00a0\u00bb global_colors_info=\u00a0\u00bb{}\u00a0\u00bb]<\/p>\n<h1>Les diff\u00e9rentes embarcations de notre base nautique<\/h1>\n<p>[\/et_pb_text][\/et_pb_column][\/et_pb_row][\/et_pb_section][et_pb_section fb_built=\u00a0\u00bb1&Prime; custom_padding_last_edited=\u00a0\u00bbon|phone\u00a0\u00bb next_background_color=\u00a0\u00bb#FFFFFF\u00a0\u00bb _builder_version=\u00a0\u00bb4.27.0&Prime; _module_preset=\u00a0\u00bbdefault\u00a0\u00bb background_color=\u00a0\u00bbRGBA(255,255,255,0)\u00a0\u00bb use_background_color_gradient=\u00a0\u00bbon\u00a0\u00bb background_color_gradient_stops=\u00a0\u00bbrgba(255,255,255,0) 33%|#00c4dc 33%|#00c4dc 100%\u00a0\u00bb custom_margin=\u00a0\u00bb-180px||||false|false\u00a0\u00bb custom_margin_tablet=\u00a0\u00bb-140px||||false|false\u00a0\u00bb custom_margin_phone=\u00a0\u00bb0px||||false|false\u00a0\u00bb custom_margin_last_edited=\u00a0\u00bbon|tablet\u00a0\u00bb custom_padding=\u00a0\u00bb||120px||false|false\u00a0\u00bb custom_padding_tablet=\u00a0\u00bb||100px||false|false\u00a0\u00bb custom_padding_phone=\u00a0\u00bb0px||60px||false|false\u00a0\u00bb bottom_divider_style=\u00a0\u00bbwaves\u00a0\u00bb bottom_divider_height=\u00a0\u00bb85px\u00a0\u00bb bottom_divider_flip=\u00a0\u00bbhorizontal\u00a0\u00bb bottom_divider_height_tablet=\u00a0\u00bb85px\u00a0\u00bb bottom_divider_height_phone=\u00a0\u00bb36px\u00a0\u00bb bottom_divider_height_last_edited=\u00a0\u00bbon|phone\u00a0\u00bb background_color_phone=\u00a0\u00bb#00C4DC\u00a0\u00bb background_last_edited=\u00a0\u00bbon|tablet\u00a0\u00bb background_enable_color_phone=\u00a0\u00bbon\u00a0\u00bb use_background_color_gradient_tablet=\u00a0\u00bbon\u00a0\u00bb use_background_color_gradient_phone=\u00a0\u00bbon\u00a0\u00bb background_color_gradient_stops_tablet=\u00a0\u00bbrgba(255,255,255,0) 18%|#00c4dc 18%|#00c4dc 100%\u00a0\u00bb background_color_gradient_stops_phone=\u00a0\u00bbrgba(255,255,255,0) 13%|#00c4dc 13%|#00c4dc 100%\u00a0\u00bb global_colors_info=\u00a0\u00bb{}\u00a0\u00bb][et_pb_row column_structure=\u00a0\u00bb1_4,1_4,1_4,1_4&Prime; _builder_version=\u00a0\u00bb4.27.0&Prime; _module_preset=\u00a0\u00bbdefault\u00a0\u00bb custom_padding=\u00a0\u00bb0px||0px||true|false\u00a0\u00bb global_colors_info=\u00a0\u00bb{}\u00a0\u00bb][et_pb_column type=\u00a0\u00bb1_4&Prime; _builder_version=\u00a0\u00bb4.25.1&Prime; _module_preset=\u00a0\u00bbdefault\u00a0\u00bb link_option_url=\u00a0\u00bbhttps:\/\/www.les-canoes-du-marais.com\/embarcations#canoe\u00a0\u00bb global_colors_info=\u00a0\u00bb{}\u00a0\u00bb][et_pb_image src=\u00a0\u00bbhttps:\/\/www.les-canoes-du-marais.com\/wp-content\/uploads\/2024\/06\/canoe_jaunay_ballade_famille_amis_saint-gilles-croix-de-vie_vendee.png\u00a0\u00bb alt=\u00a0\u00bbcanoe_jaunay_ballade_famille_amis_saint-gilles-croix-de-vie_vendee\u00a0\u00bb title_text=\u00a0\u00bbcanoe_jaunay_ballade_famille_amis_saint-gilles-croix-de-vie_vendee\u00a0\u00bb url=\u00a0\u00bb#canoe\u00a0\u00bb show_bottom_space=\u00a0\u00bboff\u00a0\u00bb align=\u00a0\u00bbcenter\u00a0\u00bb _builder_version=\u00a0\u00bb4.27.0&Prime; _module_preset=\u00a0\u00bbdefault\u00a0\u00bb transform_translate_linked__hover=\u00a0\u00bboff\u00a0\u00bb width_tablet=\u00a0\u00bb\u00a0\u00bb width_phone=\u00a0\u00bb180px\u00a0\u00bb width_last_edited=\u00a0\u00bbon|tablet\u00a0\u00bb custom_margin=\u00a0\u00bb-8px||-20px||false|false\u00a0\u00bb custom_margin_tablet=\u00a0\u00bb-8px||||false|false\u00a0\u00bb custom_margin_phone=\u00a0\u00bb-6px||-22px||false|false\u00a0\u00bb custom_margin_last_edited=\u00a0\u00bbon|phone\u00a0\u00bb global_colors_info=\u00a0\u00bb{}\u00a0\u00bb transform_styles__hover_enabled=\u00a0\u00bbon|hover\u00a0\u00bb transform_scale__hover_enabled=\u00a0\u00bbon|desktop\u00a0\u00bb transform_translate__hover_enabled=\u00a0\u00bbon|hover\u00a0\u00bb transform_rotate__hover_enabled=\u00a0\u00bbon|desktop\u00a0\u00bb transform_skew__hover_enabled=\u00a0\u00bbon|desktop\u00a0\u00bb transform_origin__hover_enabled=\u00a0\u00bbon|desktop\u00a0\u00bb transform_translate__hover=\u00a0\u00bb20px|0px\u00a0\u00bb][\/et_pb_image][et_pb_text _builder_version=\u00a0\u00bb4.27.0&Prime; _module_preset=\u00a0\u00bbdefault\u00a0\u00bb text_font=\u00a0\u00bb&#8211;et_global_body_font|300|||||||\u00a0\u00bb text_text_color=\u00a0\u00bb#FFFFFF\u00a0\u00bb text_line_height=\u00a0\u00bb1.4em\u00a0\u00bb header_2_font=\u00a0\u00bb|700|||||||\u00a0\u00bb header_2_text_align=\u00a0\u00bbcenter\u00a0\u00bb header_2_text_color=\u00a0\u00bb#FFFFFF\u00a0\u00bb header_2_font_size=\u00a0\u00bb28px\u00a0\u00bb text_orientation=\u00a0\u00bbcenter\u00a0\u00bb link_option_url=\u00a0\u00bb#canoe\u00a0\u00bb text_font_size_tablet=\u00a0\u00bb\u00a0\u00bb text_font_size_phone=\u00a0\u00bb12px\u00a0\u00bb text_font_size_last_edited=\u00a0\u00bbon|phone\u00a0\u00bb header_2_font_size_tablet=\u00a0\u00bb28px\u00a0\u00bb header_2_font_size_phone=\u00a0\u00bb22px\u00a0\u00bb header_2_font_size_last_edited=\u00a0\u00bbon|phone\u00a0\u00bb global_colors_info=\u00a0\u00bb{}\u00a0\u00bb]<\/p>\n<h2>Cano\u00eb<\/h2>\n<p>Pour 3 adultes<br \/>ou 2 adultes + 3 enfants<\/p>\n<p>[\/et_pb_text][\/et_pb_column][et_pb_column type=\u00a0\u00bb1_4&Prime; _builder_version=\u00a0\u00bb4.25.1&Prime; _module_preset=\u00a0\u00bbdefault\u00a0\u00bb link_option_url=\u00a0\u00bbhttps:\/\/www.les-canoes-du-marais.com\/embarcations#kayak\u00a0\u00bb global_colors_info=\u00a0\u00bb{}\u00a0\u00bb][et_pb_image src=\u00a0\u00bbhttps:\/\/www.les-canoes-du-marais.com\/wp-content\/uploads\/2024\/06\/kayak_jaunay_ballade_famille_amis_saint-gilles-croix-de-vie_vendee.png\u00a0\u00bb alt=\u00a0\u00bbkayak_jaunay_ballade_famille_amis_saint-gilles-croix-de-vie_vendee\u00a0\u00bb title_text=\u00a0\u00bbkayak_jaunay_ballade_famille_amis_saint-gilles-croix-de-vie_vendee\u00a0\u00bb url=\u00a0\u00bb#kayak\u00a0\u00bb show_bottom_space=\u00a0\u00bboff\u00a0\u00bb align=\u00a0\u00bbcenter\u00a0\u00bb _builder_version=\u00a0\u00bb4.27.0&Prime; _module_preset=\u00a0\u00bbdefault\u00a0\u00bb transform_translate_linked__hover=\u00a0\u00bboff\u00a0\u00bb width_tablet=\u00a0\u00bb\u00a0\u00bb width_phone=\u00a0\u00bb180px\u00a0\u00bb width_last_edited=\u00a0\u00bbon|phone\u00a0\u00bb custom_margin=\u00a0\u00bb-8px||-20px||false|false\u00a0\u00bb custom_margin_tablet=\u00a0\u00bb-8px||-20px||false|false\u00a0\u00bb custom_margin_phone=\u00a0\u00bb-12px||-22px||false|false\u00a0\u00bb custom_margin_last_edited=\u00a0\u00bbon|phone\u00a0\u00bb global_colors_info=\u00a0\u00bb{}\u00a0\u00bb transform_styles__hover_enabled=\u00a0\u00bbon|hover\u00a0\u00bb transform_scale__hover_enabled=\u00a0\u00bbon|desktop\u00a0\u00bb transform_translate__hover_enabled=\u00a0\u00bbon|hover\u00a0\u00bb transform_rotate__hover_enabled=\u00a0\u00bbon|desktop\u00a0\u00bb transform_skew__hover_enabled=\u00a0\u00bbon|desktop\u00a0\u00bb transform_origin__hover_enabled=\u00a0\u00bbon|desktop\u00a0\u00bb transform_translate__hover=\u00a0\u00bb20px|0px\u00a0\u00bb][\/et_pb_image][et_pb_text _builder_version=\u00a0\u00bb4.27.0&Prime; _module_preset=\u00a0\u00bbdefault\u00a0\u00bb text_font=\u00a0\u00bb&#8211;et_global_body_font|300|||||||\u00a0\u00bb text_text_color=\u00a0\u00bb#FFFFFF\u00a0\u00bb text_line_height=\u00a0\u00bb1.4em\u00a0\u00bb header_2_font=\u00a0\u00bb|700|||||||\u00a0\u00bb header_2_text_align=\u00a0\u00bbcenter\u00a0\u00bb header_2_text_color=\u00a0\u00bb#FFFFFF\u00a0\u00bb header_2_font_size=\u00a0\u00bb28px\u00a0\u00bb text_orientation=\u00a0\u00bbcenter\u00a0\u00bb link_option_url=\u00a0\u00bb#kayak\u00a0\u00bb text_font_size_tablet=\u00a0\u00bb\u00a0\u00bb text_font_size_phone=\u00a0\u00bb12px\u00a0\u00bb text_font_size_last_edited=\u00a0\u00bbon|phone\u00a0\u00bb header_2_font_size_tablet=\u00a0\u00bb28px\u00a0\u00bb header_2_font_size_phone=\u00a0\u00bb22px\u00a0\u00bb header_2_font_size_last_edited=\u00a0\u00bbon|phone\u00a0\u00bb global_colors_info=\u00a0\u00bb{}\u00a0\u00bb]<\/p>\n<h2>Kayak<\/h2>\n<p>Pour 1 ou 2 personnes<\/p>\n<p>[\/et_pb_text][\/et_pb_column][et_pb_column type=\u00a0\u00bb1_4&Prime; _builder_version=\u00a0\u00bb4.25.1&Prime; _module_preset=\u00a0\u00bbdefault\u00a0\u00bb link_option_url=\u00a0\u00bbhttps:\/\/www.les-canoes-du-marais.com\/embarcations#paddle\u00a0\u00bb global_colors_info=\u00a0\u00bb{}\u00a0\u00bb][et_pb_image src=\u00a0\u00bbhttps:\/\/www.les-canoes-du-marais.com\/wp-content\/uploads\/2024\/06\/paddle_jaunay_ballade_famille_amis_saint-gilles-croix-de-vie_vendee.png\u00a0\u00bb alt=\u00a0\u00bbpaddle_jaunay_ballade_famille_amis_saint-gilles-croix-de-vie_vendee\u00a0\u00bb title_text=\u00a0\u00bbpaddle_jaunay_ballade_famille_amis_saint-gilles-croix-de-vie_vendee\u00a0\u00bb url=\u00a0\u00bb#paddle\u00a0\u00bb show_bottom_space=\u00a0\u00bboff\u00a0\u00bb align=\u00a0\u00bbcenter\u00a0\u00bb _builder_version=\u00a0\u00bb4.27.0&Prime; _module_preset=\u00a0\u00bbdefault\u00a0\u00bb transform_translate_linked=\u00a0\u00bboff\u00a0\u00bb width_tablet=\u00a0\u00bb\u00a0\u00bb width_phone=\u00a0\u00bb180px\u00a0\u00bb width_last_edited=\u00a0\u00bbon|phone\u00a0\u00bb custom_margin=\u00a0\u00bb-8px||-20px||false|false\u00a0\u00bb custom_margin_tablet=\u00a0\u00bb-8px||-20px||false|false\u00a0\u00bb custom_margin_phone=\u00a0\u00bb-12px||-22px||false|false\u00a0\u00bb custom_margin_last_edited=\u00a0\u00bbon|phone\u00a0\u00bb global_colors_info=\u00a0\u00bb{}\u00a0\u00bb transform_styles__hover_enabled=\u00a0\u00bbon|hover\u00a0\u00bb transform_scale__hover_enabled=\u00a0\u00bbon|desktop\u00a0\u00bb transform_translate__hover_enabled=\u00a0\u00bbon|hover\u00a0\u00bb transform_rotate__hover_enabled=\u00a0\u00bbon|desktop\u00a0\u00bb transform_skew__hover_enabled=\u00a0\u00bbon|desktop\u00a0\u00bb transform_origin__hover_enabled=\u00a0\u00bbon|desktop\u00a0\u00bb transform_translate__hover=\u00a0\u00bb20px|0px\u00a0\u00bb][\/et_pb_image][et_pb_text _builder_version=\u00a0\u00bb4.27.0&Prime; _module_preset=\u00a0\u00bbdefault\u00a0\u00bb text_font=\u00a0\u00bb&#8211;et_global_body_font|300|||||||\u00a0\u00bb text_text_color=\u00a0\u00bb#FFFFFF\u00a0\u00bb text_line_height=\u00a0\u00bb1.4em\u00a0\u00bb header_2_font=\u00a0\u00bb|700|||||||\u00a0\u00bb header_2_text_align=\u00a0\u00bbcenter\u00a0\u00bb header_2_text_color=\u00a0\u00bb#FFFFFF\u00a0\u00bb header_2_font_size=\u00a0\u00bb28px\u00a0\u00bb text_orientation=\u00a0\u00bbcenter\u00a0\u00bb link_option_url=\u00a0\u00bb#paddle\u00a0\u00bb text_font_size_tablet=\u00a0\u00bb\u00a0\u00bb text_font_size_phone=\u00a0\u00bb12px\u00a0\u00bb text_font_size_last_edited=\u00a0\u00bbon|phone\u00a0\u00bb header_2_font_size_tablet=\u00a0\u00bb28px\u00a0\u00bb header_2_font_size_phone=\u00a0\u00bb22px\u00a0\u00bb header_2_font_size_last_edited=\u00a0\u00bbon|phone\u00a0\u00bb global_colors_info=\u00a0\u00bb{}\u00a0\u00bb]<\/p>\n<h2>Paddle<\/h2>\n<p>Pour 1 personne<\/p>\n<p>[\/et_pb_text][\/et_pb_column][et_pb_column type=\u00a0\u00bb1_4&Prime; _builder_version=\u00a0\u00bb4.25.1&Prime; _module_preset=\u00a0\u00bbdefault\u00a0\u00bb link_option_url=\u00a0\u00bbhttps:\/\/www.les-canoes-du-marais.com\/embarcations#pedalo\u00a0\u00bb global_colors_info=\u00a0\u00bb{}\u00a0\u00bb][et_pb_image src=\u00a0\u00bbhttps:\/\/www.les-canoes-du-marais.com\/wp-content\/uploads\/2024\/06\/pedalo_jaunay_ballade_famille_amis_saint-gilles-croix-de-vie_vendee.png\u00a0\u00bb alt=\u00a0\u00bbpedalo_jaunay_ballade_famille_amis_saint-gilles-croix-de-vie_vendee\u00a0\u00bb title_text=\u00a0\u00bbpedalo_jaunay_ballade_famille_amis_saint-gilles-croix-de-vie_vendee\u00a0\u00bb url=\u00a0\u00bb#pedalo\u00a0\u00bb show_bottom_space=\u00a0\u00bboff\u00a0\u00bb align=\u00a0\u00bbcenter\u00a0\u00bb _builder_version=\u00a0\u00bb4.27.0&Prime; _module_preset=\u00a0\u00bbdefault\u00a0\u00bb transform_translate_linked__hover=\u00a0\u00bboff\u00a0\u00bb width_tablet=\u00a0\u00bb\u00a0\u00bb width_phone=\u00a0\u00bb180px\u00a0\u00bb width_last_edited=\u00a0\u00bbon|phone\u00a0\u00bb custom_margin=\u00a0\u00bb-8px||-20px||false|false\u00a0\u00bb custom_margin_tablet=\u00a0\u00bb-8px||-20px||false|false\u00a0\u00bb custom_margin_phone=\u00a0\u00bb-12px||-22px||false|false\u00a0\u00bb custom_margin_last_edited=\u00a0\u00bbon|desktop\u00a0\u00bb global_colors_info=\u00a0\u00bb{}\u00a0\u00bb transform_styles__hover_enabled=\u00a0\u00bbon|hover\u00a0\u00bb transform_scale__hover_enabled=\u00a0\u00bbon|desktop\u00a0\u00bb transform_translate__hover_enabled=\u00a0\u00bbon|hover\u00a0\u00bb transform_rotate__hover_enabled=\u00a0\u00bbon|desktop\u00a0\u00bb transform_skew__hover_enabled=\u00a0\u00bbon|desktop\u00a0\u00bb transform_origin__hover_enabled=\u00a0\u00bbon|desktop\u00a0\u00bb transform_translate__hover=\u00a0\u00bb20px|0px\u00a0\u00bb][\/et_pb_image][et_pb_text _builder_version=\u00a0\u00bb4.27.0&Prime; _module_preset=\u00a0\u00bbdefault\u00a0\u00bb text_font=\u00a0\u00bb&#8211;et_global_body_font|300|||||||\u00a0\u00bb text_text_color=\u00a0\u00bb#FFFFFF\u00a0\u00bb text_line_height=\u00a0\u00bb1.4em\u00a0\u00bb header_2_font=\u00a0\u00bb|700|||||||\u00a0\u00bb header_2_text_align=\u00a0\u00bbcenter\u00a0\u00bb header_2_text_color=\u00a0\u00bb#FFFFFF\u00a0\u00bb header_2_font_size=\u00a0\u00bb28px\u00a0\u00bb text_orientation=\u00a0\u00bbcenter\u00a0\u00bb link_option_url=\u00a0\u00bb#pedalo\u00a0\u00bb text_font_size_tablet=\u00a0\u00bb\u00a0\u00bb text_font_size_phone=\u00a0\u00bb12px\u00a0\u00bb text_font_size_last_edited=\u00a0\u00bbon|phone\u00a0\u00bb header_2_font_size_tablet=\u00a0\u00bb28px\u00a0\u00bb header_2_font_size_phone=\u00a0\u00bb22px\u00a0\u00bb header_2_font_size_last_edited=\u00a0\u00bbon|phone\u00a0\u00bb global_colors_info=\u00a0\u00bb{}\u00a0\u00bb]<\/p>\n<h2>P\u00e9dalo<\/h2>\n<p>Pour 2 ou 5 personnes<\/p>\n<p>[\/et_pb_text][\/et_pb_column][\/et_pb_row][\/et_pb_section][et_pb_section fb_built=\u00a0\u00bb1&Prime; _builder_version=\u00a0\u00bb4.25.1&Prime; _module_preset=\u00a0\u00bbdefault\u00a0\u00bb background_color=\u00a0\u00bb#FFFFFF\u00a0\u00bb custom_padding=\u00a0\u00bb||0px||false|false\u00a0\u00bb global_colors_info=\u00a0\u00bb{}\u00a0\u00bb][et_pb_row custom_padding_last_edited=\u00a0\u00bbon|phone\u00a0\u00bb _builder_version=\u00a0\u00bb4.27.0&Prime; _module_preset=\u00a0\u00bbdefault\u00a0\u00bb custom_padding=\u00a0\u00bb||||false|false\u00a0\u00bb custom_padding_tablet=\u00a0\u00bb||||false|false\u00a0\u00bb custom_padding_phone=\u00a0\u00bb0px||0px||false|false\u00a0\u00bb global_colors_info=\u00a0\u00bb{}\u00a0\u00bb][et_pb_column type=\u00a0\u00bb4_4&Prime; _builder_version=\u00a0\u00bb4.25.1&Prime; _module_preset=\u00a0\u00bbdefault\u00a0\u00bb global_colors_info=\u00a0\u00bb{}\u00a0\u00bb][et_pb_text _builder_version=\u00a0\u00bb4.27.0&Prime; _module_preset=\u00a0\u00bbdefault\u00a0\u00bb text_font=\u00a0\u00bb&#8211;et_global_body_font||||||||\u00a0\u00bb text_text_color=\u00a0\u00bb#002B2B\u00a0\u00bb header_2_text_align=\u00a0\u00bbleft\u00a0\u00bb header_2_text_color=\u00a0\u00bb#FB0384&Prime; header_2_font_size=\u00a0\u00bb36px\u00a0\u00bb header_3_text_align=\u00a0\u00bbcenter\u00a0\u00bb header_3_text_color=\u00a0\u00bb#FB0384&Prime; header_3_font_size=\u00a0\u00bb30px\u00a0\u00bb custom_margin=\u00a0\u00bb||||false|false\u00a0\u00bb text_font_size_tablet=\u00a0\u00bb12px\u00a0\u00bb text_font_size_phone=\u00a0\u00bb10px\u00a0\u00bb text_font_size_last_edited=\u00a0\u00bbon|phone\u00a0\u00bb text_line_height_tablet=\u00a0\u00bb1.6em\u00a0\u00bb text_line_height_phone=\u00a0\u00bb1.4em\u00a0\u00bb text_line_height_last_edited=\u00a0\u00bbon|phone\u00a0\u00bb ul_line_height_tablet=\u00a0\u00bb\u00a0\u00bb ul_line_height_phone=\u00a0\u00bb1.8em\u00a0\u00bb ul_line_height_last_edited=\u00a0\u00bbon|phone\u00a0\u00bb header_font_size_tablet=\u00a0\u00bb\u00a0\u00bb header_font_size_phone=\u00a0\u00bb22px\u00a0\u00bb header_font_size_last_edited=\u00a0\u00bbon|phone\u00a0\u00bb header_2_font_tablet=\u00a0\u00bb\u00a0\u00bb header_2_font_phone=\u00a0\u00bb\u00a0\u00bb header_2_font_last_edited=\u00a0\u00bbon|phone\u00a0\u00bb header_2_font_size_tablet=\u00a0\u00bb33px\u00a0\u00bb header_2_font_size_phone=\u00a0\u00bb22px\u00a0\u00bb header_2_font_size_last_edited=\u00a0\u00bbon|tablet\u00a0\u00bb global_colors_info=\u00a0\u00bb{}\u00a0\u00bb]<\/p>\n<h2>\u00c0 la recherche d\u2019une exp\u00e9rience inoubliable sur l\u2019eau ? Ne cherchez plus !<\/h2>\n<p>Nous vous proposons la location de nos embarcations. Que vous soyez novice ou expert, nos \u00e9quipements r\u00e9pondent \u00e0 vos besoins.<\/p>\n<p>Pour chaque location, nous vous fournissons\u00a0:<\/p>\n<ul>\n<li>Un gilet de sauvetage, pour votre s\u00e9curit\u00e9,<\/li>\n<li>Un bidon \u00e9tanche, pour prot\u00e9ger vos effets personnels,<\/li>\n<li>Du mat\u00e9riel r\u00e9cent, renouvel\u00e9 r\u00e9guli\u00e8rement, pour garantir votre confort et votre s\u00e9curit\u00e9.<\/li>\n<\/ul>\n<p>Nos embarcations sont pr\u00eates \u00e0 vous accompagner dans vos plus belles escapades. R\u00e9servez d\u00e8s maintenant et pr\u00e9parez-vous \u00e0 naviguer en toute s\u00e9r\u00e9nit\u00e9\u00a0!<\/p>\n<p>[\/et_pb_text][\/et_pb_column][\/et_pb_row][\/et_pb_section][et_pb_section fb_built=\u00a0\u00bb1&Prime; _builder_version=\u00a0\u00bb4.27.0&Prime; _module_preset=\u00a0\u00bbdefault\u00a0\u00bb custom_padding=\u00a0\u00bb0px||0px||false|false\u00a0\u00bb global_colors_info=\u00a0\u00bb{}\u00a0\u00bb][et_pb_row column_structure=\u00a0\u00bb1_3,2_3&Prime; custom_padding_last_edited=\u00a0\u00bbon|phone\u00a0\u00bb module_id=\u00a0\u00bbcanoe\u00a0\u00bb _builder_version=\u00a0\u00bb4.27.0&Prime; _module_preset=\u00a0\u00bbdefault\u00a0\u00bb custom_margin=\u00a0\u00bb||||false|false\u00a0\u00bb custom_padding_tablet=\u00a0\u00bb\u00a0\u00bb custom_padding_phone=\u00a0\u00bb||0px||false|false\u00a0\u00bb global_colors_info=\u00a0\u00bb{}\u00a0\u00bb custom_css_main_element_last_edited=\u00a0\u00bbon|phone\u00a0\u00bb custom_css_main_element_tablet=\u00a0\u00bbdisplay: flex;||flex-direction : column-reverse;\u00a0\u00bb custom_css_main_element_phone=\u00a0\u00bbdisplay: flex;||flex-direction : column-reverse;\u00a0\u00bb][et_pb_column type=\u00a0\u00bb1_3&Prime; _builder_version=\u00a0\u00bb4.25.1&Prime; _module_preset=\u00a0\u00bbdefault\u00a0\u00bb global_colors_info=\u00a0\u00bb{}\u00a0\u00bb][et_pb_image src=\u00a0\u00bbhttps:\/\/www.les-canoes-du-marais.com\/wp-content\/uploads\/2024\/12\/parcours3-1.png\u00a0\u00bb alt=\u00a0\u00bbCanoe Kayak\u00a0\u00bb title_text=\u00a0\u00bbCanoe Kayak\u00a0\u00bb _builder_version=\u00a0\u00bb4.27.0&Prime; _module_preset=\u00a0\u00bbdefault\u00a0\u00bb width_tablet=\u00a0\u00bb\u00a0\u00bb width_phone=\u00a0\u00bb60%\u00a0\u00bb width_last_edited=\u00a0\u00bbon|phone\u00a0\u00bb global_colors_info=\u00a0\u00bb{}\u00a0\u00bb][\/et_pb_image][\/et_pb_column][et_pb_column type=\u00a0\u00bb2_3&Prime; _builder_version=\u00a0\u00bb4.25.1&Prime; _module_preset=\u00a0\u00bbdefault\u00a0\u00bb global_colors_info=\u00a0\u00bb{}\u00a0\u00bb][et_pb_text _builder_version=\u00a0\u00bb4.27.0&Prime; _module_preset=\u00a0\u00bbdefault\u00a0\u00bb text_font=\u00a0\u00bb&#8211;et_global_body_font||||||||\u00a0\u00bb text_text_color=\u00a0\u00bb#002B2B\u00a0\u00bb header_2_text_align=\u00a0\u00bbleft\u00a0\u00bb header_2_text_color=\u00a0\u00bb#FB0384&Prime; header_2_font_size=\u00a0\u00bb36px\u00a0\u00bb custom_margin=\u00a0\u00bb||20px||false|false\u00a0\u00bb text_font_size_tablet=\u00a0\u00bb12px\u00a0\u00bb text_font_size_phone=\u00a0\u00bb10px\u00a0\u00bb text_font_size_last_edited=\u00a0\u00bbon|phone\u00a0\u00bb text_line_height_tablet=\u00a0\u00bb1.6em\u00a0\u00bb text_line_height_phone=\u00a0\u00bb1.4em\u00a0\u00bb text_line_height_last_edited=\u00a0\u00bbon|phone\u00a0\u00bb header_font_size_tablet=\u00a0\u00bb\u00a0\u00bb header_font_size_phone=\u00a0\u00bb22px\u00a0\u00bb header_font_size_last_edited=\u00a0\u00bbon|phone\u00a0\u00bb header_2_font_tablet=\u00a0\u00bb\u00a0\u00bb header_2_font_phone=\u00a0\u00bb\u00a0\u00bb header_2_font_last_edited=\u00a0\u00bbon|phone\u00a0\u00bb header_2_font_size_tablet=\u00a0\u00bb33px\u00a0\u00bb header_2_font_size_phone=\u00a0\u00bb22px\u00a0\u00bb header_2_font_size_last_edited=\u00a0\u00bbon|tablet\u00a0\u00bb global_colors_info=\u00a0\u00bb{}\u00a0\u00bb]<\/p>\n<h2>Cano\u00eb &#8211; Kayak<\/h2>\n<p style=\"font-weight: 400;\">Le cano\u00eb accueille jusqu\u2019\u00e0 3 adultes ou 2 adultes accompagn\u00e9s de 2 (voire 3) enfants, id\u00e9al pour partager des moments de convivialit\u00e9. Leur conception confortable et stable garantit une balade en toute s\u00e9curit\u00e9, m\u00eame pour les plus jeunes.<br \/>\nNous proposons \u00e9galement des kayaks 2 places, parfaits pour les duos qui souhaitent ramer en synchronisation, ainsi que les kayaks monoplaces pour les aventuriers en solo. Chacun peu choisir l\u2019embarcation qui lui convient le mieux selon ses envies et son niveau d\u2019exp\u00e9rience.<\/p>\n<p>[\/et_pb_text][et_pb_text content_tablet=\u00a0\u00bb<\/p>\n<table border=%221%22 style=%22border-collapse: collapse; width: 100%;%22>\n<tbody>\n<tr>\n<td style=%22width: 25%;%22>Tarif par embarcation<\/td>\n<td style=%22width: 25%;%22>Parcours 1h<\/td>\n<td style=%22width: 25%;%22>Parcours 2h<\/td>\n<td style=%22width: 25%;%22>Nocturne 4h<\/td>\n<\/tr>\n<tr>\n<td style=%22width: 25%;%22>Cano\u00eb (3 adultes ou 2 adultes et 3 enfants *)<br \/><em style=%22font-size: 10px;%22>* enfant &#8211; 12 ans<\/em><\/td>\n<td style=%22width: 25%; font-size: 24px;%22>27 \u20ac<\/td>\n<td style=%22width: 25%; font-size: 24px;%22>44 \u20ac<\/td>\n<td style=%22width: 25%; font-size: 24px;%22>58 \u20ac<\/td>\n<\/tr>\n<tr>\n<td style=%22width: 25%;%22>Kayak 1 place<\/td>\n<td style=%22width: 25%; font-size: 24px;%22>16 \u20ac<\/td>\n<td style=%22width: 25%; font-size: 24px;%22>25 \u20ac<\/td>\n<td style=%22width: 25%; font-size: 24px;%22>35 \u20ac<\/td>\n<\/tr>\n<tr>\n<td style=%22width: 25%;%22>Kayak 2 places<\/td>\n<td style=%22width: 25%; font-size: 24px;%22>21 \u20ac<\/td>\n<td style=%22width: 25%; font-size: 24px;%22>38 \u20ac<\/td>\n<td style=%22width: 25%; font-size: 24px;%22>50 \u20ac<\/td>\n<\/tr>\n<\/tbody>\n<\/table>\n<p>\u00a0\u00bb content_phone=\u00a0\u00bb<\/p>\n<table border=%221%22 style=%22border-collapse: collapse; width: 100%;%22>\n<tbody>\n<tr>\n<td style=%22width: 25%;%22>Tarif par embarcation<\/td>\n<td style=%22width: 25%;%22>Parcours 1h<\/td>\n<td style=%22width: 25%;%22>Parcours 2h<\/td>\n<td style=%22width: 25%;%22>Nocturne 4h<\/td>\n<\/tr>\n<tr>\n<td style=%22width: 25%;%22>Cano\u00eb (3 adultes ou 2 adultes et 3 enfants *)<br \/><em style=%22font-size: 10px;%22>* enfant &#8211; 12 ans<\/em><\/td>\n<td style=%22width: 25%; font-size: 18px;%22>27 \u20ac<\/td>\n<td style=%22width: 25%; font-size: 18px;%22>44 \u20ac<\/td>\n<td style=%22width: 25%; font-size: 18px;%22>58 \u20ac<\/td>\n<\/tr>\n<tr>\n<td style=%22width: 25%;%22>Kayak 1 place<\/td>\n<td style=%22width: 25%; font-size: 18px;%22>16 \u20ac<\/td>\n<td style=%22width: 25%; font-size: 18px;%22>25 \u20ac<\/td>\n<td style=%22width: 25%; font-size: 18px;%22>35 \u20ac<\/td>\n<\/tr>\n<tr>\n<td style=%22width: 25%;%22>Kayak 2 places<\/td>\n<td style=%22width: 25%; font-size: 18px;%22>21 \u20ac<\/td>\n<td style=%22width: 25%; font-size: 18px;%22>38 \u20ac<\/td>\n<td style=%22width: 25%; font-size: 18px;%22>50 \u20ac<\/td>\n<\/tr>\n<\/tbody>\n<\/table>\n<p>\u00a0\u00bb content_last_edited=\u00a0\u00bbon|tablet\u00a0\u00bb disabled_on=\u00a0\u00bbon|on|on\u00a0\u00bb _builder_version=\u00a0\u00bb4.27.0&Prime; _module_preset=\u00a0\u00bbdefault\u00a0\u00bb text_font=\u00a0\u00bbpluto-sans|500|||||||\u00a0\u00bb background_enable_color=\u00a0\u00bboff\u00a0\u00bb text_font_size_tablet=\u00a0\u00bb12px\u00a0\u00bb text_font_size_phone=\u00a0\u00bb10px\u00a0\u00bb text_font_size_last_edited=\u00a0\u00bbon|tablet\u00a0\u00bb text_line_height_tablet=\u00a0\u00bb1.6em\u00a0\u00bb text_line_height_phone=\u00a0\u00bb1.4em\u00a0\u00bb text_line_height_last_edited=\u00a0\u00bbon|phone\u00a0\u00bb disabled=\u00a0\u00bbon\u00a0\u00bb global_colors_info=\u00a0\u00bb{}\u00a0\u00bb]<\/p>\n<table border=\"1\" style=\"border-collapse: collapse; width: 100%;\">\n<tbody>\n<tr>\n<td style=\"width: 25%;\">Tarif par embarcation<\/td>\n<td style=\"width: 25%;\">Parcours 1h<\/td>\n<td style=\"width: 25%;\">Parcours 2h<\/td>\n<td style=\"width: 25%;\">Nocturne 4h<\/td>\n<\/tr>\n<tr>\n<td style=\"width: 25%;\">Cano\u00eb (3 adultes ou 2 adultes et 3 enfants *)<br \/><em style=\"font-size: 10px;\">* enfant de moins de 12 ans<\/em><\/td>\n<td style=\"width: 25%; font-size: 24px;\">27 \u20ac<\/td>\n<td style=\"width: 25%; font-size: 24px;\">44 \u20ac<\/td>\n<td style=\"width: 25%; font-size: 24px;\">58 \u20ac<\/td>\n<\/tr>\n<tr>\n<td style=\"width: 25%;\">Kayak 1 place<\/td>\n<td style=\"width: 25%; font-size: 24px;\">16 \u20ac<\/td>\n<td style=\"width: 25%; font-size: 24px;\">25 \u20ac<\/td>\n<td style=\"width: 25%; font-size: 24px;\">35 \u20ac<\/td>\n<\/tr>\n<tr>\n<td style=\"width: 25%;\">Kayak 2 places<\/td>\n<td style=\"width: 25%; font-size: 24px;\">21 \u20ac<\/td>\n<td style=\"width: 25%; font-size: 24px;\">38 \u20ac<\/td>\n<td style=\"width: 25%; font-size: 24px;\">50 \u20ac<\/td>\n<\/tr>\n<\/tbody>\n<\/table>\n<p>[\/et_pb_text][et_pb_image src=\u00a0\u00bbhttps:\/\/www.les-canoes-du-marais.com\/wp-content\/uploads\/2026\/02\/tarifs_2026_les_canoes_du_marais_givrand_saint-gilles-croix-de-vie_canoe_kayak_vendee.jpg\u00a0\u00bb alt=\u00a0\u00bbtarifs_2026_les_canoes_du_marais_givrand_saint-gilles-croix-de-vie_canoe_kayak_vendee\u00a0\u00bb title_text=\u00a0\u00bbtarifs_2026_les_canoes_du_marais_givrand_saint-gilles-croix-de-vie_canoe_kayak_vendee\u00a0\u00bb _builder_version=\u00a0\u00bb4.27.4&Prime; _module_preset=\u00a0\u00bbdefault\u00a0\u00bb width=\u00a0\u00bb500px\u00a0\u00bb width_tablet=\u00a0\u00bb100%\u00a0\u00bb width_phone=\u00a0\u00bb100%\u00a0\u00bb width_last_edited=\u00a0\u00bbon|phone\u00a0\u00bb custom_margin=\u00a0\u00bb|||-2px|false|false\u00a0\u00bb global_colors_info=\u00a0\u00bb{}\u00a0\u00bb][\/et_pb_image][et_pb_button button_url=\u00a0\u00bbhttps:\/\/www.les-canoes-du-marais.com\/tarifs-et-reservations\/#reservation\u00a0\u00bb button_text=\u00a0\u00bbJe r\u00e9serve un cano\u00eb-kayak\u00a0\u00bb button_alignment=\u00a0\u00bbleft\u00a0\u00bb _builder_version=\u00a0\u00bb4.27.0&Prime; _module_preset=\u00a0\u00bbdefault\u00a0\u00bb custom_button=\u00a0\u00bbon\u00a0\u00bb button_icon=\u00a0\u00bb&#x45;||divi||400&Prime; button_icon_color=\u00a0\u00bb#FFFFFF\u00a0\u00bb custom_margin=\u00a0\u00bb||20px||false|false\u00a0\u00bb custom_padding=\u00a0\u00bb10px|40px|10px|40px|true|true\u00a0\u00bb custom_padding_tablet=\u00a0\u00bb10px|40px|10px|40px|true|true\u00a0\u00bb custom_padding_phone=\u00a0\u00bb8px|28px|8px|28px|true|true\u00a0\u00bb custom_padding_last_edited=\u00a0\u00bbon|desktop\u00a0\u00bb animation_style=\u00a0\u00bbbounce\u00a0\u00bb animation_duration=\u00a0\u00bb1400ms\u00a0\u00bb button_text_size_tablet=\u00a0\u00bb16px\u00a0\u00bb button_text_size_phone=\u00a0\u00bb14px\u00a0\u00bb button_text_size_last_edited=\u00a0\u00bbon|phone\u00a0\u00bb box_shadow_style=\u00a0\u00bbpreset2&Prime; box_shadow_color=\u00a0\u00bbRGBA(255,255,255,0)\u00a0\u00bb global_colors_info=\u00a0\u00bb{}\u00a0\u00bb custom_padding__hover_enabled=\u00a0\u00bbon|hover\u00a0\u00bb custom_padding__hover=\u00a0\u00bb|60px|||true|false\u00a0\u00bb][\/et_pb_button][\/et_pb_column][\/et_pb_row][et_pb_row column_structure=\u00a0\u00bb1_3,2_3&Prime; custom_padding_last_edited=\u00a0\u00bbon|phone\u00a0\u00bb module_id=\u00a0\u00bbpaddle\u00a0\u00bb _builder_version=\u00a0\u00bb4.27.0&Prime; _module_preset=\u00a0\u00bbdefault\u00a0\u00bb custom_margin=\u00a0\u00bb||20px||false|false\u00a0\u00bb custom_margin_tablet=\u00a0\u00bb||20px||false|false\u00a0\u00bb custom_margin_phone=\u00a0\u00bb||0px||false|false\u00a0\u00bb custom_margin_last_edited=\u00a0\u00bbon|phone\u00a0\u00bb custom_padding_tablet=\u00a0\u00bb\u00a0\u00bb custom_padding_phone=\u00a0\u00bb||0px||false|false\u00a0\u00bb global_colors_info=\u00a0\u00bb{}\u00a0\u00bb custom_css_main_element_last_edited=\u00a0\u00bbon|desktop\u00a0\u00bb custom_css_main_element_tablet=\u00a0\u00bbdisplay: flex;||flex-direction : column-reverse;\u00a0\u00bb custom_css_main_element_phone=\u00a0\u00bbdisplay: flex;||flex-direction : column-reverse;\u00a0\u00bb][et_pb_column type=\u00a0\u00bb1_3&Prime; _builder_version=\u00a0\u00bb4.25.1&Prime; _module_preset=\u00a0\u00bbdefault\u00a0\u00bb global_colors_info=\u00a0\u00bb{}\u00a0\u00bb][et_pb_image src=\u00a0\u00bbhttps:\/\/www.les-canoes-du-marais.com\/wp-content\/uploads\/2024\/12\/parcours1-2.png\u00a0\u00bb alt=\u00a0\u00bbPaddle\u00a0\u00bb title_text=\u00a0\u00bbPaddle\u00a0\u00bb _builder_version=\u00a0\u00bb4.27.0&Prime; _module_preset=\u00a0\u00bbdefault\u00a0\u00bb width_tablet=\u00a0\u00bb\u00a0\u00bb width_phone=\u00a0\u00bb60%\u00a0\u00bb width_last_edited=\u00a0\u00bbon|phone\u00a0\u00bb global_colors_info=\u00a0\u00bb{}\u00a0\u00bb][\/et_pb_image][\/et_pb_column][et_pb_column type=\u00a0\u00bb2_3&Prime; _builder_version=\u00a0\u00bb4.25.1&Prime; _module_preset=\u00a0\u00bbdefault\u00a0\u00bb global_colors_info=\u00a0\u00bb{}\u00a0\u00bb][et_pb_text _builder_version=\u00a0\u00bb4.25.1&Prime; _module_preset=\u00a0\u00bbdefault\u00a0\u00bb text_font=\u00a0\u00bb&#8211;et_global_body_font||||||||\u00a0\u00bb text_text_color=\u00a0\u00bb#002B2B\u00a0\u00bb header_2_text_align=\u00a0\u00bbleft\u00a0\u00bb header_2_text_color=\u00a0\u00bb#FB0384&Prime; header_2_font_size=\u00a0\u00bb36px\u00a0\u00bb custom_margin=\u00a0\u00bb||||false|false\u00a0\u00bb custom_padding=\u00a0\u00bb||||false|false\u00a0\u00bb text_font_size_tablet=\u00a0\u00bb12px\u00a0\u00bb text_font_size_phone=\u00a0\u00bb10px\u00a0\u00bb text_font_size_last_edited=\u00a0\u00bbon|tablet\u00a0\u00bb text_line_height_tablet=\u00a0\u00bb1.6em\u00a0\u00bb text_line_height_phone=\u00a0\u00bb1.4em\u00a0\u00bb text_line_height_last_edited=\u00a0\u00bbon|phone\u00a0\u00bb header_font_size_tablet=\u00a0\u00bb\u00a0\u00bb header_font_size_phone=\u00a0\u00bb22px\u00a0\u00bb header_font_size_last_edited=\u00a0\u00bbon|phone\u00a0\u00bb header_2_font_tablet=\u00a0\u00bb\u00a0\u00bb header_2_font_phone=\u00a0\u00bb\u00a0\u00bb header_2_font_last_edited=\u00a0\u00bbon|phone\u00a0\u00bb header_2_font_size_tablet=\u00a0\u00bb33px\u00a0\u00bb header_2_font_size_phone=\u00a0\u00bb22px\u00a0\u00bb header_2_font_size_last_edited=\u00a0\u00bbon|tablet\u00a0\u00bb global_colors_info=\u00a0\u00bb{}\u00a0\u00bb]<\/p>\n<h2>Paddle<\/h2>\n<p style=\"font-weight: 400;\"><span>Vous avez envie de tenter une initiation au Paddle une bonne fois pour toute ? Vous \u00eates un peu frileux mais courageux ? Nos planches sont id\u00e9ales pour s\u2019initier facilement \u00e0 la pratique du Stand Up Paddle et nous proposons des balades d\u2019une heure sur la rivi\u00e8re calme du Jaunay. Vous souhaitez d\u00e9couvrir la rivi\u00e8re autrement et \u00e9gayer votre journ\u00e9e, optez pour le parcours de deux heures !<br \/>Il y en a pour tous les go\u00fbts, alors n\u2019h\u00e9sitez plus\u00a0!<\/span><span><\/span><\/p>\n<p>[\/et_pb_text][et_pb_text content_tablet=\u00a0\u00bb<\/p>\n<table border=%221%22 style=%22border-collapse: collapse; width: 100%;%22>\n<tbody>\n<tr style=%22height: 24px;%22>\n<td style=%22width: 33.3333%; height: 24px; text-align: left;%22>Tarif par embarcation<\/td>\n<td style=%22width: 33.3333%; height: 24px; text-align: left;%22>Parcours 1h<\/td>\n<td style=%22width: 33.3333%; height: 24px; text-align: left;%22>Parcours 2h<\/td>\n<\/tr>\n<tr style=%22height: 43px;%22>\n<td style=%22width: 33.3333%; height: 43px; text-align: left;%22>1 place<\/td>\n<td style=%22width: 33.3333%; font-size: 24px; height: 43px; text-align: left;%22>16 \u20ac<\/td>\n<td style=%22width: 33.3333%; font-size: 24px; height: 43px; text-align: left;%22>25 \u20ac<\/td>\n<\/tr>\n<\/tbody>\n<\/table>\n<p>\u00a0\u00bb content_phone=\u00a0\u00bb<\/p>\n<table border=%221%22 style=%22border-collapse: collapse; width: 100%;%22>\n<tbody>\n<tr style=%22height: 24px;%22>\n<td style=%22width: 33.3333%; height: 24px; text-align: left;%22>Tarif par embarcation<\/td>\n<td style=%22width: 33.3333%; height: 24px; text-align: left;%22>Parcours 1h<\/td>\n<td style=%22width: 33.3333%; height: 24px; text-align: left;%22>Parcours 2h<\/td>\n<\/tr>\n<tr style=%22height: 43px;%22>\n<td style=%22width: 33.3333%; height: 43px; text-align: left;%22>1 place<\/td>\n<td style=%22width: 33.3333%; font-size: 18px; height: 43px; text-align: left;%22>16 \u20ac<\/td>\n<td style=%22width: 33.3333%; font-size: 18px; height: 43px; text-align: left;%22>25 \u20ac<\/td>\n<\/tr>\n<\/tbody>\n<\/table>\n<p>\u00a0\u00bb content_last_edited=\u00a0\u00bbon|phone\u00a0\u00bb disabled_on=\u00a0\u00bbon|on|on\u00a0\u00bb _builder_version=\u00a0\u00bb4.27.0&Prime; _module_preset=\u00a0\u00bbdefault\u00a0\u00bb text_font=\u00a0\u00bbpluto-sans|500|||||||\u00a0\u00bb background_enable_color=\u00a0\u00bboff\u00a0\u00bb text_font_size_tablet=\u00a0\u00bb12px\u00a0\u00bb text_font_size_phone=\u00a0\u00bb10px\u00a0\u00bb text_font_size_last_edited=\u00a0\u00bbon|phone\u00a0\u00bb text_line_height_tablet=\u00a0\u00bb1.6em\u00a0\u00bb text_line_height_phone=\u00a0\u00bb1.4em\u00a0\u00bb text_line_height_last_edited=\u00a0\u00bbon|phone\u00a0\u00bb disabled=\u00a0\u00bbon\u00a0\u00bb global_colors_info=\u00a0\u00bb{}\u00a0\u00bb]<\/p>\n<table border=\"1\" style=\"border-collapse: collapse; width: 100%;\">\n<tbody>\n<tr style=\"height: 24px;\">\n<td style=\"width: 33.3333%; height: 24px; text-align: left;\">Tarif par embarcation<\/td>\n<td style=\"width: 33.3333%; height: 24px; text-align: left;\">Parcours 1h<\/td>\n<td style=\"width: 33.3333%; height: 24px; text-align: left;\">Parcours 2h<\/td>\n<\/tr>\n<tr style=\"height: 43px;\">\n<td style=\"width: 33.3333%; height: 43px; text-align: left;\">1 place<\/td>\n<td style=\"width: 33.3333%; font-size: 24px; height: 43px; text-align: left;\">16 \u20ac<\/td>\n<td style=\"width: 33.3333%; font-size: 24px; height: 43px; text-align: left;\">25 \u20ac<\/td>\n<\/tr>\n<\/tbody>\n<\/table>\n<p>[\/et_pb_text][et_pb_image src=\u00a0\u00bbhttps:\/\/www.les-canoes-du-marais.com\/wp-content\/uploads\/2026\/02\/tarifs_2026_les_canoes_du_marais_givrand_saint-gilles-croix-de-vie_paddle_vendee.jpg\u00a0\u00bb alt=\u00a0\u00bbtarifs_2026_les_canoes_du_marais_givrand_saint-gilles-croix-de-vie_paddle_vendee\u00a0\u00bb title_text=\u00a0\u00bbtarifs_2026_les_canoes_du_marais_givrand_saint-gilles-croix-de-vie_paddle_vendee\u00a0\u00bb _builder_version=\u00a0\u00bb4.27.4&Prime; _module_preset=\u00a0\u00bbdefault\u00a0\u00bb width=\u00a0\u00bb500px\u00a0\u00bb width_tablet=\u00a0\u00bb100%\u00a0\u00bb width_phone=\u00a0\u00bb100%\u00a0\u00bb width_last_edited=\u00a0\u00bbon|phone\u00a0\u00bb custom_margin=\u00a0\u00bb|||-2px|false|false\u00a0\u00bb global_colors_info=\u00a0\u00bb{}\u00a0\u00bb][\/et_pb_image][et_pb_button button_url=\u00a0\u00bbhttps:\/\/www.les-canoes-du-marais.com\/tarifs-et-reservations\/#reservation\u00a0\u00bb button_text=\u00a0\u00bbJe r\u00e9serve un paddle\u00a0\u00bb button_alignment=\u00a0\u00bbleft\u00a0\u00bb _builder_version=\u00a0\u00bb4.27.0&Prime; _module_preset=\u00a0\u00bbdefault\u00a0\u00bb custom_button=\u00a0\u00bbon\u00a0\u00bb button_icon=\u00a0\u00bb&#x45;||divi||400&Prime; button_icon_color=\u00a0\u00bb#FFFFFF\u00a0\u00bb custom_margin=\u00a0\u00bb||20px||false|false\u00a0\u00bb custom_padding=\u00a0\u00bb10px|40px|10px|40px|true|true\u00a0\u00bb custom_padding_tablet=\u00a0\u00bb10px|40px|10px|40px|true|true\u00a0\u00bb custom_padding_phone=\u00a0\u00bb8px|28px|8px|28px|true|true\u00a0\u00bb custom_padding_last_edited=\u00a0\u00bbon|desktop\u00a0\u00bb animation_style=\u00a0\u00bbbounce\u00a0\u00bb animation_duration=\u00a0\u00bb1400ms\u00a0\u00bb button_text_size_tablet=\u00a0\u00bb16px\u00a0\u00bb button_text_size_phone=\u00a0\u00bb14px\u00a0\u00bb button_text_size_last_edited=\u00a0\u00bbon|phone\u00a0\u00bb box_shadow_style=\u00a0\u00bbpreset2&Prime; box_shadow_color=\u00a0\u00bbRGBA(255,255,255,0)\u00a0\u00bb global_colors_info=\u00a0\u00bb{}\u00a0\u00bb custom_padding__hover_enabled=\u00a0\u00bbon|hover\u00a0\u00bb custom_padding__hover=\u00a0\u00bb|60px|||true|false\u00a0\u00bb][\/et_pb_button][\/et_pb_column][\/et_pb_row][et_pb_row column_structure=\u00a0\u00bb1_3,2_3&Prime; custom_padding_last_edited=\u00a0\u00bbon|phone\u00a0\u00bb module_id=\u00a0\u00bbpedalo\u00a0\u00bb _builder_version=\u00a0\u00bb4.27.0&Prime; _module_preset=\u00a0\u00bbdefault\u00a0\u00bb custom_margin=\u00a0\u00bb||||false|false\u00a0\u00bb custom_margin_phone=\u00a0\u00bb||0px||false|false\u00a0\u00bb custom_margin_last_edited=\u00a0\u00bboff|desktop\u00a0\u00bb custom_padding_tablet=\u00a0\u00bb\u00a0\u00bb custom_padding_phone=\u00a0\u00bb||0px||false|false\u00a0\u00bb global_colors_info=\u00a0\u00bb{}\u00a0\u00bb custom_css_main_element_last_edited=\u00a0\u00bbon|phone\u00a0\u00bb custom_css_main_element_tablet=\u00a0\u00bbdisplay: flex;||flex-direction : column-reverse;\u00a0\u00bb custom_css_main_element_phone=\u00a0\u00bbdisplay: flex;||flex-direction : column-reverse;\u00a0\u00bb][et_pb_column type=\u00a0\u00bb1_3&Prime; _builder_version=\u00a0\u00bb4.25.1&Prime; _module_preset=\u00a0\u00bbdefault\u00a0\u00bb global_colors_info=\u00a0\u00bb{}\u00a0\u00bb][et_pb_image src=\u00a0\u00bbhttps:\/\/www.les-canoes-du-marais.com\/wp-content\/uploads\/2024\/12\/parcours2-1.png\u00a0\u00bb alt=\u00a0\u00bbPedalo\u00a0\u00bb title_text=\u00a0\u00bbPedalo\u00a0\u00bb _builder_version=\u00a0\u00bb4.27.0&Prime; _module_preset=\u00a0\u00bbdefault\u00a0\u00bb width_tablet=\u00a0\u00bb\u00a0\u00bb width_phone=\u00a0\u00bb60%\u00a0\u00bb width_last_edited=\u00a0\u00bbon|phone\u00a0\u00bb global_colors_info=\u00a0\u00bb{}\u00a0\u00bb][\/et_pb_image][\/et_pb_column][et_pb_column type=\u00a0\u00bb2_3&Prime; _builder_version=\u00a0\u00bb4.25.1&Prime; _module_preset=\u00a0\u00bbdefault\u00a0\u00bb global_colors_info=\u00a0\u00bb{}\u00a0\u00bb][et_pb_text _builder_version=\u00a0\u00bb4.25.1&Prime; _module_preset=\u00a0\u00bbdefault\u00a0\u00bb text_font=\u00a0\u00bb&#8211;et_global_body_font||||||||\u00a0\u00bb text_text_color=\u00a0\u00bb#002B2B\u00a0\u00bb header_2_text_align=\u00a0\u00bbleft\u00a0\u00bb header_2_text_color=\u00a0\u00bb#FB0384&Prime; header_2_font_size=\u00a0\u00bb36px\u00a0\u00bb custom_margin=\u00a0\u00bb||||false|false\u00a0\u00bb custom_padding=\u00a0\u00bb||||false|false\u00a0\u00bb text_font_size_tablet=\u00a0\u00bb12px\u00a0\u00bb text_font_size_phone=\u00a0\u00bb10px\u00a0\u00bb text_font_size_last_edited=\u00a0\u00bbon|phone\u00a0\u00bb text_line_height_tablet=\u00a0\u00bb1.6em\u00a0\u00bb text_line_height_phone=\u00a0\u00bb1.4em\u00a0\u00bb text_line_height_last_edited=\u00a0\u00bbon|phone\u00a0\u00bb header_font_size_tablet=\u00a0\u00bb\u00a0\u00bb header_font_size_phone=\u00a0\u00bb22px\u00a0\u00bb header_font_size_last_edited=\u00a0\u00bbon|phone\u00a0\u00bb header_2_font_tablet=\u00a0\u00bb\u00a0\u00bb header_2_font_phone=\u00a0\u00bb\u00a0\u00bb header_2_font_last_edited=\u00a0\u00bbon|phone\u00a0\u00bb header_2_font_size_tablet=\u00a0\u00bb33px\u00a0\u00bb header_2_font_size_phone=\u00a0\u00bb22px\u00a0\u00bb header_2_font_size_last_edited=\u00a0\u00bbon|tablet\u00a0\u00bb global_colors_info=\u00a0\u00bb{}\u00a0\u00bb]<\/p>\n<h2>P\u00e9dalo<\/h2>\n<p style=\"font-weight: 400;\"><span>Aux commandes d\u2019un p\u00e9dalo, vous naviguerez sur une rivi\u00e8re calme et sans danger. Facile et ludique, le bateau \u00e0 p\u00e9dales reste le moyen pour tous de se balader sur l\u2019eau et offre surtout la possibilit\u00e9 d\u2019une navigation dans la proximit\u00e9 imm\u00e9diate de notre base. D\u00e9tente assur\u00e9e !<br \/>Nous proposons deux types de p\u00e9dalos en fonction du nombre de passagers\u00a0: 2 ou 5 places. Le port du gilet est obligatoire pour les enfants. Et un bidon \u00e9tanche est mis \u00e0 votre disposition pour vos effets personnels. Partez \u00e0 l\u2019aventure en toute s\u00e9curit\u00e9\u00a0!<\/span><\/p>\n<p>[\/et_pb_text][et_pb_text content_tablet=\u00a0\u00bb<\/p>\n<table border=%221%22 style=%22border-collapse: collapse; width: 100%; height: 110px;%22>\n<tbody>\n<tr style=%22height: 24px;%22>\n<td style=%22width: 33.3333%; height: 24px; text-align: left;%22>Tarif par embarcation<\/td>\n<td style=%22width: 33.3333%; height: 24px; text-align: left;%22>Parcours 30 min<\/td>\n<td style=%22width: 33.3333%; height: 24px; text-align: left;%22>Parcours 1h<\/td>\n<\/tr>\n<tr style=%22height: 43px;%22>\n<td style=%22width: 33.3333%; height: 43px; text-align: left;%22>2 places<\/td>\n<td style=%22width: 33.3333%; font-size: 24px; height: 43px; text-align: left;%22>16 \u20ac<\/td>\n<td style=%22width: 33.3333%; font-size: 24px; height: 43px; text-align: left;%22>25 \u20ac<\/td>\n<\/tr>\n<tr style=%22height: 43px;%22>\n<td style=%22width: 33.3333%; height: 43px; text-align: left;%22>5 places<\/td>\n<td style=%22width: 33.3333%; font-size: 24px; height: 43px; text-align: left;%22>25 \u20ac<\/td>\n<td style=%22width: 33.3333%; font-size: 24px; height: 43px; text-align: left;%22>35 \u20ac<\/td>\n<\/tr>\n<\/tbody>\n<\/table>\n<p>\u00a0\u00bb content_phone=\u00a0\u00bb<\/p>\n<table border=%221%22 style=%22border-collapse: collapse; width: 100%; height: 110px;%22>\n<tbody>\n<tr style=%22height: 24px;%22>\n<td style=%22width: 33.3333%; height: 24px; text-align: left;%22>Tarif par embarcation<\/td>\n<td style=%22width: 33.3333%; height: 24px; text-align: left;%22>Parcours 30 min<\/td>\n<td style=%22width: 33.3333%; height: 24px; text-align: left;%22>Parcours 1h<\/td>\n<\/tr>\n<tr style=%22height: 43px;%22>\n<td style=%22width: 33.3333%; height: 43px; text-align: left;%22>2 places<\/td>\n<td style=%22width: 33.3333%; font-size: 18px; height: 43px; text-align: left;%22>16 \u20ac<\/td>\n<td style=%22width: 33.3333%; font-size: 18px; height: 43px; text-align: left;%22>25 \u20ac<\/td>\n<\/tr>\n<tr style=%22height: 43px;%22>\n<td style=%22width: 33.3333%; height: 43px; text-align: left;%22>5 places<\/td>\n<td style=%22width: 33.3333%; font-size: 18px; height: 43px; text-align: left;%22>25 \u20ac<\/td>\n<td style=%22width: 33.3333%; font-size: 18px; height: 43px; text-align: left;%22>35 \u20ac<\/td>\n<\/tr>\n<\/tbody>\n<\/table>\n<p>\u00a0\u00bb content_last_edited=\u00a0\u00bbon|phone\u00a0\u00bb disabled_on=\u00a0\u00bbon|on|on\u00a0\u00bb _builder_version=\u00a0\u00bb4.27.0&Prime; _module_preset=\u00a0\u00bbdefault\u00a0\u00bb text_font=\u00a0\u00bbpluto-sans|500|||||||\u00a0\u00bb background_enable_color=\u00a0\u00bboff\u00a0\u00bb text_font_size_tablet=\u00a0\u00bb12px\u00a0\u00bb text_font_size_phone=\u00a0\u00bb10px\u00a0\u00bb text_font_size_last_edited=\u00a0\u00bbon|phone\u00a0\u00bb text_line_height_tablet=\u00a0\u00bb1.6em\u00a0\u00bb text_line_height_phone=\u00a0\u00bb1.4em\u00a0\u00bb text_line_height_last_edited=\u00a0\u00bbon|phone\u00a0\u00bb disabled=\u00a0\u00bbon\u00a0\u00bb global_colors_info=\u00a0\u00bb{}\u00a0\u00bb]<\/p>\n<table border=\"1\" style=\"border-collapse: collapse; width: 100%; height: 110px;\">\n<tbody>\n<tr style=\"height: 24px;\">\n<td style=\"width: 33.3333%; height: 24px; text-align: left;\">Tarif par embarcation<\/td>\n<td style=\"width: 33.3333%; height: 24px; text-align: left;\">Parcours 30 min<\/td>\n<td style=\"width: 33.3333%; height: 24px; text-align: left;\">Parcours 1h<\/td>\n<\/tr>\n<tr style=\"height: 43px;\">\n<td style=\"width: 33.3333%; height: 43px; text-align: left;\">2 places<\/td>\n<td style=\"width: 33.3333%; font-size: 24px; height: 43px; text-align: left;\">16 \u20ac<\/td>\n<td style=\"width: 33.3333%; font-size: 24px; height: 43px; text-align: left;\">25 \u20ac<\/td>\n<\/tr>\n<tr style=\"height: 43px;\">\n<td style=\"width: 33.3333%; height: 43px; text-align: left;\">5 places<\/td>\n<td style=\"width: 33.3333%; font-size: 24px; height: 43px; text-align: left;\">25 \u20ac<\/td>\n<td style=\"width: 33.3333%; font-size: 24px; height: 43px; text-align: left;\">35 \u20ac<\/td>\n<\/tr>\n<\/tbody>\n<\/table>\n<p>[\/et_pb_text][et_pb_image src=\u00a0\u00bbhttps:\/\/www.les-canoes-du-marais.com\/wp-content\/uploads\/2026\/02\/tarifs_2026_les_canoes_du_marais_givrand_saint-gilles-croix-de-vie_pedalo_vendee.jpg\u00a0\u00bb alt=\u00a0\u00bbtarifs_2026_les_canoes_du_marais_givrand_saint-gilles-croix-de-vie_pedalo_vendee\u00a0\u00bb title_text=\u00a0\u00bbtarifs_2026_les_canoes_du_marais_givrand_saint-gilles-croix-de-vie_pedalo_vendee\u00a0\u00bb _builder_version=\u00a0\u00bb4.27.4&Prime; _module_preset=\u00a0\u00bbdefault\u00a0\u00bb width=\u00a0\u00bb500px\u00a0\u00bb width_tablet=\u00a0\u00bb100%\u00a0\u00bb width_phone=\u00a0\u00bb\u00a0\u00bb width_last_edited=\u00a0\u00bbon|tablet\u00a0\u00bb custom_margin=\u00a0\u00bb|||-2px|false|false\u00a0\u00bb global_colors_info=\u00a0\u00bb{}\u00a0\u00bb][\/et_pb_image][et_pb_button button_url=\u00a0\u00bbhttps:\/\/www.les-canoes-du-marais.com\/tarifs-et-reservations\/#reservation\u00a0\u00bb button_text=\u00a0\u00bbJe r\u00e9serve un p\u00e9dalo\u00a0\u00bb button_alignment=\u00a0\u00bbleft\u00a0\u00bb _builder_version=\u00a0\u00bb4.27.0&Prime; _module_preset=\u00a0\u00bbdefault\u00a0\u00bb custom_button=\u00a0\u00bbon\u00a0\u00bb button_icon=\u00a0\u00bb&#x45;||divi||400&Prime; button_icon_color=\u00a0\u00bb#FFFFFF\u00a0\u00bb custom_margin=\u00a0\u00bb||20px||false|false\u00a0\u00bb custom_padding=\u00a0\u00bb10px|40px|10px|40px|true|true\u00a0\u00bb custom_padding_tablet=\u00a0\u00bb10px|40px|10px|40px|true|true\u00a0\u00bb custom_padding_phone=\u00a0\u00bb8px|28px|8px|28px|true|true\u00a0\u00bb custom_padding_last_edited=\u00a0\u00bbon|desktop\u00a0\u00bb animation_style=\u00a0\u00bbbounce\u00a0\u00bb animation_duration=\u00a0\u00bb1400ms\u00a0\u00bb button_text_size_tablet=\u00a0\u00bb16px\u00a0\u00bb button_text_size_phone=\u00a0\u00bb14px\u00a0\u00bb button_text_size_last_edited=\u00a0\u00bbon|phone\u00a0\u00bb box_shadow_style=\u00a0\u00bbpreset2&Prime; box_shadow_color=\u00a0\u00bbRGBA(255,255,255,0)\u00a0\u00bb global_colors_info=\u00a0\u00bb{}\u00a0\u00bb custom_padding__hover_enabled=\u00a0\u00bbon|hover\u00a0\u00bb custom_padding__hover=\u00a0\u00bb|60px|||true|false\u00a0\u00bb][\/et_pb_button][\/et_pb_column][\/et_pb_row][\/et_pb_section][et_pb_section fb_built=\u00a0\u00bb1&Prime; custom_padding_last_edited=\u00a0\u00bbon|phone\u00a0\u00bb _builder_version=\u00a0\u00bb4.27.0&Prime; _module_preset=\u00a0\u00bbdefault\u00a0\u00bb background_color=\u00a0\u00bb#00C4DC\u00a0\u00bb background_enable_image=\u00a0\u00bboff\u00a0\u00bb custom_padding=\u00a0\u00bb||||false|false\u00a0\u00bb custom_padding_tablet=\u00a0\u00bb||||false|false\u00a0\u00bb custom_padding_phone=\u00a0\u00bb40px||20px||false|false\u00a0\u00bb global_module=\u00a0\u00bb1259&Prime; global_colors_info=\u00a0\u00bb{}\u00a0\u00bb][et_pb_row _builder_version=\u00a0\u00bb4.27.0&Prime; _module_preset=\u00a0\u00bbdefault\u00a0\u00bb custom_padding=\u00a0\u00bb0px||||false|false\u00a0\u00bb global_colors_info=\u00a0\u00bb{}\u00a0\u00bb][et_pb_column type=\u00a0\u00bb4_4&Prime; _builder_version=\u00a0\u00bb4.27.0&Prime; _module_preset=\u00a0\u00bbdefault\u00a0\u00bb global_colors_info=\u00a0\u00bb{}\u00a0\u00bb][et_pb_text _builder_version=\u00a0\u00bb4.27.0&Prime; _module_preset=\u00a0\u00bbdefault\u00a0\u00bb text_font_size=\u00a0\u00bb16px\u00a0\u00bb text_line_height=\u00a0\u00bb2.2em\u00a0\u00bb link_font=\u00a0\u00bb&#8211;et_global_body_font|300|||||||\u00a0\u00bb link_text_color=\u00a0\u00bb#FFFFFF\u00a0\u00bb header_2_font=\u00a0\u00bbpluto|700||on|||||\u00a0\u00bb header_2_text_color=\u00a0\u00bb#FFFFFF\u00a0\u00bb header_2_font_size=\u00a0\u00bb28px\u00a0\u00bb header_3_font=\u00a0\u00bbpluto|500||on|||||\u00a0\u00bb header_3_text_align=\u00a0\u00bbcenter\u00a0\u00bb header_3_text_color=\u00a0\u00bb#FFFFFF\u00a0\u00bb header_3_font_size=\u00a0\u00bb14px\u00a0\u00bb header_3_letter_spacing=\u00a0\u00bb2px\u00a0\u00bb text_orientation=\u00a0\u00bbcenter\u00a0\u00bb text_font_size_tablet=\u00a0\u00bb16px\u00a0\u00bb text_font_size_phone=\u00a0\u00bb10px\u00a0\u00bb text_font_size_last_edited=\u00a0\u00bbon|phone\u00a0\u00bb header_2_font_size_tablet=\u00a0\u00bb\u00a0\u00bb header_2_font_size_phone=\u00a0\u00bb16px\u00a0\u00bb header_2_font_size_last_edited=\u00a0\u00bbon|phone\u00a0\u00bb header_2_letter_spacing_tablet=\u00a0\u00bb\u00a0\u00bb header_2_letter_spacing_phone=\u00a0\u00bb-0.4px\u00a0\u00bb header_2_letter_spacing_last_edited=\u00a0\u00bbon|phone\u00a0\u00bb header_3_font_size_phone=\u00a0\u00bb14px\u00a0\u00bb header_3_font_size_last_edited=\u00a0\u00bboff|phone\u00a0\u00bb header_3_letter_spacing_tablet=\u00a0\u00bb\u00a0\u00bb header_3_letter_spacing_phone=\u00a0\u00bb1px\u00a0\u00bb header_3_letter_spacing_last_edited=\u00a0\u00bbon|phone\u00a0\u00bb global_colors_info=\u00a0\u00bb{}\u00a0\u00bb link_text_color__hover_enabled=\u00a0\u00bbon|hover\u00a0\u00bb link_text_color__hover=\u00a0\u00bb#002B2B\u00a0\u00bb]<\/p>\n<h2>Bienvenue aux Cano\u00ebs du Marais !<\/h2>\n<h3>Notre base nautique familiale situ\u00e9e \u00e0 Givrand, en Vend\u00e9e<\/h3>\n<p>[\/et_pb_text][\/et_pb_column][\/et_pb_row][et_pb_row column_structure=\u00a0\u00bb1_3,1_3,1_3&Prime; _builder_version=\u00a0\u00bb4.27.0&Prime; _module_preset=\u00a0\u00bbdefault\u00a0\u00bb custom_padding=\u00a0\u00bb0px||0px||true|false\u00a0\u00bb global_colors_info=\u00a0\u00bb{}\u00a0\u00bb][et_pb_column type=\u00a0\u00bb1_3&Prime; _builder_version=\u00a0\u00bb4.25.1&Prime; _module_preset=\u00a0\u00bbdefault\u00a0\u00bb global_colors_info=\u00a0\u00bb{}\u00a0\u00bb][et_pb_text _builder_version=\u00a0\u00bb4.27.0&Prime; _module_preset=\u00a0\u00bbdefault\u00a0\u00bb text_font_size=\u00a0\u00bb16px\u00a0\u00bb text_line_height=\u00a0\u00bb2.2em\u00a0\u00bb link_font=\u00a0\u00bb&#8211;et_global_body_font|300|||||||\u00a0\u00bb link_text_color=\u00a0\u00bb#FFFFFF\u00a0\u00bb header_3_font=\u00a0\u00bb|700|||||||\u00a0\u00bb header_3_text_align=\u00a0\u00bbcenter\u00a0\u00bb header_3_text_color=\u00a0\u00bb#FFFFFF\u00a0\u00bb header_3_font_size=\u00a0\u00bb28px\u00a0\u00bb text_orientation=\u00a0\u00bbcenter\u00a0\u00bb custom_margin=\u00a0\u00bb||0px||false|false\u00a0\u00bb text_font_size_tablet=\u00a0\u00bb16px\u00a0\u00bb text_font_size_phone=\u00a0\u00bb10px\u00a0\u00bb text_font_size_last_edited=\u00a0\u00bbon|phone\u00a0\u00bb header_3_font_size_tablet=\u00a0\u00bb28px\u00a0\u00bb header_3_font_size_phone=\u00a0\u00bb18px\u00a0\u00bb header_3_font_size_last_edited=\u00a0\u00bbon|phone\u00a0\u00bb header_3_letter_spacing_tablet=\u00a0\u00bb\u00a0\u00bb header_3_letter_spacing_phone=\u00a0\u00bb-0.4px\u00a0\u00bb header_3_letter_spacing_last_edited=\u00a0\u00bbon|phone\u00a0\u00bb global_colors_info=\u00a0\u00bb{}\u00a0\u00bb link_text_color__hover_enabled=\u00a0\u00bbon|hover\u00a0\u00bb link_text_color__hover=\u00a0\u00bb#002B2B\u00a0\u00bb]<\/p>\n<h3>Contactez-nous :<\/h3>\n<p>[\/et_pb_text][dsm_icon_list icon_font_size=\u00a0\u00bb16px\u00a0\u00bb list_alignment=\u00a0\u00bbcenter\u00a0\u00bb list_space_between=\u00a0\u00bb8px\u00a0\u00bb text_indent=\u00a0\u00bb10px\u00a0\u00bb icon_font_size_tablet=\u00a0\u00bb\u00a0\u00bb icon_font_size_phone=\u00a0\u00bb14px\u00a0\u00bb icon_font_size_last_edited=\u00a0\u00bbon|phone\u00a0\u00bb list_space_between_tablet=\u00a0\u00bb\u00a0\u00bb list_space_between_phone=\u00a0\u00bb4px\u00a0\u00bb list_space_between_last_edited=\u00a0\u00bbon|phone\u00a0\u00bb text_indent_tablet=\u00a0\u00bb\u00a0\u00bb text_indent_phone=\u00a0\u00bb8px\u00a0\u00bb text_indent_last_edited=\u00a0\u00bbon|phone\u00a0\u00bb _builder_version=\u00a0\u00bb4.27.0&Prime; _module_preset=\u00a0\u00bbdefault\u00a0\u00bb text_font=\u00a0\u00bb|300|||||||\u00a0\u00bb text_text_color=\u00a0\u00bb#FFFFFF\u00a0\u00bb text_font_size=\u00a0\u00bb16px\u00a0\u00bb text_font_size_tablet=\u00a0\u00bb\u00a0\u00bb text_font_size_phone=\u00a0\u00bb14px\u00a0\u00bb text_font_size_last_edited=\u00a0\u00bbon|phone\u00a0\u00bb text_line_height_tablet=\u00a0\u00bb\u00a0\u00bb text_line_height_phone=\u00a0\u00bb1.4em\u00a0\u00bb text_line_height_last_edited=\u00a0\u00bbon|phone\u00a0\u00bb global_colors_info=\u00a0\u00bb{}\u00a0\u00bb][dsm_icon_list_child text=\u00a0\u00bb06 07 11 37 59&Prime; font_icon=\u00a0\u00bb&#xf879;||fa||900&Prime; icon_padding=\u00a0\u00bb0px\u00a0\u00bb url=\u00a0\u00bbtel:0607113759&Prime; _builder_version=\u00a0\u00bb4.27.0&Prime; _module_preset=\u00a0\u00bbdefault\u00a0\u00bb global_colors_info=\u00a0\u00bb{}\u00a0\u00bb][\/dsm_icon_list_child][dsm_icon_list_child text=\u00a0\u00bblescanoesdumarais@gmail.com\u00a0\u00bb font_icon=\u00a0\u00bb&#xe076;||divi||400&Prime; url=\u00a0\u00bbmailto:lescanoesdumarais@gmail.com\u00a0\u00bb _builder_version=\u00a0\u00bb4.27.0&Prime; _module_preset=\u00a0\u00bbdefault\u00a0\u00bb global_colors_info=\u00a0\u00bb{}\u00a0\u00bb][\/dsm_icon_list_child][\/dsm_icon_list][et_pb_blurb use_icon=\u00a0\u00bbon\u00a0\u00bb font_icon=\u00a0\u00bb&#xf5a0;||fa||900&Prime; icon_placement=\u00a0\u00bbleft\u00a0\u00bb image_icon_width=\u00a0\u00bb90%\u00a0\u00bb _builder_version=\u00a0\u00bb4.27.0&Prime; _module_preset=\u00a0\u00bbdefault\u00a0\u00bb body_font=\u00a0\u00bb|300|||||||\u00a0\u00bb body_font_size=\u00a0\u00bb16px\u00a0\u00bb body_line_height=\u00a0\u00bb1.2em\u00a0\u00bb background_layout=\u00a0\u00bbdark\u00a0\u00bb custom_margin=\u00a0\u00bb-25px|||36px|false|false\u00a0\u00bb custom_margin_tablet=\u00a0\u00bb|||160px|false|false\u00a0\u00bb custom_margin_phone=\u00a0\u00bb|||33px|false|false\u00a0\u00bb custom_margin_last_edited=\u00a0\u00bbon|desktop\u00a0\u00bb custom_padding=\u00a0\u00bb||||false|false\u00a0\u00bb body_font_size_tablet=\u00a0\u00bb\u00a0\u00bb body_font_size_phone=\u00a0\u00bb13px\u00a0\u00bb body_font_size_last_edited=\u00a0\u00bbon|tablet\u00a0\u00bb text_orientation_tablet=\u00a0\u00bb\u00a0\u00bb text_orientation_phone=\u00a0\u00bb\u00a0\u00bb text_orientation_last_edited=\u00a0\u00bbon|tablet\u00a0\u00bb global_colors_info=\u00a0\u00bb{}\u00a0\u00bb]<\/p>\n<p>1250 Route des Sables<br \/>85800 Givrand<\/p>\n<p>[\/et_pb_blurb][\/et_pb_column][et_pb_column type=\u00a0\u00bb1_3&Prime; _builder_version=\u00a0\u00bb4.25.1&Prime; _module_preset=\u00a0\u00bbdefault\u00a0\u00bb global_colors_info=\u00a0\u00bb{}\u00a0\u00bb][et_pb_image src=\u00a0\u00bbhttps:\/\/www.les-canoes-du-marais.com\/wp-content\/uploads\/2024\/05\/LOGO-CANOE-DU-MARAIS-300px.png\u00a0\u00bb alt=\u00a0\u00bbLES CANOES DU MARAIS : Location de canoes, kayaks, paddles, p\u00e9dalos sur la rivi\u00e8re du jaunay en Vend\u00e9e entre saint-gilles-croix-de-vie et br\u00e9tignolles-sur-mer\u00a0\u00bb title_text=\u00a0\u00bbLOGO-CANOE-DU-MARAIS-300px\u00a0\u00bb show_bottom_space=\u00a0\u00bboff\u00a0\u00bb align=\u00a0\u00bbcenter\u00a0\u00bb _builder_version=\u00a0\u00bb4.27.0&Prime; _module_preset=\u00a0\u00bbdefault\u00a0\u00bb width_tablet=\u00a0\u00bb180px\u00a0\u00bb width_phone=\u00a0\u00bb140px\u00a0\u00bb width_last_edited=\u00a0\u00bboff|desktop\u00a0\u00bb max_width=\u00a0\u00bb280px\u00a0\u00bb max_width_tablet=\u00a0\u00bb\u00a0\u00bb max_width_phone=\u00a0\u00bb200px\u00a0\u00bb max_width_last_edited=\u00a0\u00bbon|phone\u00a0\u00bb module_alignment=\u00a0\u00bbcenter\u00a0\u00bb custom_margin=\u00a0\u00bb-33px||20px||false|false\u00a0\u00bb custom_margin_tablet=\u00a0\u00bb-10px||0px||false|false\u00a0\u00bb custom_margin_phone=\u00a0\u00bb-20px||-20px||false|false\u00a0\u00bb custom_margin_last_edited=\u00a0\u00bbon|tablet\u00a0\u00bb global_colors_info=\u00a0\u00bb{}\u00a0\u00bb][\/et_pb_image][\/et_pb_column][et_pb_column type=\u00a0\u00bb1_3&Prime; _builder_version=\u00a0\u00bb4.25.1&Prime; _module_preset=\u00a0\u00bbdefault\u00a0\u00bb global_colors_info=\u00a0\u00bb{}\u00a0\u00bb][et_pb_text _builder_version=\u00a0\u00bb4.27.0&Prime; _module_preset=\u00a0\u00bbdefault\u00a0\u00bb text_font=\u00a0\u00bb&#8211;et_global_body_font|300|||||||\u00a0\u00bb text_text_color=\u00a0\u00bb#FFFFFF\u00a0\u00bb text_line_height=\u00a0\u00bb1.4em\u00a0\u00bb link_text_color=\u00a0\u00bb#FFFFFF\u00a0\u00bb header_3_font=\u00a0\u00bb|700|||||||\u00a0\u00bb header_3_text_align=\u00a0\u00bbcenter\u00a0\u00bb header_3_text_color=\u00a0\u00bb#FFFFFF\u00a0\u00bb header_3_font_size=\u00a0\u00bb28px\u00a0\u00bb text_orientation=\u00a0\u00bbcenter\u00a0\u00bb custom_margin=\u00a0\u00bb||8px||false|false\u00a0\u00bb text_font_size_tablet=\u00a0\u00bb\u00a0\u00bb text_font_size_phone=\u00a0\u00bb10px\u00a0\u00bb text_font_size_last_edited=\u00a0\u00bbon|phone\u00a0\u00bb header_3_font_size_tablet=\u00a0\u00bb28px\u00a0\u00bb header_3_font_size_phone=\u00a0\u00bb18px\u00a0\u00bb header_3_font_size_last_edited=\u00a0\u00bbon|phone\u00a0\u00bb header_3_letter_spacing_tablet=\u00a0\u00bb\u00a0\u00bb header_3_letter_spacing_phone=\u00a0\u00bb-0.4px\u00a0\u00bb header_3_letter_spacing_last_edited=\u00a0\u00bbon|phone\u00a0\u00bb global_colors_info=\u00a0\u00bb{}\u00a0\u00bb]<\/p>\n<h3>Suivez notre actualit\u00e9 :<\/h3>\n<p>[\/et_pb_text][et_pb_social_media_follow icon_color=\u00a0\u00bb#00C4DC\u00a0\u00bb use_icon_font_size=\u00a0\u00bbon\u00a0\u00bb _builder_version=\u00a0\u00bb4.27.0&Prime; _module_preset=\u00a0\u00bbdefault\u00a0\u00bb custom_button=\u00a0\u00bbon\u00a0\u00bb text_orientation=\u00a0\u00bbcenter\u00a0\u00bb custom_margin=\u00a0\u00bb||8px||false|false\u00a0\u00bb custom_padding=\u00a0\u00bb||||false|false\u00a0\u00bb border_radii=\u00a0\u00bbon|100%|100%|100%|100%\u00a0\u00bb global_colors_info=\u00a0\u00bb{}\u00a0\u00bb background__hover_enabled=\u00a0\u00bbon|hover\u00a0\u00bb background_color__hover=\u00a0\u00bb\u00a0\u00bb background_enable_color__hover=\u00a0\u00bboff\u00a0\u00bb icon_color__hover_enabled=\u00a0\u00bbon|hover\u00a0\u00bb icon_color__hover=\u00a0\u00bb#002B2B\u00a0\u00bb][et_pb_social_media_follow_network social_network=\u00a0\u00bbfacebook\u00a0\u00bb url=\u00a0\u00bbhttps:\/\/www.facebook.com\/CanoesduMarais\/\u00a0\u00bb _builder_version=\u00a0\u00bb4.25.1&Prime; _module_preset=\u00a0\u00bbdefault\u00a0\u00bb background_color=\u00a0\u00bb#FFFFFF\u00a0\u00bb background_enable_color=\u00a0\u00bbon\u00a0\u00bb custom_margin=\u00a0\u00bb|20px|||false|false\u00a0\u00bb global_colors_info=\u00a0\u00bb{}\u00a0\u00bb background__hover_enabled=\u00a0\u00bboff|desktop\u00a0\u00bb background_color__hover=\u00a0\u00bbrgba(59,89,152,0.5)\u00a0\u00bb background_enable_color__hover=\u00a0\u00bbon\u00a0\u00bb follow_button=\u00a0\u00bboff\u00a0\u00bb url_new_window=\u00a0\u00bbon\u00a0\u00bb]facebook[\/et_pb_social_media_follow_network][et_pb_social_media_follow_network social_network=\u00a0\u00bbinstagram\u00a0\u00bb url=\u00a0\u00bbhttps:\/\/www.instagram.com\/lescanoesdumarais\/\u00a0\u00bb _builder_version=\u00a0\u00bb4.25.1&Prime; _module_preset=\u00a0\u00bbdefault\u00a0\u00bb background_color=\u00a0\u00bb#FFFFFF\u00a0\u00bb background_enable_color=\u00a0\u00bbon\u00a0\u00bb global_colors_info=\u00a0\u00bb{}\u00a0\u00bb background__hover_enabled=\u00a0\u00bboff|desktop\u00a0\u00bb use_background_color_gradient__hover=\u00a0\u00bbon\u00a0\u00bb background_color_gradient_stops__hover=\u00a0\u00bbrgba(255,214,0,0.5) 0%|rgba(255,122,0,0.5) 11%|rgba(118,56,250,0.5) 30%|rgba(211,0,197,0.5) 60%|rgba(255,0,105,0.5) 80%|rgba(255,214,0,0.5) 100%\u00a0\u00bb background_color_gradient_unit__hover=\u00a0\u00bb%\u00a0\u00bb background_color_gradient_type__hover=\u00a0\u00bbconic\u00a0\u00bb background_color_gradient_direction__hover=\u00a0\u00bb200deg\u00a0\u00bb follow_button=\u00a0\u00bboff\u00a0\u00bb url_new_window=\u00a0\u00bbon\u00a0\u00bb]instagram[\/et_pb_social_media_follow_network][\/et_pb_social_media_follow][dsm_icon_list icon_padding=\u00a0\u00bb8px\u00a0\u00bb icon_font_size=\u00a0\u00bb16px\u00a0\u00bb list_alignment=\u00a0\u00bbcenter\u00a0\u00bb list_space_between=\u00a0\u00bb8px\u00a0\u00bb text_indent=\u00a0\u00bb16px\u00a0\u00bb _builder_version=\u00a0\u00bb4.27.0&Prime; _module_preset=\u00a0\u00bbdefault\u00a0\u00bb text_font=\u00a0\u00bb|700|||||||\u00a0\u00bb text_text_color=\u00a0\u00bb#FFFFFF\u00a0\u00bb text_font_size=\u00a0\u00bb20px\u00a0\u00bb custom_padding=\u00a0\u00bb||||false|false\u00a0\u00bb border_radii_icon=\u00a0\u00bbon|50px|50px|50px|50px\u00a0\u00bb global_colors_info=\u00a0\u00bb{}\u00a0\u00bb icon_color__hover_enabled=\u00a0\u00bbon|hover\u00a0\u00bb icon_color__hover=\u00a0\u00bb#002B2B\u00a0\u00bb][dsm_icon_list_child text=\u00a0\u00bbLisez nos avis\u00a0\u00bb font_icon=\u00a0\u00bb&#xf1a0;||fa||400&Prime; icon_color=\u00a0\u00bb#00C4DC\u00a0\u00bb icon_background_color=\u00a0\u00bb#FFFFFF\u00a0\u00bb icon_font_size=\u00a0\u00bb16px\u00a0\u00bb tooltip_padding=\u00a0\u00bb8px||||false|false\u00a0\u00bb url=\u00a0\u00bbhttps:\/\/www.google.com\/search?num=10&#038;newwindow=1&#038;sca_esv=0162a739e8c9f12e&#038;rlz=1C1CHBD_frFR1080FR1080&#038;sxsrf=ADLYWIKsCT-kNgw3P7Zq8anXbmsMzmq4og:1729149840167&#038;uds=ADvngMjcH0KdF7qGWtwTBrP0nt7dAfwAMKKS2TO2Xei6cAY1-z4W-kb4WWS8AF2wPwLi_bZAt9OMlwww6H-9uU0XHVcCuXvpbOZdO3nnpUQu9GPzwvies1zTsG_2MqfzQ3l-RpNtZXn6&#038;si=ACC90nzcy7sviKw0NTZoUBUzhQehr3jouizIrVSf6avWI23m1UWZzVHKZ8XPdPoiKlQcWrAjhX9L_J8LwfDRqOxCd2XOIXc-Qcb3Y4rV-KSVS_ZBBRongGgUX-EIb3G2cDgicKsmORzJ4gwiNCjfY9YSIHxBe0mGyg%3D%3D&#038;q=Les+Cano%C3%ABs+du+Marais+Avis&#038;hl=fr-FR&#038;sa=X&#038;ved=2ahUKEwiO_vGP8ZSJAxU3UaQEHSwkJ-8Q_4MLegQILxAN&#038;biw=1920&#038;bih=919&#038;dpr=1&Prime; url_new_window=\u00a0\u00bbon\u00a0\u00bb _builder_version=\u00a0\u00bb4.27.0&Prime; _module_preset=\u00a0\u00bbdefault\u00a0\u00bb text_font=\u00a0\u00bb|700|||||||\u00a0\u00bb text_font_size=\u00a0\u00bb23px\u00a0\u00bb global_colors_info=\u00a0\u00bb{}\u00a0\u00bb][\/dsm_icon_list_child][\/dsm_icon_list][\/et_pb_column][\/et_pb_row][\/et_pb_section]<\/p>\n","protected":false},"excerpt":{"rendered":"<p>Les diff\u00e9rentes embarcations de notre base nautiqueCano\u00eb Pour 3 adultesou 2 adultes + 3 enfantsKayak Pour 1 ou 2 personnesPaddle Pour 1 personneP\u00e9dalo Pour 2 ou 5 personnes\u00c0 la recherche d\u2019une exp\u00e9rience inoubliable sur l\u2019eau ? Ne cherchez plus ! Nous vous proposons la location de nos embarcations. Que vous soyez novice ou expert, nos [&hellip;]<\/p>\n","protected":false},"author":1,"featured_media":0,"parent":0,"menu_order":0,"comment_status":"closed","ping_status":"closed","template":"","meta":{"_et_pb_use_builder":"on","_et_pb_old_content":"<!-- wp:divi\/placeholder \/-->","_et_gb_content_width":"","_analytify_skip_tracking":false,"footnotes":""},"class_list":["post-46","page","type-page","status-publish","hentry"],"yoast_head":"<!-- This site is optimized with the Yoast SEO plugin v27.2 - https:\/\/yoast.com\/product\/yoast-seo-wordpress\/ -->\n<title>EMBARCATIONS - LES CANOES DU MARAIS<\/title>\n<meta name=\"description\" content=\"D\u00e9couvrez nos cano\u00ebs, kayaks, paddles et p\u00e9dalos ! Choisissez votre embarcation et r\u00e9servez en ligne pour une balade inoubliable sur le marais.\" \/>\n<meta name=\"robots\" content=\"index, follow, max-snippet:-1, max-image-preview:large, max-video-preview:-1\" \/>\n<link rel=\"canonical\" href=\"https:\/\/www.les-canoes-du-marais.com\/fr\/embarcations\/\" \/>\n<meta property=\"og:locale\" content=\"fr_FR\" \/>\n<meta property=\"og:type\" content=\"article\" \/>\n<meta property=\"og:title\" content=\"EMBARCATIONS - LES CANOES DU MARAIS\" \/>\n<meta property=\"og:description\" content=\"D\u00e9couvrez nos cano\u00ebs, kayaks, paddles et p\u00e9dalos ! Choisissez votre embarcation et r\u00e9servez en ligne pour une balade inoubliable sur le marais.\" \/>\n<meta property=\"og:url\" content=\"https:\/\/www.les-canoes-du-marais.com\/fr\/embarcations\/\" \/>\n<meta property=\"og:site_name\" content=\"LES CANOES DU MARAIS\" \/>\n<meta property=\"article:publisher\" content=\"https:\/\/www.facebook.com\/CanoesduMarais\/\" \/>\n<meta property=\"article:modified_time\" content=\"2026-02-10T15:22:53+00:00\" \/>\n<meta property=\"og:image\" content=\"https:\/\/www.les-canoes-du-marais.com\/wp-content\/uploads\/2026\/02\/LOGO-LES-CANOE-DU-MARAIS.png\" \/>\n\t<meta property=\"og:image:width\" content=\"974\" \/>\n\t<meta property=\"og:image:height\" content=\"505\" \/>\n\t<meta property=\"og:image:type\" content=\"image\/png\" \/>\n<meta name=\"twitter:card\" content=\"summary_large_image\" \/>\n<meta name=\"twitter:label1\" content=\"Dur\u00e9e de lecture estim\u00e9e\" \/>\n\t<meta name=\"twitter:data1\" content=\"5 minutes\" \/>\n<script type=\"application\/ld+json\" class=\"yoast-schema-graph\">{\"@context\":\"https:\/\/schema.org\",\"@graph\":[{\"@type\":\"WebPage\",\"@id\":\"https:\/\/www.les-canoes-du-marais.com\/fr\/embarcations\/\",\"url\":\"https:\/\/www.les-canoes-du-marais.com\/fr\/embarcations\/\",\"name\":\"EMBARCATIONS - LES CANOES DU MARAIS\",\"isPartOf\":{\"@id\":\"https:\/\/www.les-canoes-du-marais.com\/fr\/#website\"},\"datePublished\":\"2024-05-31T13:53:44+00:00\",\"dateModified\":\"2026-02-10T15:22:53+00:00\",\"description\":\"D\u00e9couvrez nos cano\u00ebs, kayaks, paddles et p\u00e9dalos ! Choisissez votre embarcation et r\u00e9servez en ligne pour une balade inoubliable sur le marais.\",\"breadcrumb\":{\"@id\":\"https:\/\/www.les-canoes-du-marais.com\/fr\/embarcations\/#breadcrumb\"},\"inLanguage\":\"fr-FR\",\"potentialAction\":[{\"@type\":\"ReadAction\",\"target\":[\"https:\/\/www.les-canoes-du-marais.com\/fr\/embarcations\/\"]}]},{\"@type\":\"BreadcrumbList\",\"@id\":\"https:\/\/www.les-canoes-du-marais.com\/fr\/embarcations\/#breadcrumb\",\"itemListElement\":[{\"@type\":\"ListItem\",\"position\":1,\"name\":\"Accueil\",\"item\":\"https:\/\/www.les-canoes-du-marais.com\/fr\/\"},{\"@type\":\"ListItem\",\"position\":2,\"name\":\"EMBARCATIONS\"}]},{\"@type\":\"WebSite\",\"@id\":\"https:\/\/www.les-canoes-du-marais.com\/fr\/#website\",\"url\":\"https:\/\/www.les-canoes-du-marais.com\/fr\/\",\"name\":\"LES CANOES DU MARAIS\",\"description\":\"PLONGEZ AU COEUR DE LA NATURE ENTRE TERRE ET MER\",\"publisher\":{\"@id\":\"https:\/\/www.les-canoes-du-marais.com\/fr\/#organization\"},\"potentialAction\":[{\"@type\":\"SearchAction\",\"target\":{\"@type\":\"EntryPoint\",\"urlTemplate\":\"https:\/\/www.les-canoes-du-marais.com\/fr\/?s={search_term_string}\"},\"query-input\":{\"@type\":\"PropertyValueSpecification\",\"valueRequired\":true,\"valueName\":\"search_term_string\"}}],\"inLanguage\":\"fr-FR\"},{\"@type\":\"Organization\",\"@id\":\"https:\/\/www.les-canoes-du-marais.com\/fr\/#organization\",\"name\":\"LES CANOES DU MARAIS\",\"url\":\"https:\/\/www.les-canoes-du-marais.com\/fr\/\",\"logo\":{\"@type\":\"ImageObject\",\"inLanguage\":\"fr-FR\",\"@id\":\"https:\/\/www.les-canoes-du-marais.com\/fr\/#\/schema\/logo\/image\/\",\"url\":\"\",\"contentUrl\":\"\",\"caption\":\"LES CANOES DU MARAIS\"},\"image\":{\"@id\":\"https:\/\/www.les-canoes-du-marais.com\/fr\/#\/schema\/logo\/image\/\"},\"sameAs\":[\"https:\/\/www.facebook.com\/CanoesduMarais\/\",\"https:\/\/www.instagram.com\/lescanoesdumarais\/?hl=fr\"]}]}<\/script>\n<!-- \/ Yoast SEO plugin. -->","yoast_head_json":{"title":"EMBARCATIONS - LES CANOES DU MARAIS","description":"D\u00e9couvrez nos cano\u00ebs, kayaks, paddles et p\u00e9dalos ! Choisissez votre embarcation et r\u00e9servez en ligne pour une balade inoubliable sur le marais.","robots":{"index":"index","follow":"follow","max-snippet":"max-snippet:-1","max-image-preview":"max-image-preview:large","max-video-preview":"max-video-preview:-1"},"canonical":"https:\/\/www.les-canoes-du-marais.com\/fr\/embarcations\/","og_locale":"fr_FR","og_type":"article","og_title":"EMBARCATIONS - LES CANOES DU MARAIS","og_description":"D\u00e9couvrez nos cano\u00ebs, kayaks, paddles et p\u00e9dalos ! Choisissez votre embarcation et r\u00e9servez en ligne pour une balade inoubliable sur le marais.","og_url":"https:\/\/www.les-canoes-du-marais.com\/fr\/embarcations\/","og_site_name":"LES CANOES DU MARAIS","article_publisher":"https:\/\/www.facebook.com\/CanoesduMarais\/","article_modified_time":"2026-02-10T15:22:53+00:00","og_image":[{"width":974,"height":505,"url":"https:\/\/www.les-canoes-du-marais.com\/wp-content\/uploads\/2026\/02\/LOGO-LES-CANOE-DU-MARAIS.png","type":"image\/png"}],"twitter_card":"summary_large_image","twitter_misc":{"Dur\u00e9e de lecture estim\u00e9e":"5 minutes"},"schema":{"@context":"https:\/\/schema.org","@graph":[{"@type":"WebPage","@id":"https:\/\/www.les-canoes-du-marais.com\/fr\/embarcations\/","url":"https:\/\/www.les-canoes-du-marais.com\/fr\/embarcations\/","name":"EMBARCATIONS - LES CANOES DU MARAIS","isPartOf":{"@id":"https:\/\/www.les-canoes-du-marais.com\/fr\/#website"},"datePublished":"2024-05-31T13:53:44+00:00","dateModified":"2026-02-10T15:22:53+00:00","description":"D\u00e9couvrez nos cano\u00ebs, kayaks, paddles et p\u00e9dalos ! Choisissez votre embarcation et r\u00e9servez en ligne pour une balade inoubliable sur le marais.","breadcrumb":{"@id":"https:\/\/www.les-canoes-du-marais.com\/fr\/embarcations\/#breadcrumb"},"inLanguage":"fr-FR","potentialAction":[{"@type":"ReadAction","target":["https:\/\/www.les-canoes-du-marais.com\/fr\/embarcations\/"]}]},{"@type":"BreadcrumbList","@id":"https:\/\/www.les-canoes-du-marais.com\/fr\/embarcations\/#breadcrumb","itemListElement":[{"@type":"ListItem","position":1,"name":"Accueil","item":"https:\/\/www.les-canoes-du-marais.com\/fr\/"},{"@type":"ListItem","position":2,"name":"EMBARCATIONS"}]},{"@type":"WebSite","@id":"https:\/\/www.les-canoes-du-marais.com\/fr\/#website","url":"https:\/\/www.les-canoes-du-marais.com\/fr\/","name":"LES CANOES DU MARAIS","description":"PLONGEZ AU COEUR DE LA NATURE ENTRE TERRE ET MER","publisher":{"@id":"https:\/\/www.les-canoes-du-marais.com\/fr\/#organization"},"potentialAction":[{"@type":"SearchAction","target":{"@type":"EntryPoint","urlTemplate":"https:\/\/www.les-canoes-du-marais.com\/fr\/?s={search_term_string}"},"query-input":{"@type":"PropertyValueSpecification","valueRequired":true,"valueName":"search_term_string"}}],"inLanguage":"fr-FR"},{"@type":"Organization","@id":"https:\/\/www.les-canoes-du-marais.com\/fr\/#organization","name":"LES CANOES DU MARAIS","url":"https:\/\/www.les-canoes-du-marais.com\/fr\/","logo":{"@type":"ImageObject","inLanguage":"fr-FR","@id":"https:\/\/www.les-canoes-du-marais.com\/fr\/#\/schema\/logo\/image\/","url":"","contentUrl":"","caption":"LES CANOES DU MARAIS"},"image":{"@id":"https:\/\/www.les-canoes-du-marais.com\/fr\/#\/schema\/logo\/image\/"},"sameAs":["https:\/\/www.facebook.com\/CanoesduMarais\/","https:\/\/www.instagram.com\/lescanoesdumarais\/?hl=fr"]}]}},"_links":{"self":[{"href":"https:\/\/www.les-canoes-du-marais.com\/fr\/wp-json\/wp\/v2\/pages\/46","targetHints":{"allow":["GET"]}}],"collection":[{"href":"https:\/\/www.les-canoes-du-marais.com\/fr\/wp-json\/wp\/v2\/pages"}],"about":[{"href":"https:\/\/www.les-canoes-du-marais.com\/fr\/wp-json\/wp\/v2\/types\/page"}],"author":[{"embeddable":true,"href":"https:\/\/www.les-canoes-du-marais.com\/fr\/wp-json\/wp\/v2\/users\/1"}],"replies":[{"embeddable":true,"href":"https:\/\/www.les-canoes-du-marais.com\/fr\/wp-json\/wp\/v2\/comments?post=46"}],"version-history":[{"count":61,"href":"https:\/\/www.les-canoes-du-marais.com\/fr\/wp-json\/wp\/v2\/pages\/46\/revisions"}],"predecessor-version":[{"id":2182,"href":"https:\/\/www.les-canoes-du-marais.com\/fr\/wp-json\/wp\/v2\/pages\/46\/revisions\/2182"}],"wp:attachment":[{"href":"https:\/\/www.les-canoes-du-marais.com\/fr\/wp-json\/wp\/v2\/media?parent=46"}],"curies":[{"name":"wp","href":"https:\/\/api.w.org\/{rel}","templated":true}]}}